{"id":18276,"date":"2018-10-09T16:40:05","date_gmt":"2018-10-09T14:40:05","guid":{"rendered":"https:\/\/www.ingartek.com\/mugikortasuneko-eta-garraioko-proiektuak\/"},"modified":"2019-06-27T14:11:44","modified_gmt":"2019-06-27T12:11:44","slug":"mugikortasuneko-eta-garraioko-proiektuak","status":"publish","type":"page","link":"https:\/\/www.ingartek.com\/eu\/mugikortasuneko-eta-garraioko-proiektuak\/","title":{"rendered":"Mugikortasuneko eta garraioko proiektuak"},"content":{"rendered":"<div class=\"wpb-content-wrapper\"><p>[vc_row css_animation=&#8221;&#8221; row_type=&#8221;row&#8221; use_row_as_full_screen_section=&#8221;no&#8221; type=&#8221;full_width&#8221; angled_section=&#8221;no&#8221; text_align=&#8221;left&#8221; background_image_as_pattern=&#8221;without_pattern&#8221; el_class=&#8221;proyectos&#8221; z_index=&#8221;&#8221; css=&#8221;.vc_custom_1559637537248{padding-right: 20px !important;padding-left: 20px !important;}&#8221;][vc_column][vc_empty_space]<div class='projects_holder_outer v4 portfolio_with_space portfolio_standard'>\n    \n    <div class='filter_outer'>\n        <div class='filter_holder'>\n            <ul>\n                                    <li class='filter' data-filter='all'>                        <span >Guztiak<\/span>\n                    <\/li>\n                \n                                                <li class='filter' data-filter='portfolio_category_252'>\n                                                        <span >Garraio-zerbitzuen ikuskapenak<\/span>\n                                    <\/li>\n                                                <li class='filter' data-filter='portfolio_category_251'>\n                                                        <span >Hiri-plangintza<\/span>\n                                    <\/li>\n                                                <li class='filter' data-filter='portfolio_category_253'>\n                                                        <span >Laguntza teknikoa eta garapen teknologikoa<\/span>\n                                    <\/li>\n                                                <li class='filter' data-filter='portfolio_category_255'>\n                                                        <span >Mugikortasun eta trafiko azterketak<\/span>\n                                    <\/li>\n                                                <li class='filter' data-filter='portfolio_category_254'>\n                                                        <span >Mugikortasuneko eta garraioko plan estrategikoak<\/span>\n                                    <\/li>\n                                                <li class='filter' data-filter='portfolio_category_2015'>\n                                                        <span >Planificaci\u00f3n de movilidad para grandes eventos<\/span>\n                                    <\/li>\n            \n            <\/ul>\n        <\/div>\n    <\/div>\n\n    <div class='projects_holder portfolio_main_holder clearfix v4 standard portfolio_full_image portfolio_one_by_one'>\n        \n        <article class='mix portfolio_category_252 default' style=''>\n    \n    \n    \n    \n            <div class=\"item_holder thin_plus_only\">\n\n                    <div class=\"text_holder\">\n        <div class=\"text_holder_outer\">\n            <div class=\"text_holder_inner\">\n                            <span class=\"thin_plus_only_icon\">+<\/span>\n                        <\/div>\n        <\/div>\n    <\/div>\n\n                                    <a itemprop=\"url\" class=\"portfolio_link_class\" title=\"SAE delakoaren datuen ikuskaritza\" href=\"https:\/\/www.ingartek.com\/eu\/proyecto\/auditoria-de-los-datos-del-sae\/\"><\/a>\n                \n                <div style=\"\" class=\"portfolio_shader\"><\/div>\n                <div class=\"image_holder\">\n                    \n<span class='image'><img loading=\"lazy\" decoding=\"async\" width=\"600\" height=\"400\" src=\"https:\/\/www.ingartek.com\/wp-content\/uploads\/2019\/02\/proyecto-auditoria-datos-SAES.jpg\" class=\"attachment-full size-full wp-post-image\" alt=\"Auditor\u00eda de los datos del SAE\" srcset=\"https:\/\/www.ingartek.com\/wp-content\/uploads\/2019\/02\/proyecto-auditoria-datos-SAES.jpg 600w, https:\/\/www.ingartek.com\/wp-content\/uploads\/2019\/02\/proyecto-auditoria-datos-SAES-300x200.jpg 300w\" sizes=\"auto, (max-width: 600px) 100vw, 600px\" title=\"\"><\/span>                <\/div>\n            <\/div>\n\n                <div class='portfolio_description ' >\n\n        \n    <h2 itemprop=\"name\" class=\"portfolio_title entry_title\"><a itemprop=\"url\" href=\"https:\/\/www.ingartek.com\/eu\/proyecto\/auditoria-de-los-datos-del-sae\/\" style=\"font-size: 16px\" target=\"_self\"> SAE delakoaren datuen ikuskaritza<\/a><\/h2>\n\n\n        \n        \n    <\/div>\n\n        \n<\/article>\n<article class='mix portfolio_category_253 default' style=''>\n    \n    \n    \n    \n            <div class=\"item_holder thin_plus_only\">\n\n                    <div class=\"text_holder\">\n        <div class=\"text_holder_outer\">\n            <div class=\"text_holder_inner\">\n                            <span class=\"thin_plus_only_icon\">+<\/span>\n                        <\/div>\n        <\/div>\n    <\/div>\n\n                                    <a itemprop=\"url\" class=\"portfolio_link_class\" title=\"Zendesk Bizkaiko garraio publikoko sistemaren HAB integraletan kudeaketa integraturako\" href=\"https:\/\/www.ingartek.com\/eu\/proyecto\/zendesk-para-la-gestion-integrada-en-las-oacs-integrales-del-sistema-de-transporte-publico-de-bizkaia\/\"><\/a>\n                \n                <div style=\"\" class=\"portfolio_shader\"><\/div>\n                <div class=\"image_holder\">\n                    \n<span class='image'><img loading=\"lazy\" decoding=\"async\" width=\"400\" height=\"267\" src=\"https:\/\/www.ingartek.com\/wp-content\/uploads\/2019\/02\/Zendesk-para-gestion-integrada-OACs.jpg\" class=\"attachment-full size-full wp-post-image\" alt=\"Zendesk para la gestio\u0301n integrada en las OAC&#039;s\" srcset=\"https:\/\/www.ingartek.com\/wp-content\/uploads\/2019\/02\/Zendesk-para-gestion-integrada-OACs.jpg 400w, https:\/\/www.ingartek.com\/wp-content\/uploads\/2019\/02\/Zendesk-para-gestion-integrada-OACs-300x200.jpg 300w\" sizes=\"auto, (max-width: 400px) 100vw, 400px\" title=\"\"><\/span>                <\/div>\n            <\/div>\n\n                <div class='portfolio_description ' >\n\n        \n    <h2 itemprop=\"name\" class=\"portfolio_title entry_title\"><a itemprop=\"url\" href=\"https:\/\/www.ingartek.com\/eu\/proyecto\/zendesk-para-la-gestion-integrada-en-las-oacs-integrales-del-sistema-de-transporte-publico-de-bizkaia\/\" style=\"font-size: 16px\" target=\"_self\"> Zendesk Bizkaiko garraio publikoko sistemaren HAB integraletan kudeaketa integraturako<\/a><\/h2>\n\n\n        \n        \n    <\/div>\n\n        \n<\/article>\n<article class='mix portfolio_category_253 default' style=''>\n    \n    \n    \n    \n            <div class=\"item_holder thin_plus_only\">\n\n                    <div class=\"text_holder\">\n        <div class=\"text_holder_outer\">\n            <div class=\"text_holder_inner\">\n                            <span class=\"thin_plus_only_icon\">+<\/span>\n                        <\/div>\n        <\/div>\n    <\/div>\n\n                                    <a itemprop=\"url\" class=\"portfolio_link_class\" title=\"Lurraldebusen GTFSuitearen mantentze-lanak\" href=\"https:\/\/www.ingartek.com\/eu\/proyecto\/mantenimiento-gtfsuite-de-lurraldebus\/\"><\/a>\n                \n                <div style=\"\" class=\"portfolio_shader\"><\/div>\n                <div class=\"image_holder\">\n                    \n<span class='image'><img loading=\"lazy\" decoding=\"async\" width=\"500\" height=\"334\" src=\"https:\/\/www.ingartek.com\/wp-content\/uploads\/2019\/02\/Mantenimiento-GTFSuite-de-Lurraldebus.jpg\" class=\"attachment-full size-full wp-post-image\" alt=\"Mantenimiento GTFSuite de Lurraldebus\" srcset=\"https:\/\/www.ingartek.com\/wp-content\/uploads\/2019\/02\/Mantenimiento-GTFSuite-de-Lurraldebus.jpg 500w, https:\/\/www.ingartek.com\/wp-content\/uploads\/2019\/02\/Mantenimiento-GTFSuite-de-Lurraldebus-300x200.jpg 300w\" sizes=\"auto, (max-width: 500px) 100vw, 500px\" title=\"\"><\/span>                <\/div>\n            <\/div>\n\n                <div class='portfolio_description ' >\n\n        \n    <h2 itemprop=\"name\" class=\"portfolio_title entry_title\"><a itemprop=\"url\" href=\"https:\/\/www.ingartek.com\/eu\/proyecto\/mantenimiento-gtfsuite-de-lurraldebus\/\" style=\"font-size: 16px\" target=\"_self\"> Lurraldebusen GTFSuitearen mantentze-lanak<\/a><\/h2>\n\n\n        \n        \n    <\/div>\n\n        \n<\/article>\n<article class='mix portfolio_category_255 default' style=''>\n    \n    \n    \n    \n            <div class=\"item_holder thin_plus_only\">\n\n                    <div class=\"text_holder\">\n        <div class=\"text_holder_outer\">\n            <div class=\"text_holder_inner\">\n                            <span class=\"thin_plus_only_icon\">+<\/span>\n                        <\/div>\n        <\/div>\n    <\/div>\n\n                                    <a itemprop=\"url\" class=\"portfolio_link_class\" title=\"Jatorri-helmuga matrizeen definizioa Gasteizko autobusetan\" href=\"https:\/\/www.ingartek.com\/eu\/proyecto\/definicion-de-matrices-origen-destino-en-autobuses-de-vitoria\/\"><\/a>\n                \n                <div style=\"\" class=\"portfolio_shader\"><\/div>\n                <div class=\"image_holder\">\n                    \n<span class='image'><img loading=\"lazy\" decoding=\"async\" width=\"400\" height=\"266\" src=\"https:\/\/www.ingartek.com\/wp-content\/uploads\/2019\/02\/definicion-de-matrices-origen-destino-en-autobuses-de-vitoria.jpg\" class=\"attachment-full size-full wp-post-image\" alt=\"Definici\u00f3n de matrices origen-destino en autobuses de Vitoria\" srcset=\"https:\/\/www.ingartek.com\/wp-content\/uploads\/2019\/02\/definicion-de-matrices-origen-destino-en-autobuses-de-vitoria.jpg 400w, https:\/\/www.ingartek.com\/wp-content\/uploads\/2019\/02\/definicion-de-matrices-origen-destino-en-autobuses-de-vitoria-300x200.jpg 300w\" sizes=\"auto, (max-width: 400px) 100vw, 400px\" title=\"\"><\/span>                <\/div>\n            <\/div>\n\n                <div class='portfolio_description ' >\n\n        \n    <h2 itemprop=\"name\" class=\"portfolio_title entry_title\"><a itemprop=\"url\" href=\"https:\/\/www.ingartek.com\/eu\/proyecto\/definicion-de-matrices-origen-destino-en-autobuses-de-vitoria\/\" style=\"font-size: 16px\" target=\"_self\"> Jatorri-helmuga matrizeen definizioa Gasteizko autobusetan<\/a><\/h2>\n\n\n        \n        \n    <\/div>\n\n        \n<\/article>\n<article class='mix portfolio_category_2015 default' style=''>\n    \n    \n    \n    \n            <div class=\"item_holder thin_plus_only\">\n\n                    <div class=\"text_holder\">\n        <div class=\"text_holder_outer\">\n            <div class=\"text_holder_inner\">\n                            <span class=\"thin_plus_only_icon\">+<\/span>\n                        <\/div>\n        <\/div>\n    <\/div>\n\n                                    <a itemprop=\"url\" class=\"portfolio_link_class\" title=\"UEFA Europa Leagueko finala 2025\" href=\"https:\/\/www.ingartek.com\/eu\/proyecto\/uefa-europa-leagueko-finala-2025\/\"><\/a>\n                \n                <div style=\"\" class=\"portfolio_shader\"><\/div>\n                <div class=\"image_holder\">\n                    \n<span class='image'><img loading=\"lazy\" decoding=\"async\" width=\"800\" height=\"536\" src=\"https:\/\/www.ingartek.com\/wp-content\/uploads\/2025\/07\/ingartek-Final_2teamsv2-01.jpg\" class=\"attachment-full size-full wp-post-image\" alt=\"Final de la UEFA Europa League 2025\" srcset=\"https:\/\/www.ingartek.com\/wp-content\/uploads\/2025\/07\/ingartek-Final_2teamsv2-01.jpg 800w, https:\/\/www.ingartek.com\/wp-content\/uploads\/2025\/07\/ingartek-Final_2teamsv2-01-300x201.jpg 300w, https:\/\/www.ingartek.com\/wp-content\/uploads\/2025\/07\/ingartek-Final_2teamsv2-01-768x515.jpg 768w, https:\/\/www.ingartek.com\/wp-content\/uploads\/2025\/07\/ingartek-Final_2teamsv2-01-700x469.jpg 700w\" sizes=\"auto, (max-width: 800px) 100vw, 800px\" title=\"\"><\/span>                <\/div>\n            <\/div>\n\n                <div class='portfolio_description ' >\n\n        \n    <h2 itemprop=\"name\" class=\"portfolio_title entry_title\"><a itemprop=\"url\" href=\"https:\/\/www.ingartek.com\/eu\/proyecto\/uefa-europa-leagueko-finala-2025\/\" style=\"font-size: 16px\" target=\"_self\"> UEFA Europa Leagueko finala 2025<\/a><\/h2>\n\n\n        \n        \n    <\/div>\n\n        \n<\/article>\n<article class='mix portfolio_category_253 default' style=''>\n    \n    \n    \n    \n            <div class=\"item_holder thin_plus_only\">\n\n                    <div class=\"text_holder\">\n        <div class=\"text_holder_outer\">\n            <div class=\"text_holder_inner\">\n                            <span class=\"thin_plus_only_icon\">+<\/span>\n                        <\/div>\n        <\/div>\n    <\/div>\n\n                                    <a itemprop=\"url\" class=\"portfolio_link_class\" title=\"Bizkaiko aldundiaren garraioari laguntza teknologikoa\" href=\"https:\/\/www.ingartek.com\/eu\/proyecto\/asistencia-tecnologica-al-departamento-de-transportes-de-la-diputacion-de-bizkaia\/\"><\/a>\n                \n                <div style=\"\" class=\"portfolio_shader\"><\/div>\n                <div class=\"image_holder\">\n                    \n<span class='image'><img loading=\"lazy\" decoding=\"async\" width=\"400\" height=\"267\" src=\"https:\/\/www.ingartek.com\/wp-content\/uploads\/2019\/02\/asistencia-tecnologica-al-departamento-de-transportes-de-la-diputacion-de-bizkaia.jpg\" class=\"attachment-full size-full wp-post-image\" alt=\"Asistencia tecnol\u00f3gica al departamento de transportes de la diputaci\u00f3n de Bizkaia\" srcset=\"https:\/\/www.ingartek.com\/wp-content\/uploads\/2019\/02\/asistencia-tecnologica-al-departamento-de-transportes-de-la-diputacion-de-bizkaia.jpg 400w, https:\/\/www.ingartek.com\/wp-content\/uploads\/2019\/02\/asistencia-tecnologica-al-departamento-de-transportes-de-la-diputacion-de-bizkaia-300x200.jpg 300w\" sizes=\"auto, (max-width: 400px) 100vw, 400px\" title=\"\"><\/span>                <\/div>\n            <\/div>\n\n                <div class='portfolio_description ' >\n\n        \n    <h2 itemprop=\"name\" class=\"portfolio_title entry_title\"><a itemprop=\"url\" href=\"https:\/\/www.ingartek.com\/eu\/proyecto\/asistencia-tecnologica-al-departamento-de-transportes-de-la-diputacion-de-bizkaia\/\" style=\"font-size: 16px\" target=\"_self\"> Bizkaiko aldundiaren garraioari laguntza teknologikoa<\/a><\/h2>\n\n\n        \n        \n    <\/div>\n\n        \n<\/article>\n<article class='mix portfolio_category_255 default' style=''>\n    \n    \n    \n    \n            <div class=\"item_holder thin_plus_only\">\n\n                    <div class=\"text_holder\">\n        <div class=\"text_holder_outer\">\n            <div class=\"text_holder_inner\">\n                            <span class=\"thin_plus_only_icon\">+<\/span>\n                        <\/div>\n        <\/div>\n    <\/div>\n\n                                    <a itemprop=\"url\" class=\"portfolio_link_class\" title=\"AP-1 errepidearen eskaera aztertzea\" href=\"https:\/\/www.ingartek.com\/eu\/proyecto\/ap-1-errepidearen-eskaera-aztertzea\/\"><\/a>\n                \n                <div style=\"\" class=\"portfolio_shader\"><\/div>\n                <div class=\"image_holder\">\n                    \n<span class='image'><img loading=\"lazy\" decoding=\"async\" width=\"500\" height=\"333\" src=\"https:\/\/www.ingartek.com\/wp-content\/uploads\/2018\/06\/estudio-de-demanda-de-la-ap-1.jpg\" class=\"attachment-full size-full wp-post-image\" alt=\"Estudio de demanda de la AP-1\" srcset=\"https:\/\/www.ingartek.com\/wp-content\/uploads\/2018\/06\/estudio-de-demanda-de-la-ap-1.jpg 500w, https:\/\/www.ingartek.com\/wp-content\/uploads\/2018\/06\/estudio-de-demanda-de-la-ap-1-300x200.jpg 300w\" sizes=\"auto, (max-width: 500px) 100vw, 500px\" title=\"\"><\/span>                <\/div>\n            <\/div>\n\n                <div class='portfolio_description ' >\n\n        \n    <h2 itemprop=\"name\" class=\"portfolio_title entry_title\"><a itemprop=\"url\" href=\"https:\/\/www.ingartek.com\/eu\/proyecto\/ap-1-errepidearen-eskaera-aztertzea\/\" style=\"font-size: 16px\" target=\"_self\"> AP-1 errepidearen eskaera aztertzea<\/a><\/h2>\n\n\n        \n        \n    <\/div>\n\n        \n<\/article>\n<article class='mix portfolio_category_255 default' style=''>\n    \n    \n    \n    \n            <div class=\"item_holder thin_plus_only\">\n\n                    <div class=\"text_holder\">\n        <div class=\"text_holder_outer\">\n            <div class=\"text_holder_inner\">\n                            <span class=\"thin_plus_only_icon\">+<\/span>\n                        <\/div>\n        <\/div>\n    <\/div>\n\n                                    <a itemprop=\"url\" class=\"portfolio_link_class\" title=\"Legution N-240 errepideko trafiko astunaren azterketa proiektua\" href=\"https:\/\/www.ingartek.com\/eu\/proyecto\/proyecto-de-analisis-del-trafico-pesado-en-la-n-240-en-legutio\/\"><\/a>\n                \n                <div style=\"\" class=\"portfolio_shader\"><\/div>\n                <div class=\"image_holder\">\n                    \n<span class='image'><img loading=\"lazy\" decoding=\"async\" width=\"300\" height=\"200\" src=\"https:\/\/www.ingartek.com\/wp-content\/uploads\/2018\/10\/proyecto-de-analisis-del-trafico-pesado-en-la-n-240-en-legutio.jpg\" class=\"attachment-full size-full wp-post-image\" alt=\"Proyecto de an\u00e1lisis del tr\u00e1fico pesado en la N-240 en Legutio\" title=\"\"><\/span>                <\/div>\n            <\/div>\n\n                <div class='portfolio_description ' >\n\n        \n    <h2 itemprop=\"name\" class=\"portfolio_title entry_title\"><a itemprop=\"url\" href=\"https:\/\/www.ingartek.com\/eu\/proyecto\/proyecto-de-analisis-del-trafico-pesado-en-la-n-240-en-legutio\/\" style=\"font-size: 16px\" target=\"_self\"> Legution N-240 errepideko trafiko astunaren azterketa proiektua<\/a><\/h2>\n\n\n        \n        \n    <\/div>\n\n        \n<\/article>\n<article class='mix portfolio_category_253 default' style=''>\n    \n    \n    \n    \n            <div class=\"item_holder thin_plus_only\">\n\n                    <div class=\"text_holder\">\n        <div class=\"text_holder_outer\">\n            <div class=\"text_holder_inner\">\n                            <span class=\"thin_plus_only_icon\">+<\/span>\n                        <\/div>\n        <\/div>\n    <\/div>\n\n                                    <a itemprop=\"url\" class=\"portfolio_link_class\" title=\"Zendesk-ak jarri dira Lurraldebusen operadoreetan\" href=\"https:\/\/www.ingartek.com\/eu\/proyecto\/implantacion-de-zendesk-en-los-operadores-de-lurraldebus\/\"><\/a>\n                \n                <div style=\"\" class=\"portfolio_shader\"><\/div>\n                <div class=\"image_holder\">\n                    \n<span class='image'><img loading=\"lazy\" decoding=\"async\" width=\"600\" height=\"400\" src=\"https:\/\/www.ingartek.com\/wp-content\/uploads\/2018\/10\/implantacion-de-zendesk-en-los-operadores-de-lurraldebus.jpg\" class=\"attachment-full size-full wp-post-image\" alt=\"Implantaci\u00f3n de Zendesk en los operadores de Lurraldebus\" srcset=\"https:\/\/www.ingartek.com\/wp-content\/uploads\/2018\/10\/implantacion-de-zendesk-en-los-operadores-de-lurraldebus.jpg 600w, https:\/\/www.ingartek.com\/wp-content\/uploads\/2018\/10\/implantacion-de-zendesk-en-los-operadores-de-lurraldebus-300x200.jpg 300w\" sizes=\"auto, (max-width: 600px) 100vw, 600px\" title=\"\"><\/span>                <\/div>\n            <\/div>\n\n                <div class='portfolio_description ' >\n\n        \n    <h2 itemprop=\"name\" class=\"portfolio_title entry_title\"><a itemprop=\"url\" href=\"https:\/\/www.ingartek.com\/eu\/proyecto\/implantacion-de-zendesk-en-los-operadores-de-lurraldebus\/\" style=\"font-size: 16px\" target=\"_self\"> Zendesk-ak jarri dira Lurraldebusen operadoreetan<\/a><\/h2>\n\n\n        \n        \n    <\/div>\n\n        \n<\/article>\n<article class='mix portfolio_category_254 large_width' style=''>\n    \n    \n    \n    \n            <div class=\"item_holder thin_plus_only\">\n\n                    <div class=\"text_holder\">\n        <div class=\"text_holder_outer\">\n            <div class=\"text_holder_inner\">\n                            <span class=\"thin_plus_only_icon\">+<\/span>\n                        <\/div>\n        <\/div>\n    <\/div>\n\n                                    <a itemprop=\"url\" class=\"portfolio_link_class\" title=\"Bizkaibus sarearen plangintza\" href=\"https:\/\/www.ingartek.com\/eu\/proyecto\/bizkaibus-sarearen-plangintza\/\"><\/a>\n                \n                <div style=\"\" class=\"portfolio_shader\"><\/div>\n                <div class=\"image_holder\">\n                    \n<span class='image'><img loading=\"lazy\" decoding=\"async\" width=\"400\" height=\"266\" src=\"https:\/\/www.ingartek.com\/wp-content\/uploads\/2013\/10\/planificacion-de-la-red-de-bizkaibus.jpg\" class=\"attachment-full size-full wp-post-image\" alt=\"Planificaci\u00f3n de la red de Bizkaibus\" srcset=\"https:\/\/www.ingartek.com\/wp-content\/uploads\/2013\/10\/planificacion-de-la-red-de-bizkaibus.jpg 400w, https:\/\/www.ingartek.com\/wp-content\/uploads\/2013\/10\/planificacion-de-la-red-de-bizkaibus-300x200.jpg 300w\" sizes=\"auto, (max-width: 400px) 100vw, 400px\" title=\"\"><\/span>                <\/div>\n            <\/div>\n\n                <div class='portfolio_description ' >\n\n        \n    <h2 itemprop=\"name\" class=\"portfolio_title entry_title\"><a itemprop=\"url\" href=\"https:\/\/www.ingartek.com\/eu\/proyecto\/bizkaibus-sarearen-plangintza\/\" style=\"font-size: 16px\" target=\"_self\"> Bizkaibus sarearen plangintza<\/a><\/h2>\n\n\n        \n        \n    <\/div>\n\n        \n<\/article>\n<article class='mix portfolio_category_253 default' style=''>\n    \n    \n    \n    \n            <div class=\"item_holder thin_plus_only\">\n\n                    <div class=\"text_holder\">\n        <div class=\"text_holder_outer\">\n            <div class=\"text_holder_inner\">\n                            <span class=\"thin_plus_only_icon\">+<\/span>\n                        <\/div>\n        <\/div>\n    <\/div>\n\n                                    <a itemprop=\"url\" class=\"portfolio_link_class\" title=\"Bizkaibusentzat GTFSak egitea\" href=\"https:\/\/www.ingartek.com\/eu\/proyecto\/bizkaibusentzat-gtfsak-egitea\/\"><\/a>\n                \n                <div style=\"\" class=\"portfolio_shader\"><\/div>\n                <div class=\"image_holder\">\n                    \n<span class='image'><img loading=\"lazy\" decoding=\"async\" width=\"400\" height=\"267\" src=\"https:\/\/www.ingartek.com\/wp-content\/uploads\/2018\/06\/elaboracion-de-gtfs-para-bizkaibus.jpg\" class=\"attachment-full size-full wp-post-image\" alt=\"Elaboraci\u00f3n de GTFS para Bizkaibus\" srcset=\"https:\/\/www.ingartek.com\/wp-content\/uploads\/2018\/06\/elaboracion-de-gtfs-para-bizkaibus.jpg 400w, https:\/\/www.ingartek.com\/wp-content\/uploads\/2018\/06\/elaboracion-de-gtfs-para-bizkaibus-300x200.jpg 300w\" sizes=\"auto, (max-width: 400px) 100vw, 400px\" title=\"\"><\/span>                <\/div>\n            <\/div>\n\n                <div class='portfolio_description ' >\n\n        \n    <h2 itemprop=\"name\" class=\"portfolio_title entry_title\"><a itemprop=\"url\" href=\"https:\/\/www.ingartek.com\/eu\/proyecto\/bizkaibusentzat-gtfsak-egitea\/\" style=\"font-size: 16px\" target=\"_self\"> Bizkaibusentzat GTFSak egitea<\/a><\/h2>\n\n\n        \n        \n    <\/div>\n\n        \n<\/article>\n<article class='mix portfolio_category_252 default' style=''>\n    \n    \n    \n    \n            <div class=\"item_holder thin_plus_only\">\n\n                    <div class=\"text_holder\">\n        <div class=\"text_holder_outer\">\n            <div class=\"text_holder_inner\">\n                            <span class=\"thin_plus_only_icon\">+<\/span>\n                        <\/div>\n        <\/div>\n    <\/div>\n\n                                    <a itemprop=\"url\" class=\"portfolio_link_class\" title=\"Garraio publikoko zuzendaritzaren eta lotutako zerbitzuen aholkularitza\" href=\"https:\/\/www.ingartek.com\/eu\/proyecto\/garraio-publikoko-zuzendaritzaren-eta-lotutako-zerbitzuen-aholkularitza\/\"><\/a>\n                \n                <div style=\"\" class=\"portfolio_shader\"><\/div>\n                <div class=\"image_holder\">\n                    \n<span class='image'><img loading=\"lazy\" decoding=\"async\" width=\"350\" height=\"233\" src=\"https:\/\/www.ingartek.com\/wp-content\/uploads\/2018\/06\/consultoria-de-direccion-y-servicios-conexos-en-materia-de-transporte-publico.jpg\" class=\"attachment-full size-full wp-post-image\" alt=\"Consultor\u00eda de direcci\u00f3n y servicios conexos en materia de transporte p\u00fablico\" srcset=\"https:\/\/www.ingartek.com\/wp-content\/uploads\/2018\/06\/consultoria-de-direccion-y-servicios-conexos-en-materia-de-transporte-publico.jpg 350w, https:\/\/www.ingartek.com\/wp-content\/uploads\/2018\/06\/consultoria-de-direccion-y-servicios-conexos-en-materia-de-transporte-publico-300x200.jpg 300w\" sizes=\"auto, (max-width: 350px) 100vw, 350px\" title=\"\"><\/span>                <\/div>\n            <\/div>\n\n                <div class='portfolio_description ' >\n\n        \n    <h2 itemprop=\"name\" class=\"portfolio_title entry_title\"><a itemprop=\"url\" href=\"https:\/\/www.ingartek.com\/eu\/proyecto\/garraio-publikoko-zuzendaritzaren-eta-lotutako-zerbitzuen-aholkularitza\/\" style=\"font-size: 16px\" target=\"_self\"> Garraio publikoko zuzendaritzaren eta lotutako zerbitzuen aholkularitza<\/a><\/h2>\n\n\n        \n        \n    <\/div>\n\n        \n<\/article>\n<article class='mix default' style=''>\n    \n    \n    \n    \n            <div class=\"item_holder thin_plus_only\">\n\n                    <div class=\"text_holder\">\n        <div class=\"text_holder_outer\">\n            <div class=\"text_holder_inner\">\n                            <span class=\"thin_plus_only_icon\">+<\/span>\n                        <\/div>\n        <\/div>\n    <\/div>\n\n                                    <a itemprop=\"url\" class=\"portfolio_link_class\" title=\"Lasarte-Oriako Irisgarritasun Plana Gaurkotzea\" href=\"https:\/\/www.ingartek.com\/eu\/proyecto\/lasarte-oriako-irisgarritasun-plana-gaurkotzea\/\"><\/a>\n                \n                <div style=\"\" class=\"portfolio_shader\"><\/div>\n                <div class=\"image_holder\">\n                    \n<span class='image'><img loading=\"lazy\" decoding=\"async\" width=\"400\" height=\"266\" src=\"https:\/\/www.ingartek.com\/wp-content\/uploads\/2018\/06\/actualizacion-del-plan-de-accesibilidad-del-municipio-de-lasarte-oria.jpg\" class=\"attachment-full size-full wp-post-image\" alt=\"Actualizaci\u00f3n del Plan de Accesibilidad del municipio de Lasarte-Oria\" srcset=\"https:\/\/www.ingartek.com\/wp-content\/uploads\/2018\/06\/actualizacion-del-plan-de-accesibilidad-del-municipio-de-lasarte-oria.jpg 400w, https:\/\/www.ingartek.com\/wp-content\/uploads\/2018\/06\/actualizacion-del-plan-de-accesibilidad-del-municipio-de-lasarte-oria-300x200.jpg 300w\" sizes=\"auto, (max-width: 400px) 100vw, 400px\" title=\"\"><\/span>                <\/div>\n            <\/div>\n\n                <div class='portfolio_description ' >\n\n        \n    <h2 itemprop=\"name\" class=\"portfolio_title entry_title\"><a itemprop=\"url\" href=\"https:\/\/www.ingartek.com\/eu\/proyecto\/lasarte-oriako-irisgarritasun-plana-gaurkotzea\/\" style=\"font-size: 16px\" target=\"_self\"> Lasarte-Oriako Irisgarritasun Plana Gaurkotzea<\/a><\/h2>\n\n\n        \n        \n    <\/div>\n\n        \n<\/article>\n<article class='mix default' style=''>\n    \n    \n    \n    \n            <div class=\"item_holder thin_plus_only\">\n\n                    <div class=\"text_holder\">\n        <div class=\"text_holder_outer\">\n            <div class=\"text_holder_inner\">\n                            <span class=\"thin_plus_only_icon\">+<\/span>\n                        <\/div>\n        <\/div>\n    <\/div>\n\n                                    <a itemprop=\"url\" class=\"portfolio_link_class\" title=\"Eako udalerriko irisgarritasun eta mugikortasun plana\" href=\"https:\/\/www.ingartek.com\/eu\/proyecto\/plan-de-accesibilidad-y-movilidad-del-municipio-de-ea-lan-de-accesibilidad-y-movilidad-del-municipio-de-ea\/\"><\/a>\n                \n                <div style=\"\" class=\"portfolio_shader\"><\/div>\n                <div class=\"image_holder\">\n                    \n<span class='image'><img loading=\"lazy\" decoding=\"async\" width=\"400\" height=\"266\" src=\"https:\/\/www.ingartek.com\/wp-content\/uploads\/2019\/02\/plan-de-accesibilidad-y-movilidad-del-municipio-de-ea-lan-de-accesibilidad-y-movilidad-del-municipio-de-ea.jpg\" class=\"attachment-full size-full wp-post-image\" alt=\"Plan de accesibilidad y movilidad del municipio de Ea\" srcset=\"https:\/\/www.ingartek.com\/wp-content\/uploads\/2019\/02\/plan-de-accesibilidad-y-movilidad-del-municipio-de-ea-lan-de-accesibilidad-y-movilidad-del-municipio-de-ea.jpg 400w, https:\/\/www.ingartek.com\/wp-content\/uploads\/2019\/02\/plan-de-accesibilidad-y-movilidad-del-municipio-de-ea-lan-de-accesibilidad-y-movilidad-del-municipio-de-ea-300x200.jpg 300w\" sizes=\"auto, (max-width: 400px) 100vw, 400px\" title=\"\"><\/span>                <\/div>\n            <\/div>\n\n                <div class='portfolio_description ' >\n\n        \n    <h2 itemprop=\"name\" class=\"portfolio_title entry_title\"><a itemprop=\"url\" href=\"https:\/\/www.ingartek.com\/eu\/proyecto\/plan-de-accesibilidad-y-movilidad-del-municipio-de-ea-lan-de-accesibilidad-y-movilidad-del-municipio-de-ea\/\" style=\"font-size: 16px\" target=\"_self\"> Eako udalerriko irisgarritasun eta mugikortasun plana<\/a><\/h2>\n\n\n        \n        \n    <\/div>\n\n        \n<\/article>\n<article class='mix portfolio_category_254 default' style=''>\n    \n    \n    \n    \n            <div class=\"item_holder thin_plus_only\">\n\n                    <div class=\"text_holder\">\n        <div class=\"text_holder_outer\">\n            <div class=\"text_holder_inner\">\n                            <span class=\"thin_plus_only_icon\">+<\/span>\n                        <\/div>\n        <\/div>\n    <\/div>\n\n                                    <a itemprop=\"url\" class=\"portfolio_link_class\" title=\"EHUren mugikortasun jasangarriko eta seguruko planerako diagnosia\" href=\"https:\/\/www.ingartek.com\/eu\/proyecto\/diagnostico-para-el-plan-de-movilidad-sostenible-y-segura-de-la-upv-ehu\/\"><\/a>\n                \n                <div style=\"\" class=\"portfolio_shader\"><\/div>\n                <div class=\"image_holder\">\n                    \n<span class='image'><img loading=\"lazy\" decoding=\"async\" width=\"400\" height=\"267\" src=\"https:\/\/www.ingartek.com\/wp-content\/uploads\/2019\/02\/diagnostico-para-el-plan-de-movilidad-sostenible-y-segura-de-la-upv-ehu.jpg\" class=\"attachment-full size-full wp-post-image\" alt=\"Diagn\u00f3stico para el plan de movilidad sostenible y segura de la UPV\/EHU\" srcset=\"https:\/\/www.ingartek.com\/wp-content\/uploads\/2019\/02\/diagnostico-para-el-plan-de-movilidad-sostenible-y-segura-de-la-upv-ehu.jpg 400w, https:\/\/www.ingartek.com\/wp-content\/uploads\/2019\/02\/diagnostico-para-el-plan-de-movilidad-sostenible-y-segura-de-la-upv-ehu-300x200.jpg 300w\" sizes=\"auto, (max-width: 400px) 100vw, 400px\" title=\"\"><\/span>                <\/div>\n            <\/div>\n\n                <div class='portfolio_description ' >\n\n        \n    <h2 itemprop=\"name\" class=\"portfolio_title entry_title\"><a itemprop=\"url\" href=\"https:\/\/www.ingartek.com\/eu\/proyecto\/diagnostico-para-el-plan-de-movilidad-sostenible-y-segura-de-la-upv-ehu\/\" style=\"font-size: 16px\" target=\"_self\"> EHUren mugikortasun jasangarriko eta seguruko planerako diagnosia<\/a><\/h2>\n\n\n        \n        \n    <\/div>\n\n        \n<\/article>\n<article class='mix portfolio_category_255 default' style=''>\n    \n    \n    \n    \n            <div class=\"item_holder thin_plus_only\">\n\n                    <div class=\"text_holder\">\n        <div class=\"text_holder_outer\">\n            <div class=\"text_holder_inner\">\n                            <span class=\"thin_plus_only_icon\">+<\/span>\n                        <\/div>\n        <\/div>\n    <\/div>\n\n                                    <a itemprop=\"url\" class=\"portfolio_link_class\" title=\"EAEko bide sarearen trafiko intentsitateak bistaratzeko erreminta\" href=\"https:\/\/www.ingartek.com\/eu\/proyecto\/herramienta-para-la-visualizacion-de-intensidades-de-trafico-de-la-red-viaria-de-la-cav\/\"><\/a>\n                \n                <div style=\"\" class=\"portfolio_shader\"><\/div>\n                <div class=\"image_holder\">\n                    \n<span class='image'><img loading=\"lazy\" decoding=\"async\" width=\"400\" height=\"266\" src=\"https:\/\/www.ingartek.com\/wp-content\/uploads\/2019\/02\/Herramienta-para-la-visualizacio\u0301n-de-intensidades-de-tra\u0301fico-de-la-red-viaria-de-la-CAV.jpg\" class=\"attachment-full size-full wp-post-image\" alt=\"Herramienta para la visualizaci\u00f3n de intensidades de tr\u00e1fico de la red viaria de la CAV\" srcset=\"https:\/\/www.ingartek.com\/wp-content\/uploads\/2019\/02\/Herramienta-para-la-visualizacio\u0301n-de-intensidades-de-tra\u0301fico-de-la-red-viaria-de-la-CAV.jpg 400w, https:\/\/www.ingartek.com\/wp-content\/uploads\/2019\/02\/Herramienta-para-la-visualizacio\u0301n-de-intensidades-de-tra\u0301fico-de-la-red-viaria-de-la-CAV-300x200.jpg 300w\" sizes=\"auto, (max-width: 400px) 100vw, 400px\" title=\"\"><\/span>                <\/div>\n            <\/div>\n\n                <div class='portfolio_description ' >\n\n        \n    <h2 itemprop=\"name\" class=\"portfolio_title entry_title\"><a itemprop=\"url\" href=\"https:\/\/www.ingartek.com\/eu\/proyecto\/herramienta-para-la-visualizacion-de-intensidades-de-trafico-de-la-red-viaria-de-la-cav\/\" style=\"font-size: 16px\" target=\"_self\"> EAEko bide sarearen trafiko intentsitateak bistaratzeko erreminta<\/a><\/h2>\n\n\n        \n        \n    <\/div>\n\n        \n<\/article>\n<article class='mix portfolio_category_253 default' style=''>\n    \n    \n    \n    \n            <div class=\"item_holder thin_plus_only\">\n\n                    <div class=\"text_holder\">\n        <div class=\"text_holder_outer\">\n            <div class=\"text_holder_inner\">\n                            <span class=\"thin_plus_only_icon\">+<\/span>\n                        <\/div>\n        <\/div>\n    <\/div>\n\n                                    <a itemprop=\"url\" class=\"portfolio_link_class\" title=\"Hegaldietan ontziratzeari buruzko informazio sistema aireportuko autobusetan\" href=\"https:\/\/www.ingartek.com\/eu\/proyecto\/creacion-de-un-sistema-de-informacion-de-embarcado-sobre-vuelos-en-los-autobuses-al-aeropuerto\/\"><\/a>\n                \n                <div style=\"\" class=\"portfolio_shader\"><\/div>\n                <div class=\"image_holder\">\n                    \n<span class='image'><img loading=\"lazy\" decoding=\"async\" width=\"600\" height=\"400\" src=\"https:\/\/www.ingartek.com\/wp-content\/uploads\/2019\/02\/creacion-de-un-sistema-de-informacion-de-embarcado-sobre-vuelos-en-los-autobuses-al-aeropuerto.jpg\" class=\"attachment-full size-full wp-post-image\" alt=\"Creaci\u00f3n de un sistema de informaci\u00f3n de embarcado sobre vuelos en los autobuses al aeropuerto\" srcset=\"https:\/\/www.ingartek.com\/wp-content\/uploads\/2019\/02\/creacion-de-un-sistema-de-informacion-de-embarcado-sobre-vuelos-en-los-autobuses-al-aeropuerto.jpg 600w, https:\/\/www.ingartek.com\/wp-content\/uploads\/2019\/02\/creacion-de-un-sistema-de-informacion-de-embarcado-sobre-vuelos-en-los-autobuses-al-aeropuerto-300x200.jpg 300w\" sizes=\"auto, (max-width: 600px) 100vw, 600px\" title=\"\"><\/span>                <\/div>\n            <\/div>\n\n                <div class='portfolio_description ' >\n\n        \n    <h2 itemprop=\"name\" class=\"portfolio_title entry_title\"><a itemprop=\"url\" href=\"https:\/\/www.ingartek.com\/eu\/proyecto\/creacion-de-un-sistema-de-informacion-de-embarcado-sobre-vuelos-en-los-autobuses-al-aeropuerto\/\" style=\"font-size: 16px\" target=\"_self\"> Hegaldietan ontziratzeari buruzko informazio sistema aireportuko autobusetan<\/a><\/h2>\n\n\n        \n        \n    <\/div>\n\n        \n<\/article>\n<article class='mix portfolio_category_255 default' style=''>\n    \n    \n    \n    \n            <div class=\"item_holder thin_plus_only\">\n\n                    <div class=\"text_holder\">\n        <div class=\"text_holder_outer\">\n            <div class=\"text_holder_inner\">\n                            <span class=\"thin_plus_only_icon\">+<\/span>\n                        <\/div>\n        <\/div>\n    <\/div>\n\n                                    <a itemprop=\"url\" class=\"portfolio_link_class\" title=\"Astigarragan AP-8ren garraio integraleko zentro baten bideragarritasunaren azterketa\" href=\"https:\/\/www.ingartek.com\/eu\/proyecto\/estudio-de-viabilidad-para-centro-integral-de-transporte-de-la-ap-8-en-astigarraga\/\"><\/a>\n                \n                <div style=\"\" class=\"portfolio_shader\"><\/div>\n                <div class=\"image_holder\">\n                    \n<span class='image'><img loading=\"lazy\" decoding=\"async\" width=\"600\" height=\"400\" src=\"https:\/\/www.ingartek.com\/wp-content\/uploads\/2019\/02\/estudio-de-viabilidad-para-centro-integral-de-transporte-de-la-ap-8-en-astigarraga.jpg\" class=\"attachment-full size-full wp-post-image\" alt=\"Estudio de viabilidad para centro integral de transporte de la Ap-8 en Astigarraga\" srcset=\"https:\/\/www.ingartek.com\/wp-content\/uploads\/2019\/02\/estudio-de-viabilidad-para-centro-integral-de-transporte-de-la-ap-8-en-astigarraga.jpg 600w, https:\/\/www.ingartek.com\/wp-content\/uploads\/2019\/02\/estudio-de-viabilidad-para-centro-integral-de-transporte-de-la-ap-8-en-astigarraga-300x200.jpg 300w\" sizes=\"auto, (max-width: 600px) 100vw, 600px\" title=\"\"><\/span>                <\/div>\n            <\/div>\n\n                <div class='portfolio_description ' >\n\n        \n    <h2 itemprop=\"name\" class=\"portfolio_title entry_title\"><a itemprop=\"url\" href=\"https:\/\/www.ingartek.com\/eu\/proyecto\/estudio-de-viabilidad-para-centro-integral-de-transporte-de-la-ap-8-en-astigarraga\/\" style=\"font-size: 16px\" target=\"_self\"> Astigarragan AP-8ren garraio integraleko zentro baten bideragarritasunaren azterketa<\/a><\/h2>\n\n\n        \n        \n    <\/div>\n\n        \n<\/article>\n<article class='mix portfolio_category_255 default' style=''>\n    \n    \n    \n    \n            <div class=\"item_holder thin_plus_only\">\n\n                    <div class=\"text_holder\">\n        <div class=\"text_holder_outer\">\n            <div class=\"text_holder_inner\">\n                            <span class=\"thin_plus_only_icon\">+<\/span>\n                        <\/div>\n        <\/div>\n    <\/div>\n\n                                    <a itemprop=\"url\" class=\"portfolio_link_class\" title=\"Leioako tranbiaren eskaera-azterketa\" href=\"https:\/\/www.ingartek.com\/eu\/proyecto\/estudio-de-demanda-del-tranvia-de-leioa\/\"><\/a>\n                \n                <div style=\"\" class=\"portfolio_shader\"><\/div>\n                <div class=\"image_holder\">\n                    \n<span class='image'><img loading=\"lazy\" decoding=\"async\" width=\"400\" height=\"266\" src=\"https:\/\/www.ingartek.com\/wp-content\/uploads\/2019\/02\/estudio-de-demanda-del-tranvia-de-leioa.jpg\" class=\"attachment-full size-full wp-post-image\" alt=\"Estudio de demanda del tranv\u00eda de Leioa\" srcset=\"https:\/\/www.ingartek.com\/wp-content\/uploads\/2019\/02\/estudio-de-demanda-del-tranvia-de-leioa.jpg 400w, https:\/\/www.ingartek.com\/wp-content\/uploads\/2019\/02\/estudio-de-demanda-del-tranvia-de-leioa-300x200.jpg 300w\" sizes=\"auto, (max-width: 400px) 100vw, 400px\" title=\"\"><\/span>                <\/div>\n            <\/div>\n\n                <div class='portfolio_description ' >\n\n        \n    <h2 itemprop=\"name\" class=\"portfolio_title entry_title\"><a itemprop=\"url\" href=\"https:\/\/www.ingartek.com\/eu\/proyecto\/estudio-de-demanda-del-tranvia-de-leioa\/\" style=\"font-size: 16px\" target=\"_self\"> Leioako tranbiaren eskaera-azterketa<\/a><\/h2>\n\n\n        \n        \n    <\/div>\n\n        \n<\/article>\n<article class='mix portfolio_category_253 default' style=''>\n    \n    \n    \n    \n            <div class=\"item_holder thin_plus_only\">\n\n                    <div class=\"text_holder\">\n        <div class=\"text_holder_outer\">\n            <div class=\"text_holder_inner\">\n                            <span class=\"thin_plus_only_icon\">+<\/span>\n                        <\/div>\n        <\/div>\n    <\/div>\n\n                                    <a itemprop=\"url\" class=\"portfolio_link_class\" title=\"Gidatze efizienteko sistema Grupo Acharentzat\" href=\"https:\/\/www.ingartek.com\/eu\/proyecto\/sistema-de-conduccion-eficiente-para-el-grupo-acha\/\"><\/a>\n                \n                <div style=\"\" class=\"portfolio_shader\"><\/div>\n                <div class=\"image_holder\">\n                    \n<span class='image'><img loading=\"lazy\" decoding=\"async\" width=\"600\" height=\"400\" src=\"https:\/\/www.ingartek.com\/wp-content\/uploads\/2019\/02\/sistema-de-conduccion-eficiente-para-el-grupo-acha.jpg\" class=\"attachment-full size-full wp-post-image\" alt=\"Sistema de conducci\u00f3n eficiente para el Grupo Acha\" srcset=\"https:\/\/www.ingartek.com\/wp-content\/uploads\/2019\/02\/sistema-de-conduccion-eficiente-para-el-grupo-acha.jpg 600w, https:\/\/www.ingartek.com\/wp-content\/uploads\/2019\/02\/sistema-de-conduccion-eficiente-para-el-grupo-acha-300x200.jpg 300w\" sizes=\"auto, (max-width: 600px) 100vw, 600px\" title=\"\"><\/span>                <\/div>\n            <\/div>\n\n                <div class='portfolio_description ' >\n\n        \n    <h2 itemprop=\"name\" class=\"portfolio_title entry_title\"><a itemprop=\"url\" href=\"https:\/\/www.ingartek.com\/eu\/proyecto\/sistema-de-conduccion-eficiente-para-el-grupo-acha\/\" style=\"font-size: 16px\" target=\"_self\"> Gidatze efizienteko sistema Grupo Acharentzat<\/a><\/h2>\n\n\n        \n        \n    <\/div>\n\n        \n<\/article>\n<article class='mix portfolio_category_254 default' style=''>\n    \n    \n    \n    \n            <div class=\"item_holder thin_plus_only\">\n\n                    <div class=\"text_holder\">\n        <div class=\"text_holder_outer\">\n            <div class=\"text_holder_inner\">\n                            <span class=\"thin_plus_only_icon\">+<\/span>\n                        <\/div>\n        <\/div>\n    <\/div>\n\n                                    <a itemprop=\"url\" class=\"portfolio_link_class\" title=\"Donostiako mugikortasun bertikaleko Plan Zuzentzailea\" href=\"https:\/\/www.ingartek.com\/eu\/proyecto\/plan-director-de-movilidad-vertical-de-san-sebastian\/\"><\/a>\n                \n                <div style=\"\" class=\"portfolio_shader\"><\/div>\n                <div class=\"image_holder\">\n                    \n<span class='image'><img loading=\"lazy\" decoding=\"async\" width=\"350\" height=\"233\" src=\"https:\/\/www.ingartek.com\/wp-content\/uploads\/2019\/02\/plan-director-de-movilidad-vertical-de-san-sebastian.jpg\" class=\"attachment-full size-full wp-post-image\" alt=\"Plan director de movilidad vertical de San Sebasti\u00e1n\" srcset=\"https:\/\/www.ingartek.com\/wp-content\/uploads\/2019\/02\/plan-director-de-movilidad-vertical-de-san-sebastian.jpg 350w, https:\/\/www.ingartek.com\/wp-content\/uploads\/2019\/02\/plan-director-de-movilidad-vertical-de-san-sebastian-300x200.jpg 300w\" sizes=\"auto, (max-width: 350px) 100vw, 350px\" title=\"\"><\/span>                <\/div>\n            <\/div>\n\n                <div class='portfolio_description ' >\n\n        \n    <h2 itemprop=\"name\" class=\"portfolio_title entry_title\"><a itemprop=\"url\" href=\"https:\/\/www.ingartek.com\/eu\/proyecto\/plan-director-de-movilidad-vertical-de-san-sebastian\/\" style=\"font-size: 16px\" target=\"_self\"> Donostiako mugikortasun bertikaleko Plan Zuzentzailea<\/a><\/h2>\n\n\n        \n        \n    <\/div>\n\n        \n<\/article>\n        <div class='filler'><\/div>\n            <div class='filler'><\/div>\n            <div class='filler'><\/div>\n            <div class='filler'><\/div>\n        <\/div>\n\n    \n    <\/div>[vc_empty_space][\/vc_column][\/vc_row]<\/p>\n<\/div>","protected":false},"excerpt":{"rendered":"<p>[vc_row css_animation=&#8221;&#8221; row_type=&#8221;row&#8221; use_row_as_full_screen_section=&#8221;no&#8221; type=&#8221;full_width&#8221; angled_section=&#8221;no&#8221; text_align=&#8221;left&#8221; background_image_as_pattern=&#8221;without_pattern&#8221; el_class=&#8221;proyectos&#8221; z_index=&#8221;&#8221; css=&#8221;.vc_custom_1559637537248{padding-right: 20px !important;padding-left: 20px !important;}&#8221;][vc_column][vc_empty_space][vc_empty_space][\/vc_column][\/vc_row]<\/p>\n","protected":false},"author":2,"featured_media":0,"parent":0,"menu_order":0,"comment_status":"closed","ping_status":"closed","template":"full_width.php","meta":{"content-type":"","footnotes":""},"class_list":["post-18276","page","type-page","status-publish","hentry"],"_links":{"self":[{"href":"https:\/\/www.ingartek.com\/eu\/wp-json\/wp\/v2\/pages\/18276","targetHints":{"allow":["GET"]}}],"collection":[{"href":"https:\/\/www.ingartek.com\/eu\/wp-json\/wp\/v2\/pages"}],"about":[{"href":"https:\/\/www.ingartek.com\/eu\/wp-json\/wp\/v2\/types\/page"}],"author":[{"embeddable":true,"href":"https:\/\/www.ingartek.com\/eu\/wp-json\/wp\/v2\/users\/2"}],"replies":[{"embeddable":true,"href":"https:\/\/www.ingartek.com\/eu\/wp-json\/wp\/v2\/comments?post=18276"}],"version-history":[{"count":0,"href":"https:\/\/www.ingartek.com\/eu\/wp-json\/wp\/v2\/pages\/18276\/revisions"}],"wp:attachment":[{"href":"https:\/\/www.ingartek.com\/eu\/wp-json\/wp\/v2\/media?parent=18276"}],"curies":[{"name":"wp","href":"https:\/\/api.w.org\/{rel}","templated":true}]}}