{"id":24201,"date":"2022-07-21T07:22:34","date_gmt":"2022-07-21T06:22:34","guid":{"rendered":"https:\/\/www.ingartek.com\/?post_type=portfolio_page&#038;p=24201"},"modified":"2022-11-15T15:04:10","modified_gmt":"2022-11-15T14:04:10","slug":"diagnostico-para-el-plan-de-movilidad-urbana-sostenible-de-lezo","status":"publish","type":"portfolio_page","link":"https:\/\/www.ingartek.com\/es\/proyecto\/diagnostico-para-el-plan-de-movilidad-urbana-sostenible-de-lezo\/","title":{"rendered":"Diagn\u00f3stico para el plan de movilidad urbana sostenible de Lezo"},"content":{"rendered":"<div class=\"wpb-content-wrapper\"><p>[vc_row css_animation=\u00bb\u00bb row_type=\u00bbrow\u00bb use_row_as_full_screen_section=\u00bbno\u00bb type=\u00bbgrid\u00bb angled_section=\u00bbno\u00bb text_align=\u00bbleft\u00bb background_image_as_pattern=\u00bbwithout_pattern\u00bb z_index=\u00bb\u00bb][vc_column width=\u00bb1\/3&#8243;][vc_empty_space][vc_column_text]<\/p>\n<h2>Presentaci\u00f3n<\/h2>\n<p>[\/vc_column_text][vc_empty_space]<div class=\"q_icon_list\"><i class=\"qode_icon_font_awesome fa fa-user qode-ili-icon-holder transparent\" style=\"font-size: 20pxpx;color: #8b1f1c;\" ><\/i><p style=\"color:#8b1f1c;font-size: 20px;font-weight: 500;\">Cliente<\/p><\/div>[vc_single_image image=\u00bb24208&#8243; img_size=\u00bbfull\u00bb qode_css_animation=\u00bb\u00bb][vc_column_text]Ayuntamiento de Lezo \/ Lezoko Unibertsitateko Udala[\/vc_column_text][vc_empty_space]<div class=\"q_icon_list\"><i class=\"qode_icon_font_awesome fa fa-folder-open qode-ili-icon-holder transparent\" style=\"font-size: 20pxpx;color: #8b1f1c;\" ><\/i><p style=\"color:#8b1f1c;font-size: 20px;font-weight: 500;\">Proyecto<\/p><\/div>[vc_column_text]Diagn\u00f3stico y <em><strong>Plan de acci\u00f3n<\/strong><\/em> de un proyecto para la aprobaci\u00f3n de un plan de <strong><a href=\"https:\/\/www.ingartek.com\/es\/necesitas-la-ayuda-de-un-experto-en-movilidad-urbana-sostenible\/\" target=\"_blank\" rel=\"noopener\"><em>movilidad urbana sostenible<\/em><\/a><\/strong> en Lezo[\/vc_column_text][vc_empty_space]<div class=\"q_icon_list\"><i class=\"qode_icon_font_awesome fa fa-bullseye qode-ili-icon-holder transparent\" style=\"font-size: 20pxpx;color: #8b1f1c;\" ><\/i><p style=\"color:#8b1f1c;font-size: 20px;font-weight: 500;\">Objetivos<\/p><\/div>[vc_column_text]Impulsar la <b><i>movilidad sostenible<\/i><\/b> y <b><i>mejorar la accesibilidad<\/i><\/b> de Lezo y sus habitantes, implantando formas de desplazamiento m\u00e1s saludables y respetuosas con el medioambiente dentro del municipio: caminar, mayor uso de la bicicleta y fomento del transporte p\u00fablico reduciendo as\u00ed la<a href=\"https:\/\/www.ingartek.com\/es\/zonas-de-bajas-emisiones\/\" target=\"_blank\" rel=\"noopener\"> contaminaci\u00f3n<\/a>, el ruido y la mejora de la <a href=\"https:\/\/www.ingartek.com\/es\/consultores-de-trafico-urbano-para-una-movilidad-mas-sostenible\/\" target=\"_blank\" rel=\"noopener\">seguridad vial<\/a>.[\/vc_column_text][vc_empty_space height=\u00bb40px\u00bb]<div class=\"q_icon_list\"><i class=\"qode_icon_font_awesome_5 fa5 fa fa-user-gear qode-ili-icon-holder transparent\" style=\"font-size: 20pxpx;color: #8b1f1c;\" ><\/i><p style=\"color:#8b1f1c;font-size: 20px;font-weight: 500;\">Servicio Ingartek<\/p><\/div>[vc_column_text]<\/p>\n<ul>\n<li><a href=\"https:\/\/www.ingartek.com\/es\/planificacion-urbana\/\" target=\"_blank\" rel=\"noopener\"><u>Planificaci\u00f3n urbana<\/u><\/a><\/li>\n<\/ul>\n<p>[\/vc_column_text][vc_empty_space][\/vc_column][vc_column width=\u00bb2\/3&#8243;][vc_empty_space][vc_column_text]<\/p>\n<h2>Trabajo realizado<\/h2>\n<p>[\/vc_column_text][vc_empty_space]<div class=\"q_icon_list\"><i class=\"qode_icon_font_awesome fa fa-comments-o qode-ili-icon-holder transparent\" style=\"font-size: 20pxpx;color: #8b1f1c;\" ><\/i><p style=\"color:#8b1f1c;font-size: 20px;font-weight: 500;\">Problema<\/p><\/div>[vc_column_text]La aprobaci\u00f3n de la <a href=\"https:\/\/www.ingartek.com\/es\/cinco-claves-para-hacer-un-buen-plan-de-movilidad-al-trabajo\/\" target=\"_blank\" rel=\"noopener\">Ley de Sostenibilidad Energ\u00e9tica<\/a> en 2019, ha obligado a los Ayuntamientos con municipios de m\u00e1s de 5.000 habitantes, a aprobar planes de <a href=\"https:\/\/www.ingartek.com\/es\/que-es-la-movilidad-urbana-sostenible\/\" target=\"_blank\" rel=\"noopener\"><b><i>movilidad urbana sostenible<\/i><\/b><\/a>.<\/p>\n<p>A ra\u00edz del Plan General de Ordenaci\u00f3n Urbana, uno de los principales inconvenientes estructurales de Lezo, consist\u00eda en los riesgos del constante <b><i>tr\u00e1fico de transporte pesado<\/i><\/b> procedentes de los pol\u00edgonos industriales del corredor Lezo-Gaintxurizketa, hacia la conexi\u00f3n propuesta entre la GI-2638 y la N-1 a la altura de la rotonda de Lanbarren.<\/p>\n<p>Esto, sumado al peligroso incremento del tr\u00e1fico de transporte pesado a trav\u00e9s de la calle m\u00e1s urbana de Lezo (Jaizkibel Hiribidea), ha provocado la propuesta de una soluci\u00f3n viaria para evitar el paso por el <b><i>espacio p\u00fablico urbano<\/i><\/b>.<\/p>\n<p>Por todo ello, se han detectado las principales necesidades a las que se quiere hacer frente:<\/p>\n<ul>\n<li aria-level=\"1\">Fomentar el uso de <b><i>medios de transporte<\/i><\/b> no motorizados<\/li>\n<li aria-level=\"1\">Impulsar el uso del <a href=\"https:\/\/www.ingartek.com\/es\/gestion-del-transporte-publico-en-tiempos-de-crisis\/\" target=\"_blank\" rel=\"noopener\">transporte p\u00fablico<\/a> en lugar del veh\u00edculo privado<\/li>\n<li aria-level=\"1\">Garantizar una <b><i>movilidad sostenible<\/i><\/b>, inclusiva y segura<\/li>\n<li aria-level=\"1\">Lograr un uso m\u00e1s sostenible del <b><i>espacio p\u00fablico urbano<\/i><\/b> y rural<\/li>\n<li aria-level=\"1\">Promover acciones para reconvertir los h\u00e1bitos de los y las lezoarras<\/li>\n<\/ul>\n<p>[\/vc_column_text][vc_empty_space]<div class=\"q_icon_list\"><i class=\"qode_icon_font_awesome fa fa-check qode-ili-icon-holder transparent\" style=\"font-size: 20pxpx;color: #8b1f1c;\" ><\/i><p style=\"color:#8b1f1c;font-size: 20px;font-weight: 500;\">Soluci\u00f3n<\/p><\/div>[vc_column_text]Este proyecto ha consistido en realizar un diagn\u00f3stico previo de movilidad dividido en cuatro ejes: Encuestas de movilidad, An\u00e1lisis de tr\u00e1fico, An\u00e1lisis del carril bici y An\u00e1lisis de las plazas de aparcamiento; para despu\u00e9s, definir un <b><i>plan de acci\u00f3n<\/i><\/b> en el que se han clasificado:<\/p>\n<ul>\n<li aria-level=\"1\"><a href=\"https:\/\/www.ingartek.com\/es\/una-administracion-publica-de-trafico-mas-dinamica\/\" target=\"_blank\" rel=\"noopener\">Movilidad peatonal<\/a><\/li>\n<li aria-level=\"1\">Movilidad ciclista<\/li>\n<li aria-level=\"1\">Transporte p\u00fablico<\/li>\n<li aria-level=\"1\">Transporte privado<\/li>\n<li aria-level=\"1\">Aparcamientos<\/li>\n<li aria-level=\"1\">Zona rural<\/li>\n<li aria-level=\"1\">Zonas industriales<\/li>\n<li aria-level=\"1\">Formaci\u00f3n y difusi\u00f3n<\/li>\n<\/ul>\n<p>Este <b><i>plan de acci\u00f3n<\/i><\/b>, tendr\u00e1 una duraci\u00f3n de 5 a\u00f1os, en el que se han definido propuestas de acciones como: ampliaci\u00f3n de v\u00edas peatonales; mejorar la seguridad de los cruces; ampliaci\u00f3n de v\u00edas ciclistas; mejorar y dar continuidad a la se\u00f1alizaci\u00f3n de la red actual; <a href=\"https:\/\/www.ingartek.com\/es\/mejora-la-accesibilidad-de-tu-municipio-no-esperes-a-que-se-publiquen-las-subvenciones\/\" target=\"_blank\" rel=\"noopener\"><b><i>mejorar la accesibilidad<\/i><\/b><\/a> de las estaciones de transporte p\u00fablico, ampliar el servicio de autob\u00fas a la zona industrial; conversi\u00f3n de zonas urbanas a mixtas en el transporte privado; ampliaci\u00f3n del servicio de transporte bajo demanda en las zonas rurales; facilitar las conexiones peatonales y ciclistas de los barrios Errekalde y Perrene; impulsar planes de movilidad en los centros de trabajo de las zonas industriales; difundir los beneficios de la <b><i>movilidad sostenible<\/i><\/b> en las escuelas.[\/vc_column_text][vc_empty_space height=\u00bb40px\u00bb]<div class=\"q_icon_list\"><i class=\"qode_icon_font_awesome fa fa-newspaper-o qode-ili-icon-holder transparent\" style=\"font-size: 20pxpx;color: #8b1f1c;\" ><\/i><p style=\"color:#8b1f1c;font-size: 20px;font-weight: 500;\">Art\u00edculos relacionados<\/p><\/div>[vc_column_text]<\/p>\n<ul>\n<li><a href=\"https:\/\/www.ingartek.com\/es\/la-futura-planificacion-urbana-de-tu-ciudad-ya-es-presente\/\" target=\"_blank\" rel=\"noopener\"><u>La futura planificaci\u00f3n urbana de tu ciudad ya es presente<\/u><\/a><\/li>\n<\/ul>\n<p>[\/vc_column_text][vc_empty_space][\/vc_column][\/vc_row][vc_row css_animation=\u00bb\u00bb row_type=\u00bbrow\u00bb use_row_as_full_screen_section=\u00bbno\u00bb type=\u00bbgrid\u00bb angled_section=\u00bbno\u00bb text_align=\u00bbleft\u00bb background_image_as_pattern=\u00bbwithout_pattern\u00bb z_index=\u00bb\u00bb][vc_column][vc_empty_space][vc_column_text]<\/p>\n<h2>Galer\u00eda de im\u00e1genes del proyecto<\/h2>\n<p>[\/vc_column_text][vc_empty_space][vc_row_inner row_type=\u00bbrow\u00bb type=\u00bbfull_width\u00bb text_align=\u00bbleft\u00bb css_animation=\u00bb\u00bb][vc_column_inner width=\u00bb1\/2&#8243;][vc_single_image image=\u00bb24202&#8243; img_size=\u00bbfull\u00bb qode_css_animation=\u00bb\u00bb][\/vc_column_inner][vc_column_inner width=\u00bb1\/2&#8243;][vc_single_image image=\u00bb24205&#8243; img_size=\u00bbfull\u00bb qode_css_animation=\u00bb\u00bb][\/vc_column_inner][\/vc_row_inner][\/vc_column][\/vc_row]<\/p>\n<\/div>","protected":false},"excerpt":{"rendered":"<p>[vc_row css_animation=\u00bb\u00bb row_type=\u00bbrow\u00bb use_row_as_full_screen_section=\u00bbno\u00bb type=\u00bbgrid\u00bb angled_section=\u00bbno\u00bb text_align=\u00bbleft\u00bb background_image_as_pattern=\u00bbwithout_pattern\u00bb z_index=\u00bb\u00bb][vc_column width=\u00bb1\/3&#8243;][vc_empty_space][vc_column_text] Presentaci\u00f3n [\/vc_column_text][vc_empty_space][vc_single_image image=\u00bb24208&#8243; img_size=\u00bbfull\u00bb qode_css_animation=\u00bb\u00bb][vc_column_text]Ayuntamiento de Lezo \/ Lezoko Unibertsitateko Udala[\/vc_column_text][vc_empty_space][vc_column_text]Diagn\u00f3stico y Plan de acci\u00f3n de un proyecto para la aprobaci\u00f3n de un plan de movilidad urbana sostenible en Lezo[\/vc_column_text][vc_empty_space][vc_column_text]Impulsar&#8230;<\/p>\n","protected":false},"author":2,"featured_media":24202,"menu_order":0,"comment_status":"closed","ping_status":"closed","template":"","portfolio_category":[],"portfolio_tag":[357],"class_list":["post-24201","portfolio_page","type-portfolio_page","status-publish","has-post-thumbnail","hentry","portfolio_tag-planificacion-urbana"],"_links":{"self":[{"href":"https:\/\/www.ingartek.com\/es\/wp-json\/wp\/v2\/portfolio_page\/24201","targetHints":{"allow":["GET"]}}],"collection":[{"href":"https:\/\/www.ingartek.com\/es\/wp-json\/wp\/v2\/portfolio_page"}],"about":[{"href":"https:\/\/www.ingartek.com\/es\/wp-json\/wp\/v2\/types\/portfolio_page"}],"author":[{"embeddable":true,"href":"https:\/\/www.ingartek.com\/es\/wp-json\/wp\/v2\/users\/2"}],"replies":[{"embeddable":true,"href":"https:\/\/www.ingartek.com\/es\/wp-json\/wp\/v2\/comments?post=24201"}],"wp:featuredmedia":[{"embeddable":true,"href":"https:\/\/www.ingartek.com\/es\/wp-json\/wp\/v2\/media\/24202"}],"wp:attachment":[{"href":"https:\/\/www.ingartek.com\/es\/wp-json\/wp\/v2\/media?parent=24201"}],"wp:term":[{"taxonomy":"portfolio_category","embeddable":true,"href":"https:\/\/www.ingartek.com\/es\/wp-json\/wp\/v2\/portfolio_category?post=24201"},{"taxonomy":"portfolio_tag","embeddable":true,"href":"https:\/\/www.ingartek.com\/es\/wp-json\/wp\/v2\/portfolio_tag?post=24201"}],"curies":[{"name":"wp","href":"https:\/\/api.w.org\/{rel}","templated":true}]}}