{"id":23884,"date":"2022-05-30T15:03:29","date_gmt":"2022-05-30T14:03:29","guid":{"rendered":"https:\/\/www.ingartek.com\/?post_type=portfolio_page&#038;p=23884"},"modified":"2022-11-15T15:27:06","modified_gmt":"2022-11-15T14:27:06","slug":"diagnostico-para-el-plan-de-accesibilidad-universal-de-euskadi","status":"publish","type":"portfolio_page","link":"https:\/\/www.ingartek.com\/es\/proyecto\/diagnostico-para-el-plan-de-accesibilidad-universal-de-euskadi\/","title":{"rendered":"Diagn\u00f3stico para el plan de accesibilidad universal de Euskadi"},"content":{"rendered":"<div class=\"wpb-content-wrapper\"><p>[vc_row css_animation=\u00bb\u00bb row_type=\u00bbrow\u00bb use_row_as_full_screen_section=\u00bbno\u00bb type=\u00bbgrid\u00bb angled_section=\u00bbno\u00bb text_align=\u00bbleft\u00bb background_image_as_pattern=\u00bbwithout_pattern\u00bb z_index=\u00bb\u00bb][vc_column width=\u00bb1\/3&#8243;][vc_empty_space][vc_column_text]<\/p>\n<h2>Presentaci\u00f3n<\/h2>\n<p>[\/vc_column_text][vc_empty_space]<div class=\"q_icon_list\"><i class=\"qode_icon_font_awesome fa fa-user qode-ili-icon-holder transparent\" style=\"font-size: 20pxpx;color: #8b1f1c;\" ><\/i><p style=\"color:#8b1f1c;font-size: 20px;font-weight: 500;\">Cliente<\/p><\/div>[vc_single_image image=\u00bb20666&#8243; img_size=\u00bbfull\u00bb qode_css_animation=\u00bb\u00bb][vc_column_text]Eusko Jaurlaritza\/Gobierno Vasco[\/vc_column_text][vc_empty_space height=\u00bb25px\u00bb][vc_single_image image=\u00bb23894&#8243; img_size=\u00bbfull\u00bb qode_css_animation=\u00bb\u00bb][vc_column_text]Irisgarritasuna sustatzeko Euskal Kontseilua\/ Consejo Vasco para la promoci\u00f3n de la accesibilidad[\/vc_column_text][vc_empty_space][vc_empty_space]<div class=\"q_icon_list\"><i class=\"qode_icon_font_awesome fa fa-folder-open qode-ili-icon-holder transparent\" style=\"font-size: 20pxpx;color: #8b1f1c;\" ><\/i><p style=\"color:#8b1f1c;font-size: 20px;font-weight: 500;\">Proyecto<\/p><\/div>[vc_column_text]Realizaci\u00f3n del diagn\u00f3stico de la situaci\u00f3n actual de los diferentes entornos y otros elementos que afectan principalmente a las<a href=\"https:\/\/www.ingartek.com\/es\/inicia-el-proceso-de-elaboracion-del-plan-de-accesibilidad-de-lasarte-oria\/\" target=\"_blank\" rel=\"noopener\"> <b><i>personas con discapacidad en Euskad<\/i><\/b><\/a><b><i>i<\/i><\/b>, a trav\u00e9s de un <a href=\"https:\/\/www.ingartek.com\/es\/ingartek-realizara-la-asistencia-tecnica-del-plan-de-accion-de-la-estrategia-de-accesibilidad-universal-de-la-capv\/\" target=\"_blank\" rel=\"noopener\"><b><i>plan de accesibilidad universal<\/i><\/b><\/a>, tres a\u00f1os despu\u00e9s de la puesta en marcha de este <a href=\"https:\/\/www.ingartek.com\/es\/zonas-de-bajas-emisiones\/\"><b><i>desarrollo sostenible<\/i><\/b>.\u00a0<\/a><\/p>\n<p>En 2017, el Gobierno Vasco manifest\u00f3 su compromiso de impulsar este <b><i>desarrollo sostenible<\/i><\/b>, con la posterior puesta a punto de una primera <a href=\"https:\/\/www.ingartek.com\/es\/las-complejidades-de-la-accesibilidad-urbana\/\" target=\"_blank\" rel=\"noopener\"><b><i>estrategia de accesibilidad<\/i><\/b><\/a>. Debido a los avances y constantes cambios producidos en la sociedad, se ha visto necesaria su actualizaci\u00f3n.[\/vc_column_text][vc_empty_space]<div class=\"q_icon_list\"><i class=\"qode_icon_font_awesome fa fa-bullseye qode-ili-icon-holder transparent\" style=\"font-size: 20pxpx;color: #8b1f1c;\" ><\/i><p style=\"color:#8b1f1c;font-size: 20px;font-weight: 500;\">Objetivos<\/p><\/div>[vc_column_text]Hacer efectivo el derecho de acceso y uso de todas las personas a los entornos, productos, servicios e informaciones, de manera libre y aut\u00f3noma, en todos los \u00e1mbitos de nuestra sociedad.[\/vc_column_text][vc_empty_space height=\u00bb40px\u00bb]<div class=\"q_icon_list\"><i class=\"qode_icon_font_awesome_5 fa5 fa fa-user-gear qode-ili-icon-holder transparent\" style=\"font-size: 20pxpx;color: #8b1f1c;\" ><\/i><p style=\"color:#8b1f1c;font-size: 20px;font-weight: 500;\">Servicio Ingartek<\/p><\/div>[vc_column_text]<\/p>\n<ul>\n<li><a href=\"https:\/\/www.ingartek.com\/es\/planificacion-urbana\/\" target=\"_blank\" rel=\"noopener\"><u>Planificaci\u00f3n urbana<\/u><\/a><\/li>\n<\/ul>\n<p>[\/vc_column_text][vc_empty_space][\/vc_column][vc_column width=\u00bb2\/3&#8243; css=\u00bb.vc_custom_1653919955845{padding-left: 40px !important;}\u00bb][vc_empty_space][vc_column_text]<\/p>\n<h2>Trabajo realizado<\/h2>\n<p>[\/vc_column_text][vc_empty_space]<div class=\"q_icon_list\"><i class=\"qode_icon_font_awesome fa fa-comments-o qode-ili-icon-holder transparent\" style=\"font-size: 20pxpx;color: #8b1f1c;\" ><\/i><p style=\"color:#8b1f1c;font-size: 20px;font-weight: 500;\">Problema<\/p><\/div>[vc_column_text]Actualmente, hay en torno a 170.000 <b><i>personas con discapacidad en Euskadi<\/i><\/b>, de las cuales, el 60% son mayores de 65 a\u00f1os. Se ha detectado que las dificultades existentes en transportes p\u00fablicos entre este colectivo es del 37\u00b44%, y de que el 57% de viviendas tienen d\u00e9ficit de accesibilidad.<\/p>\n<p>Tras un primer diagn\u00f3stico, se pudo llegar a varias conclusiones en lo que respecta a este asunto: Informaci\u00f3n en la sociedad dispersa y desactualizada; niveles distintos de implicaci\u00f3n y compromiso por parte de las instituciones p\u00fablicas; desconocimiento y baja concienciaci\u00f3n social; escasa formaci\u00f3n.<\/p>\n<p>Pese a identificar estos datos, resulta complejo llevar a cabo un diagn\u00f3stico preciso y actualizado de esta realidad. Por lo que, una de las medidas propuestas en la <b><i>estrategia de accesibilidad<\/i><\/b> va a ser la creaci\u00f3n de un Observatorio Vasco de la Accesibilidad para llevar a cabo una evaluaci\u00f3n del estado de la cuesti\u00f3n, adem\u00e1s del grado de avance y ejecuci\u00f3n de la misma.[\/vc_column_text][vc_empty_space]<div class=\"q_icon_list\"><i class=\"qode_icon_font_awesome fa fa-check qode-ili-icon-holder transparent\" style=\"font-size: 20pxpx;color: #8b1f1c;\" ><\/i><p style=\"color:#8b1f1c;font-size: 20px;font-weight: 500;\">Soluci\u00f3n<\/p><\/div>[vc_column_text]Por parte de Ingartek, el desarrollo de este <b><i>plan de accesibilidad<\/i><\/b> ha servido para detectar objetivos estrat\u00e9gicos que se van a ejecutar para el buen funcionamiento de este <a href=\"https:\/\/www.ingartek.com\/es\/los-mejores-ejemplos-de-movilidad-urbana-sostenible\/\"><b><i>desarrollo sostenible<\/i><\/b><\/a> en Euskadi:<\/p>\n<ol>\n<li style=\"list-style-type: none;\">\n<ol>\n<li style=\"list-style-type: none;\">\n<ol>\n<li><i>Control<\/i>, para garantizar el cumplimiento de la normativa vigente en materia de este concepto.<\/li>\n<li><i>Fomento<\/i>, para incorporar la accesibilidad como elemento b\u00e1sico en todos los \u00e1mbitos.<\/li>\n<li><i>Sensibilizaci\u00f3n<\/i>, para aumentar la corresponsabilidad, la coparticipaci\u00f3n y la concienciaci\u00f3n en la sociedad.<\/li>\n<li><i>Formaci\u00f3n<\/i>, para capacitar a las personas en materia de accesibilidad.<\/li>\n<li><i>Innovaci\u00f3n<\/i>, para crear soluciones a trav\u00e9s de la investigaci\u00f3n, el desarrollo y la innovaci\u00f3n tecnol\u00f3gica y social.<\/li>\n<\/ol>\n<\/li>\n<\/ol>\n<\/li>\n<\/ol>\n<p><i>Gobernanza<\/i>, para crear un nuevo modelo de gobernanza para liderar la <b><i>estrategia de accesibilidad<\/i><\/b> y generar conocimiento.[\/vc_column_text][vc_empty_space]<div class=\"q_icon_list\"><i class=\"qode_icon_font_awesome fa fa-wrench qode-ili-icon-holder transparent\" style=\"font-size: 20pxpx;color: #8b1f1c;\" ><\/i><p style=\"color:#8b1f1c;font-size: 20px;font-weight: 500;\">Herramientas<\/p><\/div>[vc_column_text css=\u00bb.vc_custom_1653919823111{padding-left: 30px !important;}\u00bb]<\/p>\n<ul>\n<li>Focus Groups<\/li>\n<li>Entrevistas \/ Cuestionarios<\/li>\n<li>Irekia (RRSS)<\/li>\n<li>World Caf\u00e9?<\/li>\n<\/ul>\n<p>[\/vc_column_text][vc_empty_space]<div class=\"q_icon_list\"><i class=\"qode_icon_font_awesome fa fa-thumbs-up qode-ili-icon-holder transparent\" style=\"font-size: 20pxpx;color: #8b1f1c;\" ><\/i><p style=\"color:#8b1f1c;font-size: 20px;font-weight: 500;\">Beneficios<\/p><\/div>[vc_column_text css=\u00bb.vc_custom_1653919870029{padding-left: 30px !important;}\u00bb]<\/p>\n<ul>\n<li>Igualdad de oportunidades<\/li>\n<li>Vida independiente<\/li>\n<li>Dise\u00f1o para todas las personas<\/li>\n<li>Transversalidad<\/li>\n<li>Implicaci\u00f3n de todos los agentes<\/li>\n<li>Inclusi\u00f3n social y normalizaci\u00f3n<\/li>\n<li>Di\u00e1logo civil<\/li>\n<\/ul>\n<p>[\/vc_column_text][vc_empty_space height=\u00bb40px\u00bb]<div class=\"q_icon_list\"><i class=\"qode_icon_font_awesome fa fa-newspaper-o qode-ili-icon-holder transparent\" style=\"font-size: 20pxpx;color: #8b1f1c;\" ><\/i><p style=\"color:#8b1f1c;font-size: 20px;font-weight: 500;\">Art\u00edculos relacionados<\/p><\/div>[vc_column_text]<\/p>\n<ul>\n<li><a href=\"https:\/\/www.ingartek.com\/es\/la-futura-planificacion-urbana-de-tu-ciudad-ya-es-presente\/\" target=\"_blank\" rel=\"noopener\"><u>La futura planificaci\u00f3n urbana de tu ciudad ya es presente<\/u><\/a><\/li>\n<\/ul>\n<p>[\/vc_column_text][vc_empty_space][\/vc_column][\/vc_row][vc_row css_animation=\u00bb\u00bb row_type=\u00bbrow\u00bb use_row_as_full_screen_section=\u00bbno\u00bb type=\u00bbgrid\u00bb angled_section=\u00bbno\u00bb text_align=\u00bbleft\u00bb background_image_as_pattern=\u00bbwithout_pattern\u00bb z_index=\u00bb\u00bb][vc_column][vc_empty_space][vc_column_text]<\/p>\n<h2>Galer\u00eda de im\u00e1genes del proyecto<\/h2>\n<p>[\/vc_column_text][vc_empty_space][vc_row_inner row_type=\u00bbrow\u00bb type=\u00bbfull_width\u00bb text_align=\u00bbleft\u00bb css_animation=\u00bb\u00bb][vc_column_inner width=\u00bb1\/2&#8243;][vc_single_image image=\u00bb23897&#8243; img_size=\u00bbfull\u00bb qode_css_animation=\u00bb\u00bb][\/vc_column_inner][\/vc_row_inner][\/vc_column][\/vc_row]<\/p>\n<\/div>","protected":false},"excerpt":{"rendered":"<p>[vc_row css_animation=\u00bb\u00bb row_type=\u00bbrow\u00bb use_row_as_full_screen_section=\u00bbno\u00bb type=\u00bbgrid\u00bb angled_section=\u00bbno\u00bb text_align=\u00bbleft\u00bb background_image_as_pattern=\u00bbwithout_pattern\u00bb z_index=\u00bb\u00bb][vc_column width=\u00bb1\/3&#8243;][vc_empty_space][vc_column_text] Presentaci\u00f3n [\/vc_column_text][vc_empty_space][vc_single_image image=\u00bb20666&#8243; img_size=\u00bbfull\u00bb qode_css_animation=\u00bb\u00bb][vc_column_text]Eusko Jaurlaritza\/Gobierno Vasco[\/vc_column_text][vc_empty_space height=\u00bb25px\u00bb][vc_single_image image=\u00bb23894&#8243; img_size=\u00bbfull\u00bb qode_css_animation=\u00bb\u00bb][vc_column_text]Irisgarritasuna sustatzeko Euskal Kontseilua\/ Consejo Vasco para la promoci\u00f3n de la accesibilidad[\/vc_column_text][vc_empty_space][vc_empty_space][vc_column_text]Realizaci\u00f3n del diagn\u00f3stico de la situaci\u00f3n actual de los&#8230;<\/p>\n","protected":false},"author":2,"featured_media":23921,"menu_order":0,"comment_status":"closed","ping_status":"closed","template":"","portfolio_category":[],"portfolio_tag":[357],"class_list":["post-23884","portfolio_page","type-portfolio_page","status-publish","has-post-thumbnail","hentry","portfolio_tag-planificacion-urbana"],"_links":{"self":[{"href":"https:\/\/www.ingartek.com\/es\/wp-json\/wp\/v2\/portfolio_page\/23884","targetHints":{"allow":["GET"]}}],"collection":[{"href":"https:\/\/www.ingartek.com\/es\/wp-json\/wp\/v2\/portfolio_page"}],"about":[{"href":"https:\/\/www.ingartek.com\/es\/wp-json\/wp\/v2\/types\/portfolio_page"}],"author":[{"embeddable":true,"href":"https:\/\/www.ingartek.com\/es\/wp-json\/wp\/v2\/users\/2"}],"replies":[{"embeddable":true,"href":"https:\/\/www.ingartek.com\/es\/wp-json\/wp\/v2\/comments?post=23884"}],"wp:featuredmedia":[{"embeddable":true,"href":"https:\/\/www.ingartek.com\/es\/wp-json\/wp\/v2\/media\/23921"}],"wp:attachment":[{"href":"https:\/\/www.ingartek.com\/es\/wp-json\/wp\/v2\/media?parent=23884"}],"wp:term":[{"taxonomy":"portfolio_category","embeddable":true,"href":"https:\/\/www.ingartek.com\/es\/wp-json\/wp\/v2\/portfolio_category?post=23884"},{"taxonomy":"portfolio_tag","embeddable":true,"href":"https:\/\/www.ingartek.com\/es\/wp-json\/wp\/v2\/portfolio_tag?post=23884"}],"curies":[{"name":"wp","href":"https:\/\/api.w.org\/{rel}","templated":true}]}}