{"id":23883,"date":"2022-05-30T14:34:28","date_gmt":"2022-05-30T13:34:28","guid":{"rendered":"https:\/\/www.ingartek.com\/?post_type=portfolio_page&#038;p=23883"},"modified":"2022-11-15T15:38:20","modified_gmt":"2022-11-15T14:38:20","slug":"diseno-y-desarrollo-de-future-mobility-lab-en-vitoria-gasteiz","status":"publish","type":"portfolio_page","link":"https:\/\/www.ingartek.com\/es\/proyecto\/diseno-y-desarrollo-de-future-mobility-lab-en-vitoria-gasteiz\/","title":{"rendered":"Dise\u00f1o y desarrollo de future mobility lab en vitoria-gasteiz"},"content":{"rendered":"<div class=\"wpb-content-wrapper\"><p>[vc_row css_animation=\u00bb\u00bb row_type=\u00bbrow\u00bb use_row_as_full_screen_section=\u00bbno\u00bb type=\u00bbgrid\u00bb angled_section=\u00bbno\u00bb text_align=\u00bbleft\u00bb background_image_as_pattern=\u00bbwithout_pattern\u00bb z_index=\u00bb\u00bb][vc_column width=\u00bb1\/3&#8243;][vc_empty_space][vc_column_text]<\/p>\n<h2>Presentaci\u00f3n<\/h2>\n<p>[\/vc_column_text][vc_empty_space]<div class=\"q_icon_list\"><i class=\"qode_icon_font_awesome fa fa-user qode-ili-icon-holder transparent\" style=\"font-size: 20pxpx;color: #8b1f1c;\" ><\/i><p style=\"color:#8b1f1c;font-size: 20px;font-weight: 500;\">Cliente<\/p><\/div>[vc_single_image image=\u00bb23888&#8243; img_size=\u00bbfull\u00bb qode_css_animation=\u00bb\u00bb][vc_empty_space height=\u00bb15px\u00bb][vc_single_image image=\u00bb23331&#8243; img_size=\u00bbfull\u00bb qode_css_animation=\u00bb\u00bb][vc_empty_space][vc_column_text]Ayuntamiento de Irun \/ Irungo Udala[\/vc_column_text][vc_empty_space]<div class=\"q_icon_list\"><i class=\"qode_icon_font_awesome fa fa-folder-open qode-ili-icon-holder transparent\" style=\"font-size: 20pxpx;color: #8b1f1c;\" ><\/i><p style=\"color:#8b1f1c;font-size: 20px;font-weight: 500;\">Proyecto<\/p><\/div>[vc_column_text]FUTURE <b><i>MOBILITY LAB<\/i><\/b>: Dise\u00f1o y desarrollo de un proyecto de <a href=\"https:\/\/www.ingartek.com\/es\/estudios-de-movilidad-y-transporte-urbano-en-busca-de-una-ciudad-mas-sostenible\/\" target=\"_blank\" rel=\"noopener\"><b><i>movilidad sostenible<\/i><\/b><\/a> en Vitoria-Gasteiz.[\/vc_column_text][vc_empty_space]<div class=\"q_icon_list\"><i class=\"qode_icon_font_awesome fa fa-bullseye qode-ili-icon-holder transparent\" style=\"font-size: 20pxpx;color: #8b1f1c;\" ><\/i><p style=\"color:#8b1f1c;font-size: 20px;font-weight: 500;\">Objetivos<\/p><\/div>[vc_column_text]Construir la movilidad del futuro entre las empresas y las instituciones, mejorando la <b><i>movilidad y log\u00edstica<\/i><\/b> en Vitoria-Gasteiz y Araba, a trav\u00e9s de fomentar la colaboraci\u00f3n p\u00fablico-privada y tejiendo alianzas.[\/vc_column_text][vc_empty_space height=\u00bb40px\u00bb]<div class=\"q_icon_list\"><i class=\"qode_icon_font_awesome_5 fa5 fa fa-user-gear qode-ili-icon-holder transparent\" style=\"font-size: 20pxpx;color: #8b1f1c;\" ><\/i><p style=\"color:#8b1f1c;font-size: 20px;font-weight: 500;\">Servicio Ingartek<\/p><\/div>[vc_column_text]<\/p>\n<ul>\n<li><a href=\"https:\/\/www.ingartek.com\/es\/planes-estrategicos-de-movilidad-y-transporte\/\" target=\"_blank\" rel=\"noopener\"><u>Planes estrat\u00e9gicos de movilidad y transporte<\/u><\/a><\/li>\n<\/ul>\n<p>[\/vc_column_text][vc_empty_space][\/vc_column][vc_column width=\u00bb2\/3&#8243;][vc_empty_space][vc_column_text]<\/p>\n<h2>Trabajo realizado<\/h2>\n<p>[\/vc_column_text][vc_empty_space]<div class=\"q_icon_list\"><i class=\"qode_icon_font_awesome fa fa-comments-o qode-ili-icon-holder transparent\" style=\"font-size: 20pxpx;color: #8b1f1c;\" ><\/i><p style=\"color:#8b1f1c;font-size: 20px;font-weight: 500;\">Problema<\/p><\/div>[vc_column_text]<b><i>MOBILITY LAB<\/i><\/b> viene impulsado por el Ayuntamiento de Vitoria-Gasteiz y la Diputaci\u00f3n Foral de \u00c1lava, la cual, ha llevado a cabo un proceso participativo con m\u00e1s de 40 agentes institucionales, empresariales y acad\u00e9micos, para definir las esferas de trabajo de mayor inter\u00e9s.<\/p>\n<p>Habiendo realizado un an\u00e1lisis previo con todas estas entidades, se ha llegado a la conclusi\u00f3n de c\u00f3mo este proyecto podr\u00eda paliar los retos actuales con los que se encuentran estos colectivos.<\/p>\n<p>Entre las instituciones, se han detectado varios aspectos, como pueden ser, los frenos administrativos, la captaci\u00f3n de financiaci\u00f3n, la alineaci\u00f3n de pol\u00edticas y el acercamiento de agentes.<\/p>\n<p>Entre las empresas, las amenazas para desarrollar sus <a href=\"https:\/\/www.ingartek.com\/es\/id\/\" target=\"_blank\" rel=\"noopener\"><b><i>I+D<\/i><\/b><\/a> son diversas, debido a que necesitan impulsar la competitividad de la empresa, y la interlocuci\u00f3n con la Administraci\u00f3n, enriquecer los procesos <b><i>I+D<\/i><\/b> con nuevos proyectos, acercar agentes del ecosistema y testear soluciones en infraestructuras p\u00fablicas.<\/p>\n<p>En definitiva, este proyecto pretende actuar como palanca para superar estos desaf\u00edos.[\/vc_column_text][vc_empty_space]<div class=\"q_icon_list\"><i class=\"qode_icon_font_awesome fa fa-check qode-ili-icon-holder transparent\" style=\"font-size: 20pxpx;color: #8b1f1c;\" ><\/i><p style=\"color:#8b1f1c;font-size: 20px;font-weight: 500;\">Soluci\u00f3n<\/p><\/div>[vc_column_text]La finalidad de esta iniciativa es construir un polo de <b><i>innovaci\u00f3n<\/i><\/b> en <a href=\"https:\/\/www.ingartek.com\/es\/analisis-sobre-la-llegada-de-turistas-a-las-ciudades-vascas-mediante-datos-de-telefonia-movil\/\" target=\"_blank\" rel=\"noopener\"><b><i>movilidad y log\u00edstica<\/i><\/b><\/a>, que genere oportunidades de negocio y sea referente en pol\u00edticas transformadoras para Vitoria-Gasteiz y Araba, con el objetivo de que se convierta en un eje transformador del territorio y la ciudad, bien conectado, industrial y log\u00edstico.<\/p>\n<p>En base a esto, Ingartek, junto al resto de instituciones y entidades va a participar en el dise\u00f1o de un ecosistema con laboratorios, con el prop\u00f3sito de servir de banco de pruebas para iniciativas competitivas de <b><i>movilidad sostenible<\/i><\/b>, y transporte, acorde con el Plan Vitoria-Gasteiz Green Deal<i>.<\/i> De esta forma, se pretende buscar soluciones de <b><i>movilidad inteligente.<\/i><\/b>[\/vc_column_text][vc_empty_space height=\u00bb40px\u00bb]<div class=\"q_icon_list\"><i class=\"qode_icon_font_awesome fa fa-newspaper-o qode-ili-icon-holder transparent\" style=\"font-size: 20pxpx;color: #8b1f1c;\" ><\/i><p style=\"color:#8b1f1c;font-size: 20px;font-weight: 500;\">Art\u00edculos relacionados<\/p><\/div>[vc_column_text]<\/p>\n<ul>\n<li><a href=\"https:\/\/www.ingartek.com\/es\/cinco-claves-para-hacer-un-buen-plan-de-movilidad-al-trabajo\/\" target=\"_blank\" rel=\"noopener\"><u>Cinco claves para hacer un buen plan de movilidad al trabajo<\/u><\/a><\/li>\n<\/ul>\n<p>[\/vc_column_text][vc_empty_space][\/vc_column][\/vc_row][vc_row css_animation=\u00bb\u00bb row_type=\u00bbrow\u00bb use_row_as_full_screen_section=\u00bbno\u00bb type=\u00bbgrid\u00bb angled_section=\u00bbno\u00bb text_align=\u00bbleft\u00bb background_image_as_pattern=\u00bbwithout_pattern\u00bb z_index=\u00bb\u00bb][vc_column][vc_empty_space][vc_column_text]<\/p>\n<h2>Galer\u00eda de im\u00e1genes del proyecto<\/h2>\n<p>[\/vc_column_text][vc_empty_space][vc_row_inner row_type=\u00bbrow\u00bb type=\u00bbfull_width\u00bb text_align=\u00bbleft\u00bb css_animation=\u00bb\u00bb][vc_column_inner width=\u00bb1\/2&#8243;][vc_single_image image=\u00bb23891&#8243; img_size=\u00bbfull\u00bb qode_css_animation=\u00bb\u00bb][\/vc_column_inner][\/vc_row_inner][\/vc_column][\/vc_row]<\/p>\n<\/div>","protected":false},"excerpt":{"rendered":"<p>[vc_row css_animation=\u00bb\u00bb row_type=\u00bbrow\u00bb use_row_as_full_screen_section=\u00bbno\u00bb type=\u00bbgrid\u00bb angled_section=\u00bbno\u00bb text_align=\u00bbleft\u00bb background_image_as_pattern=\u00bbwithout_pattern\u00bb z_index=\u00bb\u00bb][vc_column width=\u00bb1\/3&#8243;][vc_empty_space][vc_column_text] Presentaci\u00f3n [\/vc_column_text][vc_empty_space][vc_single_image image=\u00bb23888&#8243; img_size=\u00bbfull\u00bb qode_css_animation=\u00bb\u00bb][vc_empty_space height=\u00bb15px\u00bb][vc_single_image image=\u00bb23331&#8243; img_size=\u00bbfull\u00bb qode_css_animation=\u00bb\u00bb][vc_empty_space][vc_column_text]Ayuntamiento de Irun \/ Irungo Udala[\/vc_column_text][vc_empty_space][vc_column_text]FUTURE MOBILITY LAB: Dise\u00f1o y desarrollo de un proyecto de movilidad sostenible en Vitoria-Gasteiz.[\/vc_column_text][vc_empty_space][vc_column_text]Construir la movilidad del&#8230;<\/p>\n","protected":false},"author":2,"featured_media":23891,"menu_order":0,"comment_status":"closed","ping_status":"closed","template":"","portfolio_category":[146],"portfolio_tag":[327],"class_list":["post-23883","portfolio_page","type-portfolio_page","status-publish","has-post-thumbnail","hentry","portfolio_category-planes-estrategicos","portfolio_tag-planes-estrategicos-de-movilidad-y-transporte"],"_links":{"self":[{"href":"https:\/\/www.ingartek.com\/es\/wp-json\/wp\/v2\/portfolio_page\/23883","targetHints":{"allow":["GET"]}}],"collection":[{"href":"https:\/\/www.ingartek.com\/es\/wp-json\/wp\/v2\/portfolio_page"}],"about":[{"href":"https:\/\/www.ingartek.com\/es\/wp-json\/wp\/v2\/types\/portfolio_page"}],"author":[{"embeddable":true,"href":"https:\/\/www.ingartek.com\/es\/wp-json\/wp\/v2\/users\/2"}],"replies":[{"embeddable":true,"href":"https:\/\/www.ingartek.com\/es\/wp-json\/wp\/v2\/comments?post=23883"}],"wp:featuredmedia":[{"embeddable":true,"href":"https:\/\/www.ingartek.com\/es\/wp-json\/wp\/v2\/media\/23891"}],"wp:attachment":[{"href":"https:\/\/www.ingartek.com\/es\/wp-json\/wp\/v2\/media?parent=23883"}],"wp:term":[{"taxonomy":"portfolio_category","embeddable":true,"href":"https:\/\/www.ingartek.com\/es\/wp-json\/wp\/v2\/portfolio_category?post=23883"},{"taxonomy":"portfolio_tag","embeddable":true,"href":"https:\/\/www.ingartek.com\/es\/wp-json\/wp\/v2\/portfolio_tag?post=23883"}],"curies":[{"name":"wp","href":"https:\/\/api.w.org\/{rel}","templated":true}]}}