{"id":164,"date":"2013-10-07T14:45:33","date_gmt":"2013-10-07T12:45:33","guid":{"rendered":"http:\/\/demo.qodeinteractive.com\/bridge41\/?post_type=portfolio_page&#038;p=164"},"modified":"2022-11-15T18:42:54","modified_gmt":"2022-11-15T17:42:54","slug":"planificacion-de-la-red-de-bizkaibus","status":"publish","type":"portfolio_page","link":"https:\/\/www.ingartek.com\/es\/proyecto\/planificacion-de-la-red-de-bizkaibus\/","title":{"rendered":"Planificaci\u00f3n de la red de Bizkaibus"},"content":{"rendered":"<div class=\"wpb-content-wrapper\"><p>[vc_row css_animation=\u00bb\u00bb row_type=\u00bbrow\u00bb use_row_as_full_screen_section=\u00bbno\u00bb type=\u00bbgrid\u00bb angled_section=\u00bbno\u00bb text_align=\u00bbleft\u00bb background_image_as_pattern=\u00bbwithout_pattern\u00bb z_index=\u00bb\u00bb][vc_column width=\u00bb1\/3&#8243;][vc_column_text]<\/p>\n<h2>Presentaci\u00f3n<\/h2>\n<p>[\/vc_column_text][vc_empty_space]<div class=\"q_icon_list\"><i class=\"qode_icon_font_awesome fa fa-user qode-ili-icon-holder transparent\" style=\"font-size: 20pxpx;color: #8b1f1c;\" ><\/i><p style=\"color:#8b1f1c;font-size: 20px;font-weight: 500;\">Cliente<\/p><\/div>[vc_single_image image=\u00bb17862&#8243; img_size=\u00bb250&#215;130&#8243; onclick=\u00bbcustom_link\u00bb img_link_target=\u00bb_blank\u00bb qode_css_animation=\u00bb\u00bb link=\u00bbhttp:\/\/web.bizkaia.eus\/es\/inicio\u00bb][vc_empty_space][vc_column_text]Diputaci\u00f3n Foral de <a href=\"http:\/\/web.bizkaia.eus\/es\/\" target=\"_blank\" rel=\"noopener noreferrer nofollow\">Bizkaia<\/a>. Departamento de Transportes, Movilidad y Cohesi\u00f3n del Territorio.<\/p>\n<p>El departamento gestiona <a href=\"http:\/\/www.bizkaia.eus\/home2\/Temas\/DetalleTema.asp?Tem_Codigo=195&amp;idioma=CA&amp;dpto_biz=6&amp;codpath_biz=6%7C195\" target=\"_blank\" rel=\"noopener noreferrer nofollow\">Bizkaibus<\/a>, el servicio de transporte interurbano de viajeros por carretera en Bizkaia. Es un servicio estrat\u00e9gico en el sistema de <strong>transporte p\u00fablico<\/strong> del territorio.[\/vc_column_text][vc_empty_space]<div class=\"q_icon_list\"><i class=\"qode_icon_font_awesome fa fa-folder-open qode-ili-icon-holder transparent\" style=\"font-size: 20pxpx;color: #8b1f1c;\" ><\/i><p style=\"color:#8b1f1c;font-size: 20px;font-weight: 500;\">Proyecto<\/p><\/div>[vc_column_text]Este proyecto responde a la necesidad de realizar un estudio de <a href=\"https:\/\/www.ingartek.com\/planificacion-urbana\/\" target=\"_blank\" rel=\"noopener noreferrer\">planificaci\u00f3n<\/a> de la red actual de Bizkaibus, que permita comprobar el grado de ajuste de la red de Bizkaibus a la demanda de <strong>movilidad<\/strong> en Bizkaia, dos a\u00f1os despu\u00e9s la puesta en marcha de las nuevas concesiones.<\/p>\n<p>La Diputaci\u00f3n Foral de Bizkaia aprob\u00f3 y puso en marcha en 2014 la adjudicaci\u00f3n de cinco nuevas concesiones de Bizkaibus. El transporte p\u00fablico en general, y el servicio de Bizkaibus en particular, se encuentra sometido de forma continua a los cambios producidos en la sociedad.[\/vc_column_text][vc_empty_space]<div class=\"q_icon_list\"><i class=\"qode_icon_font_awesome fa fa-bullseye qode-ili-icon-holder transparent\" style=\"font-size: 20pxpx;color: #8b1f1c;\" ><\/i><p style=\"color:#8b1f1c;font-size: 20px;font-weight: 500;\">Objetivos<\/p><\/div>[vc_column_text]<\/p>\n<ul>\n<li>Realizaci\u00f3n de un diagn\u00f3stico de la situaci\u00f3n actual de la oferta de transporte en Bizkaia.<\/li>\n<li><strong>Caracterizaci\u00f3n<\/strong> territorial por comarcas.<\/li>\n<li><strong>An\u00e1lisis<\/strong> de la demanda de la red de Bizkaibus.<\/li>\n<li>Identificaci\u00f3n de nuevos nichos de <strong>demanda<\/strong>.<\/li>\n<li><strong>Simulaci\u00f3n<\/strong> del nuevo escenario y obtenci\u00f3n de indicadores.<\/li>\n<\/ul>\n<p>[\/vc_column_text][vc_empty_space height=\u00bb40px\u00bb]<div class=\"q_icon_list\"><i class=\"qode_icon_font_awesome_5 fa5 fa fa-user-gear qode-ili-icon-holder transparent\" style=\"font-size: 20pxpx;color: #8b1f1c;\" ><\/i><p style=\"color:#8b1f1c;font-size: 20px;font-weight: 500;\">Servicio Ingartek<\/p><\/div>[vc_column_text]<\/p>\n<ul>\n<li><a href=\"https:\/\/www.ingartek.com\/es\/planes-estrategicos-de-movilidad-y-transporte\/\" target=\"_blank\" rel=\"noopener\"><u>Planes estrat\u00e9gicos de movilidad y transporte<\/u><\/a><\/li>\n<\/ul>\n<p>[\/vc_column_text][vc_empty_space][\/vc_column][vc_column width=\u00bb2\/3&#8243;][vc_column_text]<\/p>\n<h2>Trabajo realizado<\/h2>\n<p>[\/vc_column_text][vc_empty_space]<div class=\"q_icon_list\"><i class=\"qode_icon_font_awesome fa fa-comments-o qode-ili-icon-holder transparent\" style=\"font-size: 20pxpx;color: #8b1f1c;\" ><\/i><p style=\"color:#8b1f1c;font-size: 20px;font-weight: 500;\">Problema<\/p><\/div>[vc_column_text]Conocer los vectores de mejora del servicio Bizkaibus tras la puesta en marcha del nuevo sistema de concesiones.<\/p>\n<p>Los datos y las estad\u00edsticas sobre la oferta que ofrece la red de Bizkaibus y la <strong>red de transporte<\/strong> en el territorio de Bizkaia han sido la base para realizar el diagn\u00f3stico sobre la <a href=\"https:\/\/www.ingartek.com\/planes-estrategicos-de-movilidad-y-transporte\/\" target=\"_blank\" rel=\"noopener noreferrer\">planificaci\u00f3n de la red<\/a> de Bizkibus.<\/p>\n<p>Para la <strong>obtenci\u00f3n de<\/strong> <strong>datos<\/strong> se han analizado <strong>indicadores<\/strong> como el n\u00famero de expediciones diarias, la frecuencia, la longitud de cada l\u00ednea, el n\u00famero de paradas, las distancias entre paradas (m\u00ednimas, m\u00e1ximas y medias), los tiempos de viaje, la velocidad comercial\u2026<\/p>\n<p>Otro planteamiento de inter\u00e9s ha sido el <strong>an\u00e1lisis de la oferta<\/strong> por comarcas. Se ha analizado la oferta en cada municipio, as\u00ed como las relaciones cubiertas entre comarcas.[\/vc_column_text][vc_empty_space]<div class=\"q_icon_list\"><i class=\"qode_icon_font_awesome fa fa-check qode-ili-icon-holder transparent\" style=\"font-size: 20pxpx;color: #8b1f1c;\" ><\/i><p style=\"color:#8b1f1c;font-size: 20px;font-weight: 500;\">Soluci\u00f3n<\/p><\/div>[vc_column_text]Examen de la actual red de Bizkaibus, a trav\u00e9s de an\u00e1lisis territoriales, espaciales y de variables sociodemogr\u00e1ficas y econ\u00f3micas, as\u00ed como del an\u00e1lisis Big Data de datos de mon\u00e9tica.<\/p>\n<p>Utilizando como punto de partida la agrupaci\u00f3n de municipios por el n\u00famero de habitantes, calculamos una serie de indicadores que ofrecen una panor\u00e1mica del servicio Bizkaibus. La comparativa de los indicadores, permiten detectar si existen <strong>desequilibrios<\/strong> en la oferta del servicio.<\/p>\n<p>El indicador habitantes por expedici\u00f3n permite comparar el valor del n\u00famero de expediciones de cada municipio en funci\u00f3n de la poblaci\u00f3n que tiene: cuanto menor sea el valor, mayor es la oferta que tiene el municipio.<\/p>\n<p>Para detectar aquellas zonas con una oferta de Bizkaibus inferior a un valor, se han especificado indicadores que permiten <strong>cuantificar y valorar<\/strong> la oferta de Bizkaibus. A partir de estos indicadores se a catalogado a cada una de las l\u00edneas en cuatro categor\u00edas.<\/p>\n<p>Una vez caracterizadas las l\u00edneas, se procede a determinar la <strong>oferta<\/strong> por municipios, en funci\u00f3n de las caracter\u00edsticas de las l\u00edneas que pasan por el municipio.[\/vc_column_text][vc_empty_space]<div class=\"q_icon_list\"><i class=\"qode_icon_font_awesome fa fa-thumbs-up qode-ili-icon-holder transparent\" style=\"font-size: 20pxpx;color: #8b1f1c;\" ><\/i><p style=\"color:#8b1f1c;font-size: 20px;font-weight: 500;\">Beneficios<\/p><\/div>[vc_column_text]<\/p>\n<ul>\n<li>Identificaci\u00f3n de corredores prioritarios.<\/li>\n<li>Identificaci\u00f3n de zonas fuertemente atendidas.<\/li>\n<li>Identificaci\u00f3n de zonas d\u00e9bilmente atendidas.<\/li>\n<li>Correlaciones con otros medios de transporte p\u00fablico.<\/li>\n<li>Generaci\u00f3n de indicadores de servicio.<\/li>\n<li>Caracterizaci\u00f3n de la oferta de transporte para todos los municipios de Bizkaia.<\/li>\n<li>Adecuaci\u00f3n de la oferta y la demanda.<\/li>\n<\/ul>\n<p>[\/vc_column_text][vc_empty_space height=\u00bb40px\u00bb]<div class=\"q_icon_list\"><i class=\"qode_icon_font_awesome fa fa-newspaper-o qode-ili-icon-holder transparent\" style=\"font-size: 20pxpx;color: #8b1f1c;\" ><\/i><p style=\"color:#8b1f1c;font-size: 20px;font-weight: 500;\">Art\u00edculos relacionados<\/p><\/div>[vc_column_text]<\/p>\n<ul>\n<li><a href=\"https:\/\/www.ingartek.com\/es\/cinco-claves-para-hacer-un-buen-plan-de-movilidad-al-trabajo\/\" target=\"_blank\" rel=\"noopener\"><u>Cinco claves para hacer un buen plan de movilidad al trabajo<\/u><\/a><\/li>\n<\/ul>\n<p>[\/vc_column_text][vc_empty_space height=\u00bb40px\u00bb][\/vc_column][\/vc_row][vc_row css_animation=\u00bb\u00bb row_type=\u00bbrow\u00bb use_row_as_full_screen_section=\u00bbno\u00bb type=\u00bbgrid\u00bb angled_section=\u00bbno\u00bb text_align=\u00bbleft\u00bb background_image_as_pattern=\u00bbwithout_pattern\u00bb z_index=\u00bb\u00bb][vc_column][vc_empty_space][vc_column_text]<\/p>\n<h2>Galer\u00eda de im\u00e1genes del proyecto<\/h2>\n<p>[\/vc_column_text][vc_empty_space][vc_row_inner row_type=\u00bbrow\u00bb type=\u00bbfull_width\u00bb text_align=\u00bbleft\u00bb css_animation=\u00bb\u00bb][vc_column_inner width=\u00bb1\/2&#8243;][vc_single_image image=\u00bb16871&#8243; img_size=\u00bbfull\u00bb alignment=\u00bbcenter\u00bb qode_css_animation=\u00bb\u00bb][\/vc_column_inner][vc_column_inner width=\u00bb1\/2&#8243;][\/vc_column_inner][\/vc_row_inner][\/vc_column][\/vc_row]<\/p>\n<\/div>","protected":false},"excerpt":{"rendered":"<p>[vc_row css_animation=\u00bb\u00bb row_type=\u00bbrow\u00bb use_row_as_full_screen_section=\u00bbno\u00bb type=\u00bbgrid\u00bb angled_section=\u00bbno\u00bb text_align=\u00bbleft\u00bb background_image_as_pattern=\u00bbwithout_pattern\u00bb z_index=\u00bb\u00bb][vc_column width=\u00bb1\/3&#8243;][vc_column_text] Presentaci\u00f3n [\/vc_column_text][vc_empty_space][vc_single_image image=\u00bb17862&#8243; img_size=\u00bb250&#215;130&#8243; onclick=\u00bbcustom_link\u00bb img_link_target=\u00bb_blank\u00bb qode_css_animation=\u00bb\u00bb link=\u00bbhttp:\/\/web.bizkaia.eus\/es\/inicio\u00bb][vc_empty_space][vc_column_text]Diputaci\u00f3n Foral de Bizkaia. Departamento de Transportes, Movilidad y Cohesi\u00f3n del Territorio. El departamento gestiona Bizkaibus, el servicio de transporte interurbano de viajeros&#8230;<\/p>\n","protected":false},"author":2,"featured_media":20025,"menu_order":0,"comment_status":"closed","ping_status":"closed","template":"","portfolio_category":[146],"portfolio_tag":[327],"class_list":["post-164","portfolio_page","type-portfolio_page","status-publish","has-post-thumbnail","hentry","portfolio_category-planes-estrategicos","portfolio_tag-planes-estrategicos-de-movilidad-y-transporte"],"_links":{"self":[{"href":"https:\/\/www.ingartek.com\/es\/wp-json\/wp\/v2\/portfolio_page\/164","targetHints":{"allow":["GET"]}}],"collection":[{"href":"https:\/\/www.ingartek.com\/es\/wp-json\/wp\/v2\/portfolio_page"}],"about":[{"href":"https:\/\/www.ingartek.com\/es\/wp-json\/wp\/v2\/types\/portfolio_page"}],"author":[{"embeddable":true,"href":"https:\/\/www.ingartek.com\/es\/wp-json\/wp\/v2\/users\/2"}],"replies":[{"embeddable":true,"href":"https:\/\/www.ingartek.com\/es\/wp-json\/wp\/v2\/comments?post=164"}],"wp:featuredmedia":[{"embeddable":true,"href":"https:\/\/www.ingartek.com\/es\/wp-json\/wp\/v2\/media\/20025"}],"wp:attachment":[{"href":"https:\/\/www.ingartek.com\/es\/wp-json\/wp\/v2\/media?parent=164"}],"wp:term":[{"taxonomy":"portfolio_category","embeddable":true,"href":"https:\/\/www.ingartek.com\/es\/wp-json\/wp\/v2\/portfolio_category?post=164"},{"taxonomy":"portfolio_tag","embeddable":true,"href":"https:\/\/www.ingartek.com\/es\/wp-json\/wp\/v2\/portfolio_tag?post=164"}],"curies":[{"name":"wp","href":"https:\/\/api.w.org\/{rel}","templated":true}]}}