{"id":9894,"date":"2018-05-31T11:17:38","date_gmt":"2018-05-31T09:17:38","guid":{"rendered":"http:\/\/demo.qodeinteractive.com\/bridge\/?page_id=9894"},"modified":"2024-05-08T13:36:46","modified_gmt":"2024-05-08T12:36:46","slug":"blog-del-conocimiento","status":"publish","type":"page","link":"https:\/\/www.ingartek.com\/es\/blog-del-conocimiento\/","title":{"rendered":"Blog del conocimiento"},"content":{"rendered":"<div class=\"wpb-content-wrapper\"><p>[vc_row css_animation=\u00bb\u00bb row_type=\u00bbrow\u00bb use_row_as_full_screen_section=\u00bbno\u00bb type=\u00bbfull_width\u00bb angled_section=\u00bbno\u00bb text_align=\u00bbleft\u00bb background_image_as_pattern=\u00bbwithout_pattern\u00bb][vc_column width=\u00bb1\/3&#8243;][vc_single_image image=\u00bb28350&#8243; img_size=\u00bbfull\u00bb qode_css_animation=\u00bb\u00bb][vc_empty_space height=\u00bb10px\u00bb][vc_column_text]<\/p>\n<h2>La clave de los Planes de Movilidad Urbana Sostenible (PMUS)<\/h2>\n<p>Claves de realizaci\u00f3n e implantaci\u00f3n de un PMUS, que es una herramienta esencial para abordar los desaf\u00edos actuales en el \u00e1mbito de la movilidad en entornos urbanos.[\/vc_column_text][vc_empty_space height=\u00bb10px\u00bb][vc_raw_html]JTNDYnV0dG9uJTIwdHlwZSUzRCUyMmJ1dHRvbiUyMiUyMGNsYXNzJTNEJTIycWJ1dHRvbiUyMGlwei1idXR0b24lMjIlMjBkYXRhLWhvc3QlM0QlMjJpbmdhcnRlay5pcHptYXJrZXRpbmcuY29tJTIyJTIwZGF0YS1wcm90b2NvbCUzRCUyMmh0dHBzJTIyJTIwZGF0YS10b2tlbiUzRCUyMml3UkJONDFSdFlnJTIyJTNFU3VzY3IlQzMlQURiZXRlJTIwcGFyYSUyMHZlciUyMGVsJTIwV2ViaW5hciUzQyUyRmJ1dHRvbiUzRQ==[\/vc_raw_html][vc_empty_space height=\u00bb50px\u00bb][\/vc_column][vc_column width=\u00bb1\/3&#8243;][vc_single_image image=\u00bb28361&#8243; img_size=\u00bbfull\u00bb qode_css_animation=\u00bb\u00bb][vc_empty_space height=\u00bb10px\u00bb][vc_column_text]<\/p>\n<h2>Lecciones de las Zonas de Bajas Emisiones holandesas<\/h2>\n<p>En Ingartek, consultora de movilidad y transporte, hemos organizado un webinar en colaboraci\u00f3n con la empresa holandesa ARS sobre las Zonas de Bajas Emisiones, para obtener un conocimiento directo y pr\u00e1ctico de sus experiencias.[\/vc_column_text][vc_empty_space height=\u00bb10px\u00bb][vc_raw_html]JTNDYnV0dG9uJTIwdHlwZSUzRCUyMmJ1dHRvbiUyMiUyMGNsYXNzJTNEJTIycWJ1dHRvbiUyMGlwei1idXR0b24lMjIlMjBkYXRhLWhvc3QlM0QlMjJpbmdhcnRlay5pcHptYXJrZXRpbmcuY29tJTIyJTIwZGF0YS1wcm90b2NvbCUzRCUyMmh0dHBzJTIyJTIwZGF0YS10b2tlbiUzRCUyMlYzUXB1TThRa2FFJTIyJTNFU3VzY3IlQzMlQURiZXRlJTIwcGFyYSUyMHZlciUyMGVsJTIwV2ViaW5hciUzQyUyRmJ1dHRvbiUzRQ==[\/vc_raw_html][vc_empty_space height=\u00bb50px\u00bb][\/vc_column][vc_column width=\u00bb1\/3&#8243;][vc_single_image image=\u00bb27916&#8243; img_size=\u00bbfull\u00bb qode_css_animation=\u00bb\u00bb][vc_empty_space height=\u00bb10px\u00bb][vc_column_text]<\/p>\n<h2>Todo lo que tienes que saber sobre un Plan de Movilidad al Trabajo<\/h2>\n<p>El prop\u00f3sito de implementar un Plan de Movilidad al Trabajo (PMCT) en las empresas es promover una forma m\u00e1s segura, eficaz y amigable con el entorno para desplazarse, con el fin de disminuir el impacto negativo de los traslados hacia el lugar de trabajo.[\/vc_column_text][vc_empty_space height=\u00bb10px\u00bb][vc_raw_html]JTNDYnV0dG9uJTIwY2xhc3MlM0QlMjJxYnV0dG9uJTIwaXB6LWJ1dHRvbiUyMiUyMHR5cGUlM0QlMjJidXR0b24lMjIlMjBkYXRhLWhvc3QlM0QlMjJpbmdhcnRlay5pcHptYXJrZXRpbmcuY29tJTIyJTIwZGF0YS1wcm90b2NvbCUzRCUyMmh0dHBzJTIyJTIwZGF0YS10b2tlbiUzRCUyMjAwR2t3LXVLMkt3JTIyJTNFU3VzY3IlQzMlQURiZXRlJTIwcGFyYSUyMHZlciUyMGVsJTIwV2ViaW5hciUzQyUyRmJ1dHRvbiUzRQ==[\/vc_raw_html][vc_empty_space height=\u00bb50px\u00bb][\/vc_column][\/vc_row][vc_row css_animation=\u00bb\u00bb row_type=\u00bbrow\u00bb use_row_as_full_screen_section=\u00bbno\u00bb type=\u00bbfull_width\u00bb angled_section=\u00bbno\u00bb text_align=\u00bbleft\u00bb background_image_as_pattern=\u00bbwithout_pattern\u00bb][vc_column width=\u00bb1\/3&#8243;][vc_single_image image=\u00bb28371&#8243; img_size=\u00bbfull\u00bb qode_css_animation=\u00bb\u00bb][vc_empty_space height=\u00bb10px\u00bb][vc_column_text]<\/p>\n<h2>Fuentes de informaci\u00f3n en el transporte p\u00fablico y la satisfacci\u00f3n del usuario<\/h2>\n<p>T\u00e9cnicas para medir la satisfacci\u00f3n de usuario y las distintas fuentes de informaci\u00f3n que existen, a trav\u00e9s de explicaciones te\u00f3ricas y tambi\u00e9n pr\u00e1cticas sobre el caso de la ciudad de Madrid.[\/vc_column_text][vc_empty_space height=\u00bb10px\u00bb][vc_raw_html]JTNDYnV0dG9uJTIwdHlwZSUzRCUyMmJ1dHRvbiUyMiUyMGNsYXNzJTNEJTIycWJ1dHRvbiUyMGlwei1idXR0b24lMjIlMjBkYXRhLWhvc3QlM0QlMjJpbmdhcnRlay5pcHptYXJrZXRpbmcuY29tJTIyJTIwZGF0YS1wcm90b2NvbCUzRCUyMmh0dHBzJTIyJTIwZGF0YS10b2tlbiUzRCUyMnF6UTJ3cXpTODlvJTIyJTNFU3VzY3IlQzMlQURiZXRlJTIwcGFyYSUyMHZlciUyMGVsJTIwV2ViaW5hciUzQyUyRmJ1dHRvbiUzRQ==[\/vc_raw_html][vc_empty_space height=\u00bb50px\u00bb][\/vc_column][vc_column width=\u00bb1\/3&#8243;][vc_single_image image=\u00bb28379&#8243; img_size=\u00bbfull\u00bb qode_css_animation=\u00bb\u00bb][vc_empty_space height=\u00bb10px\u00bb][vc_column_text]<\/p>\n<h2>An\u00e1lisis de las Zonas de Bajas Emisiones de Barcelona<\/h2>\n<p>Webinar sobre las Zonas de Bajas Emisiones (ZBE) de Barcelona en colaboraci\u00f3n con el \u00c1rea Metropolitana de Barcelona y el Institut Metr\u00f3poli para analizar las ZBE de Barcelona.[\/vc_column_text][vc_empty_space height=\u00bb10px\u00bb][vc_raw_html]JTNDYnV0dG9uJTIwdHlwZSUzRCUyMmJ1dHRvbiUyMiUyMGNsYXNzJTNEJTIycWJ1dHRvbiUyMGlwei1idXR0b24lMjIlMjBkYXRhLWhvc3QlM0QlMjJpbmdhcnRlay5pcHptYXJrZXRpbmcuY29tJTIyJTIwZGF0YS1wcm90b2NvbCUzRCUyMmh0dHBzJTIyJTIwZGF0YS10b2tlbiUzRCUyMmlaMnRBVHg1ZjQ0JTIyJTNFU3VzY3IlQzMlQURiZXRlJTIwcGFyYSUyMHZlciUyMGVsJTIwV2ViaW5hciUzQyUyRmJ1dHRvbiUzRSUwQSUwQQ==[\/vc_raw_html][vc_empty_space height=\u00bb50px\u00bb][\/vc_column][vc_column width=\u00bb1\/3&#8243;][vc_single_image image=\u00bb28387&#8243; img_size=\u00bbfull\u00bb qode_css_animation=\u00bb\u00bb][vc_empty_space height=\u00bb10px\u00bb][vc_column_text]<\/p>\n<h2>\u00bfEst\u00e1s incumpliendo la normativa de tener un plan de movilidad al centro de trabajo?<\/h2>\n<p>Webinar sobre las Zonas de Bajas Emisiones (ZBE) de Barcelona en colaboraci\u00f3n con el \u00c1rea Metropolitana de Barcelona y el Institut Metr\u00f3poli para analizar las ZBE de Barcelona.[\/vc_column_text][vc_empty_space height=\u00bb10px\u00bb][vc_raw_html]JTNDYnV0dG9uJTIwdHlwZSUzRCUyMmJ1dHRvbiUyMiUyMGNsYXNzJTNEJTIycWJ1dHRvbiUyMGlwei1idXR0b24lMjIlMjBkYXRhLWhvc3QlM0QlMjJpbmdhcnRlay5pcHptYXJrZXRpbmcuY29tJTIyJTIwZGF0YS1wcm90b2NvbCUzRCUyMmh0dHBzJTIyJTIwZGF0YS10b2tlbiUzRCUyMjJCU3R4M3U5RVR3JTIyJTNFU3VzY3IlQzMlQURiZXRlJTIwcGFyYSUyMHZlciUyMGVsJTIwV2ViaW5hciUzQyUyRmJ1dHRvbiUzRSUwQSUwQQ==[\/vc_raw_html][vc_empty_space height=\u00bb50px\u00bb][\/vc_column][\/vc_row][vc_row css_animation=\u00bb\u00bb row_type=\u00bbrow\u00bb use_row_as_full_screen_section=\u00bbno\u00bb type=\u00bbfull_width\u00bb angled_section=\u00bbno\u00bb text_align=\u00bbleft\u00bb background_image_as_pattern=\u00bbwithout_pattern\u00bb][vc_column width=\u00bb1\/3&#8243;][vc_single_image image=\u00bb25514&#8243; img_size=\u00bbfull\u00bb qode_css_animation=\u00bb\u00bb][vc_empty_space height=\u00bb10px\u00bb][vc_column_text]<\/p>\n<h2>\u00bfQu\u00e9 hacer el d\u00eda despu\u00e9s de implantar una ZBE?<\/h2>\n<p>El crecimiento de la poblaci\u00f3n va en aumento a nivel mundial, y la gesti\u00f3n del crecimiento urbano es clave para el desarrollo y la movilidad urbana sostenible. \u00bfPor qu\u00e9 se deben implantar zonas de bajas emisiones en las ciudades?[\/vc_column_text][vc_empty_space height=\u00bb10px\u00bb][vc_raw_html]JTNDYnV0dG9uJTIwdHlwZSUzRCUyMmJ1dHRvbiUyMiUyMGNsYXNzJTNEJTIycWJ1dHRvbiUyMCUyMGlwei1idXR0b24lMjIlMjBkYXRhLWhvc3QlM0QlMjJpbmdhcnRlay5pcHptYXJrZXRpbmcuY29tJTIyJTIwZGF0YS1wcm90b2NvbCUzRCUyMmh0dHBzJTIyJTIwZGF0YS10b2tlbiUzRCUyMmhlUVBUVWlLWU1FJTIyJTNFU3VzY3IlQzMlQURiZXRlJTIwcGFyYSUyMHZlciUyMGVsJTIwV2ViaW5hciUzQyUyRmJ1dHRvbiUzRQ==[\/vc_raw_html][vc_empty_space height=\u00bb50px\u00bb][\/vc_column][vc_column width=\u00bb1\/3&#8243;][vc_single_image image=\u00bb28296&#8243; img_size=\u00bbfull\u00bb qode_css_animation=\u00bb\u00bb][vc_empty_space height=\u00bb10px\u00bb][vc_column_text]<\/p>\n<h2>Retos de la electrificaci\u00f3n de la movilidad<\/h2>\n<p>La movilidad el\u00e9ctrica ya se ha instaurado en nuestra sociedad. Cada d\u00eda aumenta el n\u00famero de veh\u00edculos el\u00e9ctricos. Pero, \u00bfcu\u00e1les son los retos principales que trae consigo la electrificaci\u00f3n de la movilidad?[\/vc_column_text][vc_empty_space height=\u00bb10px\u00bb][vc_raw_html]JTNDYnV0dG9uJTIwdHlwZSUzRCUyMmJ1dHRvbiUyMiUyMGNsYXNzJTNEJTIycWJ1dHRvbiUyMCUyMGlwei1idXR0b24lMjIlMjBkYXRhLWhvc3QlM0QlMjJpbmdhcnRlay5pcHptYXJrZXRpbmcuY29tJTIyJTIwZGF0YS1wcm90b2NvbCUzRCUyMmh0dHBzJTIyJTIwZGF0YS10b2tlbiUzRCUyMmhVQnpqcGVpdHBVJTIyJTNFU3VzY3IlQzMlQURiZXRlJTIwcGFyYSUyMHZlciUyMGVsJTIwV2ViaW5hciUzQyUyRmJ1dHRvbiUzRQ==[\/vc_raw_html][vc_empty_space height=\u00bb50px\u00bb][\/vc_column][vc_column width=\u00bb1\/3&#8243;][vc_single_image image=\u00bb26029&#8243; img_size=\u00bbfull\u00bb qode_css_animation=\u00bb\u00bb][vc_empty_space height=\u00bb10px\u00bb][vc_column_text]<\/p>\n<h2>IDDIGO: Almacenaje, gesti\u00f3n y an\u00e1lisis de comportamiento de ciudades<\/h2>\n<p>IDDIGO es una plataforma online para el almacenaje, la gesti\u00f3n y el an\u00e1lisis de indicadores de comportamiento y rendimiento de las ciudades espa\u00f1olas. Dicha plataforma cuenta con m\u00e1s de 800 indicadores urbanos, los cuales van en aumento, y utiliza tecnolog\u00edas como el machine learning y la inteligencia artificial.[\/vc_column_text][vc_empty_space height=\u00bb10px\u00bb][vc_raw_html]JTNDYnV0dG9uJTIwdHlwZSUzRCUyMmJ1dHRvbiUyMiUyMGNsYXNzJTNEJTIycWJ1dHRvbiUyMCUyMGlwei1idXR0b24lMjIlMjBkYXRhLWhvc3QlM0QlMjJpbmdhcnRlay5pcHptYXJrZXRpbmcuY29tJTIyJTIwZGF0YS1wcm90b2NvbCUzRCUyMmh0dHBzJTIyJTIwZGF0YS10b2tlbiUzRCUyMnBLX3V3X2ItTEhzJTIyJTNFU3VzY3IlQzMlQURiZXRlJTIwcGFyYSUyMHZlciUyMGVsJTIwV2ViaW5hciUzQyUyRmJ1dHRvbiUzRQ==[\/vc_raw_html][vc_empty_space height=\u00bb50px\u00bb][\/vc_column][\/vc_row][vc_row css_animation=\u00bb\u00bb row_type=\u00bbrow\u00bb use_row_as_full_screen_section=\u00bbno\u00bb type=\u00bbfull_width\u00bb angled_section=\u00bbno\u00bb text_align=\u00bbleft\u00bb background_image_as_pattern=\u00bbwithout_pattern\u00bb][vc_column][vc_raw_js]JTNDc2NyaXB0JTIwZGF0YS1jZmFzeW5jJTNEJTIyZmFsc2UlMjIlMjB0eXBlJTNEJTIydGV4dCUyRmphdmFzY3JpcHQlMjIlMjBzcmMlM0QlMjJodHRwcyUzQSUyRiUyRmFzc2V0cy5pcHptYXJrZXRpbmcuY29tJTJGYXNzZXRzJTJGc2lnbnVwX2Zvcm0lMkZ2MS5qcyUyMiUzRSUzQyUyRnNjcmlwdCUzRSUwQSUwQSUzQyUyMS0tJTIwRXZlbnQlMjBzbmlwcGV0JTIwZm9yJTIwV2ViaW5hcnMlMjBjb252ZXJzaW9uJTIwcGFnZSUyMC0tJTNFJTBBJTNDc2NyaXB0JTNFJTBBJTIwJTIwZ3RhZyUyOCUyN2V2ZW50JTI3JTJDJTIwJTI3Y29udmVyc2lvbiUyNyUyQyUyMCU3QiUyN3NlbmRfdG8lMjclM0ElMjAlMjdBVy04MDI5NTA2MzUlMkZfSHcwQ0lqQzlwTVlFT3ViOFA0QyUyNyU3RCUyOSUzQiUwQSUzQyUyRnNjcmlwdCUzRSUwQQ==[\/vc_raw_js][\/vc_column][\/vc_row][vc_row css_animation=\u00bb\u00bb row_type=\u00bbrow\u00bb use_row_as_full_screen_section=\u00bbno\u00bb type=\u00bbfull_width\u00bb angled_section=\u00bbno\u00bb text_align=\u00bbleft\u00bb background_image_as_pattern=\u00bbwithout_pattern\u00bb][vc_column][vc_separator type=\u00bbnormal\u00bb thickness=\u00bb2&#8243; up=\u00bb40&#8243; down=\u00bb40&#8243;][\/vc_column][\/vc_row]<\/p>\n<\/div>","protected":false},"excerpt":{"rendered":"<p>[vc_row css_animation=\u00bb\u00bb row_type=\u00bbrow\u00bb use_row_as_full_screen_section=\u00bbno\u00bb type=\u00bbfull_width\u00bb angled_section=\u00bbno\u00bb text_align=\u00bbleft\u00bb background_image_as_pattern=\u00bbwithout_pattern\u00bb][vc_column width=\u00bb1\/3&#8243;][vc_single_image image=\u00bb28350&#8243; img_size=\u00bbfull\u00bb qode_css_animation=\u00bb\u00bb][vc_empty_space height=\u00bb10px\u00bb][vc_column_text] La clave de los Planes de Movilidad Urbana Sostenible (PMUS) Claves de realizaci\u00f3n e implantaci\u00f3n de un PMUS, que es una herramienta esencial para abordar los desaf\u00edos&#8230;<\/p>\n","protected":false},"author":2,"featured_media":0,"parent":0,"menu_order":0,"comment_status":"open","ping_status":"closed","template":"blog-large-image-with-dividers.php","meta":{"content-type":"","footnotes":""},"class_list":["post-9894","page","type-page","status-publish","hentry"],"_links":{"self":[{"href":"https:\/\/www.ingartek.com\/es\/wp-json\/wp\/v2\/pages\/9894","targetHints":{"allow":["GET"]}}],"collection":[{"href":"https:\/\/www.ingartek.com\/es\/wp-json\/wp\/v2\/pages"}],"about":[{"href":"https:\/\/www.ingartek.com\/es\/wp-json\/wp\/v2\/types\/page"}],"author":[{"embeddable":true,"href":"https:\/\/www.ingartek.com\/es\/wp-json\/wp\/v2\/users\/2"}],"replies":[{"embeddable":true,"href":"https:\/\/www.ingartek.com\/es\/wp-json\/wp\/v2\/comments?post=9894"}],"version-history":[{"count":0,"href":"https:\/\/www.ingartek.com\/es\/wp-json\/wp\/v2\/pages\/9894\/revisions"}],"wp:attachment":[{"href":"https:\/\/www.ingartek.com\/es\/wp-json\/wp\/v2\/media?parent=9894"}],"curies":[{"name":"wp","href":"https:\/\/api.w.org\/{rel}","templated":true}]}}