{"id":26209,"date":"2023-05-08T12:25:01","date_gmt":"2023-05-08T11:25:01","guid":{"rendered":"https:\/\/www.ingartek.com\/?page_id=26209"},"modified":"2025-12-12T12:22:41","modified_gmt":"2025-12-12T11:22:41","slug":"plan-de-movilidad-al-centro-de-trabajo","status":"publish","type":"page","link":"https:\/\/www.ingartek.com\/es\/plan-de-movilidad-al-centro-de-trabajo\/","title":{"rendered":"Consultores expertos en plan de movilidad sostenible al trabajo"},"content":{"rendered":"<div class=\"wpb-content-wrapper\"><p>[vc_row css_animation=\u00bb\u00bb row_type=\u00bbrow\u00bb use_row_as_full_screen_section=\u00bbno\u00bb type=\u00bbgrid\u00bb angled_section=\u00bbno\u00bb text_align=\u00bbcenter\u00bb background_image_as_pattern=\u00bbwithout_pattern\u00bb z_index=\u00bb\u00bb padding_top=\u00bb50&#8243; padding_bottom=\u00bb60&#8243; css=\u00bb.vc_custom_1702823411206{background-color: #e8e8e8 !important;}\u00bb][vc_column][vc_column_text css=\u00bb\u00bb]<\/p>\n<p style=\"text-align: center; font-size: 26px; line-height: 38px; max-width: 900px; margin: auto;\"><span style=\"color: #8b1f1c;\">A trav\u00e9s de nuestra metodolog\u00eda innovadora, te realizamos un dise\u00f1o y su posterior seguimiento, consiguiendo un ahorro de coste y tiempo.<br \/>\n<\/span><\/p>\n<p>[\/vc_column_text][vc_empty_space]<a  itemprop=\"url\" href=\"https:\/\/www.ingartek.com\/es\/quienes-somos\/#equipo\" target=\"_blank\"  class=\"qbutton  center default\" style=\"\">Conoce nuestro equipo<i class=\"qode_icon_font_awesome_5 fa5 fa fa-users qode_button_icon_element\"><\/i><\/a>[\/vc_column][\/vc_row][vc_row css_animation=\u00bb\u00bb row_type=\u00bbrow\u00bb use_row_as_full_screen_section=\u00bbno\u00bb type=\u00bbgrid\u00bb angled_section=\u00bbno\u00bb text_align=\u00bbleft\u00bb background_image_as_pattern=\u00bbwithout_pattern\u00bb z_index=\u00bb\u00bb padding_top=\u00bb50&#8243; padding_bottom=\u00bb40&#8243;][vc_column][vc_row_inner row_type=\u00bbrow\u00bb type=\u00bbfull_width\u00bb text_align=\u00bbleft\u00bb css_animation=\u00bb\u00bb][vc_column_inner][vc_column_text css=\u00bb\u00bb]<\/p>\n<h2>Plan de Movilidad Sostenible al Trabajo<\/h2>\n<p>Un <em><strong>Plan de Movilidad al Trabajo<\/strong><\/em> es un conjunto de medidas que una empresa adopta para promover el uso de medios de transporte sostenibles entre sus personas empleadas, como bicicletas, transporte p\u00fablico o veh\u00edculos compartidos y minimizar la huella de carbono. Estrategia dise\u00f1ada para abordar los desaf\u00edos fundamentales de la empresa.[\/vc_column_text][vc_empty_space height=\u00bb20px\u00bb][\/vc_column_inner][\/vc_row_inner][vc_row_inner row_type=\u00bbrow\u00bb type=\u00bbfull_width\u00bb text_align=\u00bbleft\u00bb css_animation=\u00bb\u00bb][vc_column_inner width=\u00bb1\/2&#8243;][vc_column_text css=\u00bb\u00bb]El objetivo de un plan de movilidad al trabajo es<b> mejorar la calidad de vida de las personas empleadas, su seguridad, as\u00ed como la reducci\u00f3n del tr\u00e1fico y la contaminaci\u00f3n en el entorno<\/b>.<\/p>\n<p>Dise\u00f1amos Planes de Movilidad al Centro de Trabajo (PMCT) a medida para cada empresa, teniendo en cuenta las necesidades espec\u00edficas de cada centro de trabajo y las de sus empleados.<\/p>\n<p>Olv\u00eddate de meses de esfuerzo y adelantate a las regulaciones. Cont\u00e1ctanos ahora y descubre c\u00f3mo podemos ayudarte <b>a implementar un plan de movilidad al trabajo eficaz para tu empresa<\/b>.[\/vc_column_text][vc_empty_space height=\u00bb20px\u00bb]<a id=\"boton_contacto_medio_plan_movilidad_trabajo\" itemprop=\"url\" href=\"#contacto-plan-movilidad-trabajo\" target=\"_self\" data-hover-background-color=\"#000000\" data-hover-color=\"#ffffff\" class=\"qbutton  large center default\" style=\"color: #ffffff; margin: 25px 0px; border-radius: Rounded cornerspx;-moz-border-radius: Rounded cornerspx;-webkit-border-radius: Rounded cornerspx; background-color:#8b1f1c;\">Contacta con nosotros<\/a>[\/vc_column_inner][vc_column_inner width=\u00bb1\/2&#8243;][vc_gallery interval=\u00bb3&#8243; images=\u00bb23499,23502,23505,23508&#8243; img_size=\u00bbfull\u00bb onclick=\u00bb\u00bb css=\u00bb\u00bb][\/vc_column_inner][\/vc_row_inner][vc_empty_space height=\u00bb20px\u00bb][\/vc_column][\/vc_row][vc_row css_animation=\u00bb\u00bb row_type=\u00bbrow\u00bb use_row_as_full_screen_section=\u00bbno\u00bb type=\u00bbgrid\u00bb angled_section=\u00bbno\u00bb text_align=\u00bbleft\u00bb background_image_as_pattern=\u00bbwithout_pattern\u00bb z_index=\u00bb\u00bb css=\u00bb.vc_custom_1702823462521{background-color: #e8e8e8 !important;}\u00bb padding_top=\u00bb70&#8243; padding_bottom=\u00bb60&#8243;][vc_column][vc_column_text css=\u00bb\u00bb]<\/p>\n<h3 style=\"text-align: center;\">Plan de Movilidad Sostenible de Euskadi<\/h3>\n<p style=\"text-align: center; font-size: 26px; line-height: 38px; max-width: 800px; margin: auto;\">En el Pa\u00eds Vasco, las sanciones por no disponer de un PMCT pueden rondar entorno a los 12.000 y 50.000\u20ac.<\/p>\n<p>[\/vc_column_text][vc_separator type=\u00bbnormal\u00bb color=\u00bb#ffffff\u00bb][vc_row_inner row_type=\u00bbrow\u00bb type=\u00bbfull_width\u00bb text_align=\u00bbcenter\u00bb css_animation=\u00bb\u00bb el_class=\u00bbbotones-contacto\u00bb][vc_column_inner width=\u00bb1\/2&#8243; css=\u00bb.vc_custom_1695891248163{padding: 30px !important;}\u00bb]<span data-type=\"circle\" data-hover-bg-color=\"rgba(255,255,255,0.01)\" data-hover-icon-color=\"#8b1f1c\" class=\"qode_icon_shortcode fa-stack q_font_awsome_icon_stack fa-3x pull-center q_icon_animation\" style=\"font-size: 30px;font-size: 30px; \"><i class=\"fa fa-circle fa-stack-base fa-stack-2x\" style=\"color: rgba(255,255,255,0.01);\"><\/i><i class=\"qode_icon_font_awesome_5 fa5 fa fa-envelope-circle-check qode_icon_element fa-stack-1x\" style=\"font-size: 30px;color: #8b1f1c;\" ><\/i><\/span>[vc_column_text]<\/p>\n<p style=\"text-align: center; font-size: 20px; font-weight: 600;\">\u00bfTe avisamos cuando sea obligatorio?<\/p>\n<p>[\/vc_column_text][vc_empty_space height=\u00bb20px\u00bb][vc_raw_html]JTNDYnV0dG9uJTIwdHlwZSUzRCUyMmJ1dHRvbiUyMiUyMGNsYXNzJTNEJTIycWJ1dHRvbiUyMGlwei1idXR0b24lMjIlMjBkYXRhLWhvc3QlM0QlMjJpbmdhcnRlay5pcHptYXJrZXRpbmcuY29tJTIyJTIwZGF0YS1wcm90b2NvbCUzRCUyMmh0dHBzJTIyJTIwZGF0YS10b2tlbiUzRCUyMmFuRXNRTkZNN2c0JTIyJTNFQXZpc2FkbWUlM0MlMkZidXR0b24lM0UlMEElM0NzY3JpcHQlMjBkYXRhLWNmYXN5bmMlM0QlMjJmYWxzZSUyMiUyMHR5cGUlM0QlMjJ0ZXh0JTJGamF2YXNjcmlwdCUyMiUyMHNyYyUzRCUyMmh0dHBzJTNBJTJGJTJGYXNzZXRzLmlwem1hcmtldGluZy5jb20lMkZhc3NldHMlMkZzaWdudXBfZm9ybSUyRnYxLmpzJTIyJTNFJTNDJTJGc2NyaXB0JTNF[\/vc_raw_html][\/vc_column_inner][vc_column_inner width=\u00bb1\/2&#8243; css=\u00bb.vc_custom_1695891231944{padding: 30px !important;}\u00bb]<span data-type=\"circle\" data-hover-bg-color=\"rgba(255,255,255,0.01)\" data-hover-icon-color=\"#8b1f1c\" class=\"qode_icon_shortcode fa-stack q_font_awsome_icon_stack fa-3x pull-center q_icon_animation\" style=\"font-size: 30px;font-size: 30px; \"><i class=\"fa fa-circle fa-stack-base fa-stack-2x\" style=\"color: rgba(255,255,255,0.01);\"><\/i><i class=\"qode_icon_font_awesome_5 fa5 fa fa-handshake-simple qode_icon_element fa-stack-1x\" style=\"font-size: 30px;color: #8b1f1c;\" ><\/i><\/span>[vc_column_text]<\/p>\n<p style=\"text-align: center; font-size: 20px; font-weight: 600;\">\u00bfNos reunimos y estudiamos tu caso?<\/p>\n<p>[\/vc_column_text][vc_empty_space height=\u00bb20px\u00bb]<a id=\"boton_reunirnos_plan_movilidad_trabajo\" itemprop=\"url\" href=\"#contacto-plan-movilidad-trabajo\" target=\"_self\" data-hover-background-color=\"#000000\" data-hover-color=\"#ffffff\" class=\"qbutton  medium center default\" style=\"color: #ffffff; border-radius: Rounded cornerspx;-moz-border-radius: Rounded cornerspx;-webkit-border-radius: Rounded cornerspx; background-color:#8b1f1c;\">Programar una reuni\u00f3n<\/a>[\/vc_column_inner][\/vc_row_inner][\/vc_column][\/vc_row][vc_row css_animation=\u00bb\u00bb row_type=\u00bbrow\u00bb use_row_as_full_screen_section=\u00bbno\u00bb type=\u00bbgrid\u00bb angled_section=\u00bbno\u00bb text_align=\u00bbleft\u00bb background_image_as_pattern=\u00bbwithout_pattern\u00bb z_index=\u00bb\u00bb][vc_column][vc_empty_space height=\u00bb70px\u00bb][vc_column_text]<\/p>\n<h2 style=\"text-align: center; font-size: 26px; line-height: 35px;\"><span style=\"color: #8b1f1c;\">Proyectos hechos por Ingartek relacionados con este servicio.<\/span><\/h2>\n<p>[\/vc_column_text][vc_separator type=\u00bbnormal\u00bb color=\u00bb#cccccc\u00bb thickness=\u00bb2&#8243; up=\u00bb15&#8243; down=\u00bb30&#8243;]<div class='projects_holder_outer v3 portfolio_with_space portfolio_standard'>\n        <div class='projects_holder portfolio_main_holder clearfix v3 standard portfolio_full_image portfolio_one_by_one'>\n        \n        <article class='mix portfolio_category_1673 default' style=''>\n    \n    \n    \n    \n            <div class=\"item_holder thin_plus_only\">\n\n                    <div class=\"text_holder\">\n        <div class=\"text_holder_outer\">\n            <div class=\"text_holder_inner\">\n                            <span class=\"thin_plus_only_icon\">+<\/span>\n                        <\/div>\n        <\/div>\n    <\/div>\n\n                                    <a itemprop=\"url\" class=\"portfolio_link_class\" title=\"Plan de Movilidad al Parque Comercial de MEGAPARK\" href=\"https:\/\/www.ingartek.com\/es\/proyecto\/plan-de-movilidad-al-parque-comercial-de-megapark\/\"><\/a>\n                \n                <div style=\"\" class=\"portfolio_shader\"><\/div>\n                <div class=\"image_holder\">\n                    \n<span class='image'><img loading=\"lazy\" decoding=\"async\" width=\"600\" height=\"400\" src=\"https:\/\/www.ingartek.com\/wp-content\/uploads\/2023\/07\/ingartek-proyecto-megapark.jpg\" class=\"attachment-full size-full wp-post-image\" alt=\"Proeycto Plan de Movilidad al Parque Comercial de MEGAPARK\" srcset=\"https:\/\/www.ingartek.com\/wp-content\/uploads\/2023\/07\/ingartek-proyecto-megapark.jpg 600w, https:\/\/www.ingartek.com\/wp-content\/uploads\/2023\/07\/ingartek-proyecto-megapark-300x200.jpg 300w\" sizes=\"auto, (max-width: 600px) 100vw, 600px\" title=\"\"><\/span>                <\/div>\n            <\/div>\n\n                <div class='portfolio_description text_align_center' >\n\n        \n    <h3 itemprop=\"name\" class=\"portfolio_title entry_title\"><a itemprop=\"url\" href=\"https:\/\/www.ingartek.com\/es\/proyecto\/plan-de-movilidad-al-parque-comercial-de-megapark\/\" style=\"color: #000000\" target=\"_self\"> Plan de Movilidad al Parque Comercial de MEGAPARK<\/a><\/h3>\n\n\n        \n        \n    <\/div>\n\n        \n<\/article>\n<article class='mix portfolio_category_1673 default' style=''>\n    \n    \n    \n    \n            <div class=\"item_holder thin_plus_only\">\n\n                    <div class=\"text_holder\">\n        <div class=\"text_holder_outer\">\n            <div class=\"text_holder_inner\">\n                            <span class=\"thin_plus_only_icon\">+<\/span>\n                        <\/div>\n        <\/div>\n    <\/div>\n\n                                    <a itemprop=\"url\" class=\"portfolio_link_class\" title=\"Plan de Movilidad al Centro de Trabajo de Salica Industria Alimentaria S.A\" href=\"https:\/\/www.ingartek.com\/es\/proyecto\/plan-de-movilidad-al-centro-de-trabajo-de-salica-industria-alimentaria-s-a\/\"><\/a>\n                \n                <div style=\"\" class=\"portfolio_shader\"><\/div>\n                <div class=\"image_holder\">\n                    \n<span class='image'><img loading=\"lazy\" decoding=\"async\" width=\"600\" height=\"400\" src=\"https:\/\/www.ingartek.com\/wp-content\/uploads\/2023\/07\/proyecto-ingartek-BERMIBUSA1.jpg\" class=\"attachment-full size-full wp-post-image\" alt=\"Plan de Movilidad al Centro de Trabajo de Salica Industria Alimentaria S.L.\" srcset=\"https:\/\/www.ingartek.com\/wp-content\/uploads\/2023\/07\/proyecto-ingartek-BERMIBUSA1.jpg 600w, https:\/\/www.ingartek.com\/wp-content\/uploads\/2023\/07\/proyecto-ingartek-BERMIBUSA1-300x200.jpg 300w\" sizes=\"auto, (max-width: 600px) 100vw, 600px\" title=\"\"><\/span>                <\/div>\n            <\/div>\n\n                <div class='portfolio_description text_align_center' >\n\n        \n    <h3 itemprop=\"name\" class=\"portfolio_title entry_title\"><a itemprop=\"url\" href=\"https:\/\/www.ingartek.com\/es\/proyecto\/plan-de-movilidad-al-centro-de-trabajo-de-salica-industria-alimentaria-s-a\/\" style=\"color: #000000\" target=\"_self\"> Plan de Movilidad al Centro de Trabajo de Salica Industria Alimentaria S.A<\/a><\/h3>\n\n\n        \n        \n    <\/div>\n\n        \n<\/article>\n<article class='mix portfolio_category_1673 default' style=''>\n    \n    \n    \n    \n            <div class=\"item_holder thin_plus_only\">\n\n                    <div class=\"text_holder\">\n        <div class=\"text_holder_outer\">\n            <div class=\"text_holder_inner\">\n                            <span class=\"thin_plus_only_icon\">+<\/span>\n                        <\/div>\n        <\/div>\n    <\/div>\n\n                                    <a itemprop=\"url\" class=\"portfolio_link_class\" title=\"Plan de Movilidad al centro de trabajo de EROSKI S. COOP\" href=\"https:\/\/www.ingartek.com\/es\/proyecto\/plan-de-movilidad-al-centro-de-trabajo-de-eroski-s-coop\/\"><\/a>\n                \n                <div style=\"\" class=\"portfolio_shader\"><\/div>\n                <div class=\"image_holder\">\n                    \n<span class='image'><img loading=\"lazy\" decoding=\"async\" width=\"600\" height=\"400\" src=\"https:\/\/www.ingartek.com\/wp-content\/uploads\/2023\/07\/ingartek-PMCT-eroski.jpg\" class=\"attachment-full size-full wp-post-image\" alt=\"\" srcset=\"https:\/\/www.ingartek.com\/wp-content\/uploads\/2023\/07\/ingartek-PMCT-eroski.jpg 600w, https:\/\/www.ingartek.com\/wp-content\/uploads\/2023\/07\/ingartek-PMCT-eroski-300x200.jpg 300w\" sizes=\"auto, (max-width: 600px) 100vw, 600px\" title=\"\"><\/span>                <\/div>\n            <\/div>\n\n                <div class='portfolio_description text_align_center' >\n\n        \n    <h3 itemprop=\"name\" class=\"portfolio_title entry_title\"><a itemprop=\"url\" href=\"https:\/\/www.ingartek.com\/es\/proyecto\/plan-de-movilidad-al-centro-de-trabajo-de-eroski-s-coop\/\" style=\"color: #000000\" target=\"_self\"> Plan de Movilidad al centro de trabajo de EROSKI S. COOP<\/a><\/h3>\n\n\n        \n        \n    <\/div>\n\n        \n<\/article>\n        <div class='filler'><\/div>\n            <div class='filler'><\/div>\n            <div class='filler'><\/div>\n        <\/div>\n\n    \n    <\/div>[\/vc_column][\/vc_row][vc_row css_animation=\u00bb\u00bb row_type=\u00bbrow\u00bb use_row_as_full_screen_section=\u00bbno\u00bb type=\u00bbgrid\u00bb angled_section=\u00bbno\u00bb text_align=\u00bbleft\u00bb background_image_as_pattern=\u00bbwithout_pattern\u00bb z_index=\u00bb\u00bb padding_top=\u00bb70&#8243; padding_bottom=\u00bb70&#8243;][vc_column][vc_column_text]<\/p>\n<p style=\"text-align: center; font-size: 24px; line-height: 35px;\"><span style=\"color: #8b1f1c;\">El principal objetivo de aplicar estos planes de movilidad al trabajo <strong>es buscar una manera m\u00e1s eficiente, racional y respetuosa con el medio ambiente de desplazarse para reducir el impacto negativo de los desplazamientos al centro de trabajo<\/strong>.<\/span><\/p>\n<p>[\/vc_column_text][vc_empty_space height=\u00bb25px\u00bb][vc_row_inner row_type=\u00bbrow\u00bb type=\u00bbfull_width\u00bb text_align=\u00bbleft\u00bb css_animation=\u00bb\u00bb][vc_column_inner width=\u00bb1\/4&#8243;][vc_empty_space]<div class=\"q_counter_holder  center boxed_counter\" style=\"\" data-digit=\"25%\"><span class=\"counter  random\" style=\"\">25%<\/span><p class=\"counter_text\" style=\"\">de reducci\u00f3n del tr\u00e1fico.<\/p><\/div>[vc_empty_space height=\u00bb20px\u00bb][\/vc_column_inner][vc_column_inner width=\u00bb1\/4&#8243;][vc_empty_space]<div class=\"q_counter_holder  center boxed_counter\" style=\"\" data-digit=\"30%\"><span class=\"counter  random\" style=\"\">30%<\/span><p class=\"counter_text\" style=\"\">de reducci\u00f3n de emisiones de gases de efecto invernadero<\/p><\/div>[vc_empty_space height=\u00bb20px\u00bb][\/vc_column_inner][vc_column_inner width=\u00bb1\/4&#8243;][vc_empty_space]<div class=\"q_counter_holder  center boxed_counter\" style=\"\" data-digit=\"10%\"><span class=\"counter  random\" style=\"\">10%<\/span><p class=\"counter_text\" style=\"\">de aumento en la productividad de los empleados<\/p><\/div>[vc_empty_space height=\u00bb20px\u00bb][\/vc_column_inner][vc_column_inner width=\u00bb1\/4&#8243;][vc_empty_space]<div class=\"q_counter_holder  center boxed_counter\" style=\"\" data-digit=\"20%\"><span class=\"counter  random\" style=\"\">20%<\/span><p class=\"counter_text\" style=\"\">de reducci\u00f3n en los costos de transporte para las empresas<\/p><\/div>[vc_empty_space height=\u00bb20px\u00bb][\/vc_column_inner][\/vc_row_inner][\/vc_column][\/vc_row][vc_row css_animation=\u00bb\u00bb row_type=\u00bbrow\u00bb use_row_as_full_screen_section=\u00bbno\u00bb type=\u00bbgrid\u00bb angled_section=\u00bbno\u00bb text_align=\u00bbleft\u00bb background_image_as_pattern=\u00bbwithout_pattern\u00bb css=\u00bb.vc_custom_1703001636502{background-color: #e8e8e8 !important;}\u00bb z_index=\u00bb\u00bb padding_top=\u00bb60&#8243; padding_bottom=\u00bb40&#8243;][vc_column width=\u00bb1\/2&#8243;][vc_column_text]<\/p>\n<p style=\"max-width: 480px; font-size: 28px; font-weight: 600; text-align: left; color: #8b1f1c; line-height: 40px;\">\u00a1Descubre los Beneficios de implantar un Plan de Movilidad al Trabajo!<\/p>\n<p>[\/vc_column_text][vc_column_text]<\/p>\n<p style=\"text-align: left; font-size: 18px; line-height: 1.6;\">Enfrenta los retos de infraestructura de manera efectiva. Evita la congesti\u00f3n de estacionamiento y mejora la eficiencia de tus instalaciones con nuestra soluci\u00f3n pr\u00e1ctica. Reducci\u00f3n de costos. Imagen corporativa y responsabilidad social (RSC).<\/p>\n<p>[\/vc_column_text][vc_empty_space][vc_raw_html]JTNDYnV0dG9uJTIwdHlwZSUzRCUyMmJ1dHRvbiUyMiUyMGNsYXNzJTNEJTIycWJ1dHRvbiUyMGlwei1idXR0b24lMjIlMjBkYXRhLWhvc3QlM0QlMjJpbmdhcnRlay5pcHptYXJrZXRpbmcuY29tJTIyJTIwZGF0YS1wcm90b2NvbCUzRCUyMmh0dHBzJTIyJTIwZGF0YS10b2tlbiUzRCUyMlZabl9HYTJ0bXVZJTIyJTNFJUMyJUJGUXVpZXJlcyUyMHVuJTIwaW5mb3JtZSUyMGRldGFsbGFkbyUzRiUzQyUyRmJ1dHRvbiUzRQ==[\/vc_raw_html][vc_empty_space height=\u00bb40px\u00bb][\/vc_column][vc_column width=\u00bb1\/2&#8243;][vc_column_text]<\/p>\n<p style=\"max-width: 480px; font-size: 28px; font-weight: 600; text-align: left; color: #8b1f1c; line-height: 40px;\">Inconvenientes de hacer tu Plan de forma interna y convencional<\/p>\n<p>[\/vc_column_text][vc_empty_space height=\u00bb15px\u00bb][vc_column_text]<\/p>\n<ul style=\"margin-left: 25px;\">\n<li><em>Suele convertirse en un proceso interminable<\/em><\/li>\n<li><em>Datos poco fiables<\/em><\/li>\n<li><em>Inversi\u00f3n de mucho tiempo y dinero<\/em><\/li>\n<li><em>Falta de datos de movilidad<\/em><\/li>\n<li><em>Bajo compromiso de los empleados<\/em><\/li>\n<li><em>Dificultad para cambiar a h\u00e1bitos m\u00e1s sostenibles<\/em><\/li>\n<\/ul>\n<p>[\/vc_column_text][vc_empty_space height=\u00bb20px\u00bb][\/vc_column][\/vc_row][vc_row css_animation=\u00bb\u00bb row_type=\u00bbrow\u00bb use_row_as_full_screen_section=\u00bbno\u00bb type=\u00bbgrid\u00bb angled_section=\u00bbno\u00bb text_align=\u00bbcenter\u00bb background_image_as_pattern=\u00bbwithout_pattern\u00bb z_index=\u00bb\u00bb padding_top=\u00bb60&#8243; padding_bottom=\u00bb60&#8243;][vc_column][vc_column_text]<\/p>\n<h2 style=\"text-align: center; font-size: 30px; line-height: 40px; text-transform: none; max-width: 640px; margin: auto;\">Todo lo que tienes que saber sobre un Plan de Movilidad al Trabajo<\/h2>\n<p>[\/vc_column_text][vc_empty_space height=\u00bb35px\u00bb][vc_raw_html]JTNDYnV0dG9uJTIwY2xhc3MlM0QlMjJxYnV0dG9uJTIwaXB6LWJ1dHRvbiUyMiUyMHR5cGUlM0QlMjJidXR0b24lMjIlMjBkYXRhLWhvc3QlM0QlMjJpbmdhcnRlay5pcHptYXJrZXRpbmcuY29tJTIyJTIwZGF0YS1wcm90b2NvbCUzRCUyMmh0dHBzJTIyJTIwZGF0YS10b2tlbiUzRCUyMjAwR2t3LXVLMkt3JTIyJTNFU3VzY3JpYmV0ZSUyMHBhcmElMjB2ZXIlMjBlbCUyMFdlYmluYXIlM0MlMkZidXR0b24lM0UlMEE=[\/vc_raw_html][vc_empty_space height=\u00bb35px\u00bb][vc_raw_html]JTNDYnV0dG9uJTIwY2xhc3MlM0QlMjJpcHotYnV0dG9uJTIyJTIwdHlwZSUzRCUyMmJ1dHRvbiUyMiUyMGRhdGEtaG9zdCUzRCUyMmluZ2FydGVrLmlwem1hcmtldGluZy5jb20lMjIlMjBkYXRhLXByb3RvY29sJTNEJTIyaHR0cHMlMjIlMjBkYXRhLXRva2VuJTNEJTIyaGVRUFRVaUtZTUUlMjIlM0UlM0NpbWclMjBjbGFzcyUzRCUyMnZjX3NpbmdsZV9pbWFnZS1pbWclMjAlMjIlMjB0aXRsZSUzRCUyMndlYmluYXItaW5nYXJ0ZWslMjIlMjBzcmMlM0QlMjJodHRwcyUzQSUyRiUyRnd3dy5pbmdhcnRlay5jb20lMkZ3cC1jb250ZW50JTJGdXBsb2FkcyUyRjIwMjMlMkYxMiUyRndlYmluYXItUE1DVC5qcGclMjIlMjBhbHQlM0QlMjJ3ZWJpbmFyLWluZ2FydGVrJTIyJTIwd2lkdGglM0QlMjI3MDAlMjIlMjBoZWlnaHQlM0QlMjJhdXRvJTIyJTIwJTJGJTNFJTNDJTJGYnV0dG9uJTNFJTBBJTNDc2NyaXB0JTIwZGF0YS1jZmFzeW5jJTNEJTIyZmFsc2UlMjIlMjB0eXBlJTNEJTIydGV4dCUyRmphdmFzY3JpcHQlMjIlMjBzcmMlM0QlMjJodHRwcyUzQSUyRiUyRmFzc2V0cy5pcHptYXJrZXRpbmcuY29tJTJGYXNzZXRzJTJGc2lnbnVwX2Zvcm0lMkZ2MS5qcyUyMiUzRSUzQyUyRnNjcmlwdCUzRQ==[\/vc_raw_html][\/vc_column][\/vc_row][vc_row css_animation=\u00bb\u00bb row_type=\u00bbrow\u00bb use_row_as_full_screen_section=\u00bbno\u00bb type=\u00bbfull_width\u00bb angled_section=\u00bbno\u00bb text_align=\u00bbleft\u00bb background_image_as_pattern=\u00bbwithout_pattern\u00bb css=\u00bb.vc_custom_1683545956949{background: #4c4c4c url(https:\/\/www.ingartek.com\/wp-content\/uploads\/2022\/03\/fondo-trafico-plan-movilidad.jpg?id=23535) !important;}\u00bb z_index=\u00bb\u00bb padding_top=\u00bb70&#8243; padding_bottom=\u00bb70&#8243; side_padding=\u00bb2%\u00bb][vc_column][vc_row_inner row_type=\u00bbrow\u00bb type=\u00bbgrid\u00bb text_align=\u00bbleft\u00bb css_animation=\u00bb\u00bb el_id=\u00bbcontacto-plan-movilidad-trabajo\u00bb][vc_column_inner][vc_column_text]<\/p>\n<h2 style=\"text-align: center; font-size: 40px; color: #8b1f1c; text-transform: none; font-weight: bold;\"><span style=\"color: #ffffff;\">Contacta con Nosotros<\/span><\/h2>\n<p>[\/vc_column_text][vc_column_text]<\/p>\n<p style=\"text-align: center; font-size: 22px; line-height: 35px; color: #ffffff;\">No esperes m\u00e1s para mejorar la movilidad y el bienestar de tus empleados, cont\u00e1ctanos ahora y descubre c\u00f3mo podemos ayudarte a implementar un plan de movilidad al trabajo eficaz para tu empresa.<\/p>\n<p>[\/vc_column_text][\/vc_column_inner][\/vc_row_inner][\/vc_column][\/vc_row][vc_row css_animation=\u00bb\u00bb row_type=\u00bbrow\u00bb use_row_as_full_screen_section=\u00bbno\u00bb type=\u00bbfull_width\u00bb angled_section=\u00bbno\u00bb text_align=\u00bbleft\u00bb background_image_as_pattern=\u00bbwithout_pattern\u00bb css=\u00bb.vc_custom_1727359949209{margin-top: 0px !important;margin-right: 0px !important;margin-bottom: 0px !important;margin-left: 0px !important;padding-top: 40px !important;padding-right: 30px !important;padding-bottom: 40px !important;padding-left: 30px !important;background-color: #eeeeee !important;}\u00bb z_index=\u00bb\u00bb][vc_column el_id=\u00bbcontacto-plan-movilidad\u00bb][vc_row_inner row_type=\u00bbrow\u00bb type=\u00bbgrid\u00bb text_align=\u00bbcenter\u00bb css_animation=\u00bb\u00bb][vc_column_inner width=\u00bb1\/6&#8243;][\/vc_column_inner][vc_column_inner width=\u00bb2\/3&#8243;][vc_empty_space][vc_raw_js]JTNDc2NyaXB0JTIwY2hhcnNldCUzRCUyMnV0Zi04JTIyJTIwdHlwZSUzRCUyMnRleHQlMkZqYXZhc2NyaXB0JTIyJTIwc3JjJTNEJTIyJTJGJTJGanMuaHNmb3Jtcy5uZXQlMkZmb3JtcyUyRmVtYmVkJTJGdjIuanMlMjIlM0UlM0MlMkZzY3JpcHQlM0UlMEElM0NzY3JpcHQlM0UlMEElMjAlMjBoYnNwdC5mb3Jtcy5jcmVhdGUlMjglN0IlMEElMjAlMjAlMjAlMjByZWdpb24lM0ElMjAlMjJuYTElMjIlMkMlMEElMjAlMjAlMjAlMjBwb3J0YWxJZCUzQSUyMCUyMjQ3ODc5ODklMjIlMkMlMEElMjAlMjAlMjAlMjBmb3JtSWQlM0ElMjAlMjIzMGZkMmJiNC02YTIxLTRmN2ItODU5Ny1iZTJmN2Q5MGU5YjklMjIlMEElMjAlMjAlN0QlMjklM0IlMEElM0MlMkZzY3JpcHQlM0U=[\/vc_raw_js][vc_empty_space][\/vc_column_inner][vc_column_inner width=\u00bb1\/6&#8243;][\/vc_column_inner][\/vc_row_inner][\/vc_column][\/vc_row]<\/p>\n<\/div>","protected":false},"excerpt":{"rendered":"<p>[vc_row css_animation=\u00bb\u00bb row_type=\u00bbrow\u00bb use_row_as_full_screen_section=\u00bbno\u00bb type=\u00bbgrid\u00bb angled_section=\u00bbno\u00bb text_align=\u00bbcenter\u00bb background_image_as_pattern=\u00bbwithout_pattern\u00bb z_index=\u00bb\u00bb padding_top=\u00bb50&#8243; padding_bottom=\u00bb60&#8243; css=\u00bb.vc_custom_1702823411206{background-color: #e8e8e8 !important;}\u00bb][vc_column][vc_column_text css=\u00bb\u00bb] A trav\u00e9s de nuestra metodolog\u00eda innovadora, te realizamos un dise\u00f1o y su posterior seguimiento, consiguiendo un ahorro de coste y tiempo. [\/vc_column_text][vc_empty_space][\/vc_column][\/vc_row][vc_row css_animation=\u00bb\u00bb row_type=\u00bbrow\u00bb use_row_as_full_screen_section=\u00bbno\u00bb&#8230;<\/p>\n","protected":false},"author":2,"featured_media":0,"parent":0,"menu_order":0,"comment_status":"closed","ping_status":"closed","template":"full_width.php","meta":{"content-type":"","footnotes":""},"class_list":["post-26209","page","type-page","status-publish","hentry"],"_links":{"self":[{"href":"https:\/\/www.ingartek.com\/es\/wp-json\/wp\/v2\/pages\/26209","targetHints":{"allow":["GET"]}}],"collection":[{"href":"https:\/\/www.ingartek.com\/es\/wp-json\/wp\/v2\/pages"}],"about":[{"href":"https:\/\/www.ingartek.com\/es\/wp-json\/wp\/v2\/types\/page"}],"author":[{"embeddable":true,"href":"https:\/\/www.ingartek.com\/es\/wp-json\/wp\/v2\/users\/2"}],"replies":[{"embeddable":true,"href":"https:\/\/www.ingartek.com\/es\/wp-json\/wp\/v2\/comments?post=26209"}],"version-history":[{"count":0,"href":"https:\/\/www.ingartek.com\/es\/wp-json\/wp\/v2\/pages\/26209\/revisions"}],"wp:attachment":[{"href":"https:\/\/www.ingartek.com\/es\/wp-json\/wp\/v2\/media?parent=26209"}],"curies":[{"name":"wp","href":"https:\/\/api.w.org\/{rel}","templated":true}]}}