{"id":16260,"date":"2018-06-01T11:58:21","date_gmt":"2018-06-01T09:58:21","guid":{"rendered":"https:\/\/www.ingartek.com\/?page_id=16260"},"modified":"2025-01-02T10:44:26","modified_gmt":"2025-01-02T09:44:26","slug":"asistencia-tecnica-y-desarrollo-tecnologico","status":"publish","type":"page","link":"https:\/\/www.ingartek.com\/es\/asistencia-tecnica-y-desarrollo-tecnologico\/","title":{"rendered":"Asistencia t\u00e9cnica y desarrollo tecnol\u00f3gico"},"content":{"rendered":"<div class=\"wpb-content-wrapper\"><p>[vc_row css_animation=\u00bb\u00bb row_type=\u00bbrow\u00bb use_row_as_full_screen_section=\u00bbno\u00bb type=\u00bbfull_width\u00bb angled_section=\u00bbno\u00bb text_align=\u00bbleft\u00bb background_image_as_pattern=\u00bbwithout_pattern\u00bb][vc_column][vc_column_text]La tecnolog\u00eda es una herramienta que sirve por un lado, para conocer la movilidad, y por otro, para mejorarla. Es por ello que en Ingartek somos especialistas en el <strong>desarrollo de aplicaciones web y m\u00f3viles<\/strong> que, por un lado, nos proporcionan informaci\u00f3n permanente sobre la situaci\u00f3n de la movilidad, y, por otro, nos permiten ayudar a nuestros clientes, tanto <strong>operadores de transporte<\/strong> como <strong>administraciones<\/strong>, a mejorar su relaci\u00f3n con sus clientes y la ciudadan\u00eda en su conjunto.<\/p>\n<p>Desde Ingartek ayudamos a nuestros clientes a estar presentes en los <strong>planificadores de viaje<\/strong> de Google mediante la creaci\u00f3n y mantenimiento de los archivos GTFS, trabajamos con la herramienta Zendesk para la atenci\u00f3n a usuarios y gesti\u00f3n de incidencias del <strong>transporte p\u00fablico<\/strong> y elaboramos herramientas llave en mano para ayudar a las empresas de transporte en la <strong>eficiencia en la conducci\u00f3n<\/strong>.[\/vc_column_text][vc_empty_space][vc_row_inner row_type=\u00bbrow\u00bb type=\u00bbfull_width\u00bb text_align=\u00bbleft\u00bb css_animation=\u00bb\u00bb][vc_column_inner][vc_column_text]<\/p>\n<h2 style=\"text-align: left;\">Mercado al que est\u00e1 dirigido<\/h2>\n<p>[\/vc_column_text][vc_empty_space]<div class=\"q_icon_list\"><i class=\"qode_icon_font_awesome fa fa-thumbs-o-up qode-ili-icon-holder circle\" style=\"color: #a31a16;background-color: #ffffff;border-color:rgba(0,0,0,0.01);border-style: solid;border-width: 1px;\" ><\/i><p style=\"color:#333333;font-size: 16px;\">Administraci\u00f3n p\u00fablica de tr\u00e1fico<\/p><\/div><div class=\"q_icon_list\"><i class=\"qode_icon_font_awesome fa fa-thumbs-o-up qode-ili-icon-holder circle\" style=\"color: #a31a16;background-color: #ffffff;border-color:rgba(0,0,0,0.01);border-style: solid;border-width: 1px;\" ><\/i><p style=\"color:#333333;font-size: 16px;\">Operadores de transporte<\/p><\/div><div class=\"q_icon_list\"><i class=\"qode_icon_font_awesome fa fa-thumbs-o-up qode-ili-icon-holder circle\" style=\"color: #a31a16;background-color: #ffffff;border-color:rgba(0,0,0,0.01);border-style: solid;border-width: 1px;\" ><\/i><p style=\"color:#333333;font-size: 16px;\">Administraci\u00f3n p\u00fablica de infraestructuras<\/p><\/div><div class=\"q_icon_list\"><i class=\"qode_icon_font_awesome fa fa-thumbs-o-up qode-ili-icon-holder circle\" style=\"color: #a31a16;background-color: #ffffff;border-color:rgba(0,0,0,0.01);border-style: solid;border-width: 1px;\" ><\/i><p style=\"color:#333333;font-size: 16px;\">Operadores de transporte<\/p><\/div><div class=\"q_icon_list\"><i class=\"qode_icon_font_awesome fa fa-thumbs-o-up qode-ili-icon-holder circle\" style=\"color: #a31a16;background-color: #ffffff;border-color:rgba(0,0,0,0.01);border-style: solid;border-width: 1px;\" ><\/i><p style=\"color:#333333;font-size: 16px;\">Concesiones<\/p><\/div><div class=\"q_icon_list\"><i class=\"qode_icon_font_awesome fa fa-thumbs-o-up qode-ili-icon-holder circle\" style=\"color: #a31a16;background-color: #ffffff;border-color:rgba(0,0,0,0.01);border-style: solid;border-width: 1px;\" ><\/i><p style=\"color:#333333;font-size: 16px;\">Ingenier\u00edas<\/p><\/div>[vc_empty_space][\/vc_column_inner][\/vc_row_inner][vc_row_inner row_type=\u00bbrow\u00bb type=\u00bbfull_width\u00bb text_align=\u00bbleft\u00bb css_animation=\u00bb\u00bb css=\u00bb.vc_custom_1647516008481{margin-bottom: 30px !important;border-top-width: 1px !important;border-right-width: 1px !important;border-bottom-width: 1px !important;border-left-width: 1px !important;padding-top: 30px !important;padding-bottom: 30px !important;border-left-color: #eeeeee !important;border-left-style: solid !important;border-right-color: #eeeeee !important;border-right-style: solid !important;border-top-color: #eeeeee !important;border-top-style: solid !important;border-bottom-color: #eeeeee !important;border-bottom-style: solid !important;}\u00bb][vc_column_inner][vc_widget_sidebar sidebar_id=\u00bbContent Bottom\u00bb][\/vc_column_inner][\/vc_row_inner][\/vc_column][\/vc_row][vc_row css_animation=\u00bb\u00bb row_type=\u00bbrow\u00bb use_row_as_full_screen_section=\u00bbno\u00bb type=\u00bbfull_width\u00bb angled_section=\u00bbno\u00bb text_align=\u00bbleft\u00bb background_image_as_pattern=\u00bbwithout_pattern\u00bb][vc_column][vc_column_text]<\/p>\n<h2 style=\"text-align: left;\">Proyectos relacionados con este servicio<\/h2>\n<p>[\/vc_column_text][vc_separator type=\u00bbnormal\u00bb color=\u00bb#cccccc\u00bb thickness=\u00bb2&#8243; up=\u00bb15&#8243; down=\u00bb30&#8243;][vc_row_inner row_type=\u00bbrow\u00bb type=\u00bbfull_width\u00bb text_align=\u00bbleft\u00bb css_animation=\u00bb\u00bb][vc_column_inner]<div class='projects_holder_outer v4 portfolio_with_space portfolio_standard'>\n        <div class='projects_holder portfolio_main_holder clearfix v4 standard portfolio_full_image '>\n        \n        <article class='mix portfolio_category_162 default' style=''>\n    \n    \n    \n    \n            <div class=\"item_holder thin_plus_only\">\n\n                    <div class=\"text_holder\">\n        <div class=\"text_holder_outer\">\n            <div class=\"text_holder_inner\">\n                            <span class=\"thin_plus_only_icon\">+<\/span>\n                        <\/div>\n        <\/div>\n    <\/div>\n\n                                    <a itemprop=\"url\" class=\"portfolio_link_class\" title=\"Asistencia T\u00e9cnica CTA\" href=\"https:\/\/www.ingartek.com\/es\/proyecto\/asistencia-tecnica-cta\/\"><\/a>\n                \n                <div style=\"\" class=\"portfolio_shader\"><\/div>\n                <div class=\"image_holder\">\n                    \n<span class='image'><img loading=\"lazy\" decoding=\"async\" width=\"449\" height=\"300\" src=\"https:\/\/www.ingartek.com\/wp-content\/uploads\/2021\/09\/project-2019-046.jpg\" class=\"attachment-full size-full wp-post-image\" alt=\"Asistencia T\u00e9cnica CTA\" srcset=\"https:\/\/www.ingartek.com\/wp-content\/uploads\/2021\/09\/project-2019-046.jpg 449w, https:\/\/www.ingartek.com\/wp-content\/uploads\/2021\/09\/project-2019-046-300x200.jpg 300w\" sizes=\"auto, (max-width: 449px) 100vw, 449px\" title=\"\"><\/span>                <\/div>\n            <\/div>\n\n                <div class='portfolio_description text_align_center' >\n\n        \n    <h3 itemprop=\"name\" class=\"portfolio_title entry_title\"><a itemprop=\"url\" href=\"https:\/\/www.ingartek.com\/es\/proyecto\/asistencia-tecnica-cta\/\" style=\"color: #333333\" target=\"_self\"> Asistencia T\u00e9cnica CTA<\/a><\/h3>\n\n\n        \n        \n    <\/div>\n\n        \n<\/article>\n<article class='mix portfolio_category_162 default' style=''>\n    \n    \n    \n    \n            <div class=\"item_holder thin_plus_only\">\n\n                    <div class=\"text_holder\">\n        <div class=\"text_holder_outer\">\n            <div class=\"text_holder_inner\">\n                            <span class=\"thin_plus_only_icon\">+<\/span>\n                        <\/div>\n        <\/div>\n    <\/div>\n\n                                    <a itemprop=\"url\" class=\"portfolio_link_class\" title=\"Asistencia tecnol\u00f3gica al departamento de transportes de la diputaci\u00f3n de Bizkaia\" href=\"https:\/\/www.ingartek.com\/es\/proyecto\/asistencia-tecnologica-al-departamento-de-transportes-de-la-diputacion-de-bizkaia\/\"><\/a>\n                \n                <div style=\"\" class=\"portfolio_shader\"><\/div>\n                <div class=\"image_holder\">\n                    \n<span class='image'><img loading=\"lazy\" decoding=\"async\" width=\"400\" height=\"267\" src=\"https:\/\/www.ingartek.com\/wp-content\/uploads\/2019\/02\/asistencia-tecnologica-al-departamento-de-transportes-de-la-diputacion-de-bizkaia.jpg\" class=\"attachment-full size-full wp-post-image\" alt=\"Asistencia tecnol\u00f3gica al departamento de transportes de la diputaci\u00f3n de Bizkaia\" srcset=\"https:\/\/www.ingartek.com\/wp-content\/uploads\/2019\/02\/asistencia-tecnologica-al-departamento-de-transportes-de-la-diputacion-de-bizkaia.jpg 400w, https:\/\/www.ingartek.com\/wp-content\/uploads\/2019\/02\/asistencia-tecnologica-al-departamento-de-transportes-de-la-diputacion-de-bizkaia-300x200.jpg 300w\" sizes=\"auto, (max-width: 400px) 100vw, 400px\" title=\"\"><\/span>                <\/div>\n            <\/div>\n\n                <div class='portfolio_description text_align_center' >\n\n        \n    <h3 itemprop=\"name\" class=\"portfolio_title entry_title\"><a itemprop=\"url\" href=\"https:\/\/www.ingartek.com\/es\/proyecto\/asistencia-tecnologica-al-departamento-de-transportes-de-la-diputacion-de-bizkaia\/\" style=\"color: #333333\" target=\"_self\"> Asistencia tecnol\u00f3gica al departamento de transportes de la diputaci\u00f3n de Bizkaia<\/a><\/h3>\n\n\n        \n        \n    <\/div>\n\n        \n<\/article>\n<article class='mix portfolio_category_162 default' style=''>\n    \n    \n    \n    \n            <div class=\"item_holder thin_plus_only\">\n\n                    <div class=\"text_holder\">\n        <div class=\"text_holder_outer\">\n            <div class=\"text_holder_inner\">\n                            <span class=\"thin_plus_only_icon\">+<\/span>\n                        <\/div>\n        <\/div>\n    <\/div>\n\n                                    <a itemprop=\"url\" class=\"portfolio_link_class\" title=\"Creaci\u00f3n de un sistema de informaci\u00f3n de embarcado sobre vuelos en los autobuses al aeropuerto\" href=\"https:\/\/www.ingartek.com\/es\/proyecto\/creacion-de-un-sistema-de-informacion-de-embarcado-sobre-vuelos-en-los-autobuses-al-aeropuerto\/\"><\/a>\n                \n                <div style=\"\" class=\"portfolio_shader\"><\/div>\n                <div class=\"image_holder\">\n                    \n<span class='image'><img loading=\"lazy\" decoding=\"async\" width=\"600\" height=\"400\" src=\"https:\/\/www.ingartek.com\/wp-content\/uploads\/2019\/02\/creacion-de-un-sistema-de-informacion-de-embarcado-sobre-vuelos-en-los-autobuses-al-aeropuerto.jpg\" class=\"attachment-full size-full wp-post-image\" alt=\"Creaci\u00f3n de un sistema de informaci\u00f3n de embarcado sobre vuelos en los autobuses al aeropuerto\" srcset=\"https:\/\/www.ingartek.com\/wp-content\/uploads\/2019\/02\/creacion-de-un-sistema-de-informacion-de-embarcado-sobre-vuelos-en-los-autobuses-al-aeropuerto.jpg 600w, https:\/\/www.ingartek.com\/wp-content\/uploads\/2019\/02\/creacion-de-un-sistema-de-informacion-de-embarcado-sobre-vuelos-en-los-autobuses-al-aeropuerto-300x200.jpg 300w\" sizes=\"auto, (max-width: 600px) 100vw, 600px\" title=\"\"><\/span>                <\/div>\n            <\/div>\n\n                <div class='portfolio_description text_align_center' >\n\n        \n    <h3 itemprop=\"name\" class=\"portfolio_title entry_title\"><a itemprop=\"url\" href=\"https:\/\/www.ingartek.com\/es\/proyecto\/creacion-de-un-sistema-de-informacion-de-embarcado-sobre-vuelos-en-los-autobuses-al-aeropuerto\/\" style=\"color: #333333\" target=\"_self\"> Creaci\u00f3n de un sistema de informaci\u00f3n de embarcado sobre vuelos en los autobuses al aeropuerto<\/a><\/h3>\n\n\n        \n        \n    <\/div>\n\n        \n<\/article>\n<article class='mix portfolio_category_162 default' style=''>\n    \n    \n    \n    \n            <div class=\"item_holder thin_plus_only\">\n\n                    <div class=\"text_holder\">\n        <div class=\"text_holder_outer\">\n            <div class=\"text_holder_inner\">\n                            <span class=\"thin_plus_only_icon\">+<\/span>\n                        <\/div>\n        <\/div>\n    <\/div>\n\n                                    <a itemprop=\"url\" class=\"portfolio_link_class\" title=\"Datos de telefon\u00eda m\u00f3vil para el Ayuntamiento de Donostia\" href=\"https:\/\/www.ingartek.com\/es\/proyecto\/datos-de-telefonia-movil-para-el-ayuntamiento-de-donostia\/\"><\/a>\n                \n                <div style=\"\" class=\"portfolio_shader\"><\/div>\n                <div class=\"image_holder\">\n                    \n<span class='image'><img loading=\"lazy\" decoding=\"async\" width=\"449\" height=\"300\" src=\"https:\/\/www.ingartek.com\/wp-content\/uploads\/2021\/09\/project-2019-048.jpg\" class=\"attachment-full size-full wp-post-image\" alt=\"Datos de telefon\u00eda m\u00f3vil para el Ayuntamiento de Donostia\" srcset=\"https:\/\/www.ingartek.com\/wp-content\/uploads\/2021\/09\/project-2019-048.jpg 449w, https:\/\/www.ingartek.com\/wp-content\/uploads\/2021\/09\/project-2019-048-300x200.jpg 300w\" sizes=\"auto, (max-width: 449px) 100vw, 449px\" title=\"\"><\/span>                <\/div>\n            <\/div>\n\n                <div class='portfolio_description text_align_center' >\n\n        \n    <h3 itemprop=\"name\" class=\"portfolio_title entry_title\"><a itemprop=\"url\" href=\"https:\/\/www.ingartek.com\/es\/proyecto\/datos-de-telefonia-movil-para-el-ayuntamiento-de-donostia\/\" style=\"color: #333333\" target=\"_self\"> Datos de telefon\u00eda m\u00f3vil para el Ayuntamiento de Donostia<\/a><\/h3>\n\n\n        \n        \n    <\/div>\n\n        \n<\/article>\n<article class='mix portfolio_category_162 default' style=''>\n    \n    \n    \n    \n            <div class=\"item_holder thin_plus_only\">\n\n                    <div class=\"text_holder\">\n        <div class=\"text_holder_outer\">\n            <div class=\"text_holder_inner\">\n                            <span class=\"thin_plus_only_icon\">+<\/span>\n                        <\/div>\n        <\/div>\n    <\/div>\n\n                                    <a itemprop=\"url\" class=\"portfolio_link_class\" title=\"Datos de telefon\u00eda m\u00f3vil para el Ayuntamiento de Irun\" href=\"https:\/\/www.ingartek.com\/es\/proyecto\/datos-de-telefonia-movil-para-el-ayuntamiento-de-irun\/\"><\/a>\n                \n                <div style=\"\" class=\"portfolio_shader\"><\/div>\n                <div class=\"image_holder\">\n                    \n<span class='image'><img loading=\"lazy\" decoding=\"async\" width=\"449\" height=\"300\" src=\"https:\/\/www.ingartek.com\/wp-content\/uploads\/2021\/09\/project-2020-052.jpg\" class=\"attachment-full size-full wp-post-image\" alt=\"Datos de telefon\u00eda m\u00f3vil para el Ayuntamiento de Irun\" srcset=\"https:\/\/www.ingartek.com\/wp-content\/uploads\/2021\/09\/project-2020-052.jpg 449w, https:\/\/www.ingartek.com\/wp-content\/uploads\/2021\/09\/project-2020-052-300x200.jpg 300w\" sizes=\"auto, (max-width: 449px) 100vw, 449px\" title=\"\"><\/span>                <\/div>\n            <\/div>\n\n                <div class='portfolio_description text_align_center' >\n\n        \n    <h3 itemprop=\"name\" class=\"portfolio_title entry_title\"><a itemprop=\"url\" href=\"https:\/\/www.ingartek.com\/es\/proyecto\/datos-de-telefonia-movil-para-el-ayuntamiento-de-irun\/\" style=\"color: #333333\" target=\"_self\"> Datos de telefon\u00eda m\u00f3vil para el Ayuntamiento de Irun<\/a><\/h3>\n\n\n        \n        \n    <\/div>\n\n        \n<\/article>\n<article class='mix portfolio_category_162 default' style=''>\n    \n    \n    \n    \n            <div class=\"item_holder thin_plus_only\">\n\n                    <div class=\"text_holder\">\n        <div class=\"text_holder_outer\">\n            <div class=\"text_holder_inner\">\n                            <span class=\"thin_plus_only_icon\">+<\/span>\n                        <\/div>\n        <\/div>\n    <\/div>\n\n                                    <a itemprop=\"url\" class=\"portfolio_link_class\" title=\"Elaboraci\u00f3n de GTFS para Bizkaibus\" href=\"https:\/\/www.ingartek.com\/es\/proyecto\/elaboracion-de-gtfs-para-bizkaibus\/\"><\/a>\n                \n                <div style=\"\" class=\"portfolio_shader\"><\/div>\n                <div class=\"image_holder\">\n                    \n<span class='image'><img loading=\"lazy\" decoding=\"async\" width=\"400\" height=\"267\" src=\"https:\/\/www.ingartek.com\/wp-content\/uploads\/2018\/06\/elaboracion-de-gtfs-para-bizkaibus.jpg\" class=\"attachment-full size-full wp-post-image\" alt=\"Elaboraci\u00f3n de GTFS para Bizkaibus\" srcset=\"https:\/\/www.ingartek.com\/wp-content\/uploads\/2018\/06\/elaboracion-de-gtfs-para-bizkaibus.jpg 400w, https:\/\/www.ingartek.com\/wp-content\/uploads\/2018\/06\/elaboracion-de-gtfs-para-bizkaibus-300x200.jpg 300w\" sizes=\"auto, (max-width: 400px) 100vw, 400px\" title=\"\"><\/span>                <\/div>\n            <\/div>\n\n                <div class='portfolio_description text_align_center' >\n\n        \n    <h3 itemprop=\"name\" class=\"portfolio_title entry_title\"><a itemprop=\"url\" href=\"https:\/\/www.ingartek.com\/es\/proyecto\/elaboracion-de-gtfs-para-bizkaibus\/\" style=\"color: #333333\" target=\"_self\"> Elaboraci\u00f3n de GTFS para Bizkaibus<\/a><\/h3>\n\n\n        \n        \n    <\/div>\n\n        \n<\/article>\n<article class='mix portfolio_category_162 default' style=''>\n    \n    \n    \n    \n            <div class=\"item_holder thin_plus_only\">\n\n                    <div class=\"text_holder\">\n        <div class=\"text_holder_outer\">\n            <div class=\"text_holder_inner\">\n                            <span class=\"thin_plus_only_icon\">+<\/span>\n                        <\/div>\n        <\/div>\n    <\/div>\n\n                                    <a itemprop=\"url\" class=\"portfolio_link_class\" title=\"eMovLab, tecnolog\u00eda innovadora para escenarios futuros de movilidad sostenible\" href=\"https:\/\/www.ingartek.com\/es\/proyecto\/emovlab-tecnologia-innovadora-para-escenarios-futuros-de-movilidad-sostenible\/\"><\/a>\n                \n                <div style=\"\" class=\"portfolio_shader\"><\/div>\n                <div class=\"image_holder\">\n                    \n<span class='image'><img loading=\"lazy\" decoding=\"async\" width=\"600\" height=\"400\" src=\"https:\/\/www.ingartek.com\/wp-content\/uploads\/2020\/05\/destacada-eusko-jaurlaritza_gobierno-vasco.jpg\" class=\"attachment-full size-full wp-post-image\" alt=\"proyecto eMovLab\" srcset=\"https:\/\/www.ingartek.com\/wp-content\/uploads\/2020\/05\/destacada-eusko-jaurlaritza_gobierno-vasco.jpg 600w, https:\/\/www.ingartek.com\/wp-content\/uploads\/2020\/05\/destacada-eusko-jaurlaritza_gobierno-vasco-300x200.jpg 300w\" sizes=\"auto, (max-width: 600px) 100vw, 600px\" title=\"\"><\/span>                <\/div>\n            <\/div>\n\n                <div class='portfolio_description text_align_center' >\n\n        \n    <h3 itemprop=\"name\" class=\"portfolio_title entry_title\"><a itemprop=\"url\" href=\"https:\/\/www.ingartek.com\/es\/proyecto\/emovlab-tecnologia-innovadora-para-escenarios-futuros-de-movilidad-sostenible\/\" style=\"color: #333333\" target=\"_self\"> eMovLab, tecnolog\u00eda innovadora para escenarios futuros de movilidad sostenible<\/a><\/h3>\n\n\n        \n        \n    <\/div>\n\n        \n<\/article>\n<article class='mix portfolio_category_162 default' style=''>\n    \n    \n    \n    \n            <div class=\"item_holder thin_plus_only\">\n\n                    <div class=\"text_holder\">\n        <div class=\"text_holder_outer\">\n            <div class=\"text_holder_inner\">\n                            <span class=\"thin_plus_only_icon\">+<\/span>\n                        <\/div>\n        <\/div>\n    <\/div>\n\n                                    <a itemprop=\"url\" class=\"portfolio_link_class\" title=\"Implantaci\u00f3n de Zendesk en los operadores de Lurraldebus\" href=\"https:\/\/www.ingartek.com\/es\/proyecto\/implantacion-de-zendesk-en-los-operadores-de-lurraldebus\/\"><\/a>\n                \n                <div style=\"\" class=\"portfolio_shader\"><\/div>\n                <div class=\"image_holder\">\n                    \n<span class='image'><img loading=\"lazy\" decoding=\"async\" width=\"600\" height=\"400\" src=\"https:\/\/www.ingartek.com\/wp-content\/uploads\/2018\/10\/implantacion-de-zendesk-en-los-operadores-de-lurraldebus.jpg\" class=\"attachment-full size-full wp-post-image\" alt=\"Implantaci\u00f3n de Zendesk en los operadores de Lurraldebus\" srcset=\"https:\/\/www.ingartek.com\/wp-content\/uploads\/2018\/10\/implantacion-de-zendesk-en-los-operadores-de-lurraldebus.jpg 600w, https:\/\/www.ingartek.com\/wp-content\/uploads\/2018\/10\/implantacion-de-zendesk-en-los-operadores-de-lurraldebus-300x200.jpg 300w\" sizes=\"auto, (max-width: 600px) 100vw, 600px\" title=\"\"><\/span>                <\/div>\n            <\/div>\n\n                <div class='portfolio_description text_align_center' >\n\n        \n    <h3 itemprop=\"name\" class=\"portfolio_title entry_title\"><a itemprop=\"url\" href=\"https:\/\/www.ingartek.com\/es\/proyecto\/implantacion-de-zendesk-en-los-operadores-de-lurraldebus\/\" style=\"color: #333333\" target=\"_self\"> Implantaci\u00f3n de Zendesk en los operadores de Lurraldebus<\/a><\/h3>\n\n\n        \n        \n    <\/div>\n\n        \n<\/article>\n<article class='mix portfolio_category_162 default' style=''>\n    \n    \n    \n    \n            <div class=\"item_holder thin_plus_only\">\n\n                    <div class=\"text_holder\">\n        <div class=\"text_holder_outer\">\n            <div class=\"text_holder_inner\">\n                            <span class=\"thin_plus_only_icon\">+<\/span>\n                        <\/div>\n        <\/div>\n    <\/div>\n\n                                    <a itemprop=\"url\" class=\"portfolio_link_class\" title=\"Mantenimiento de la planificaci\u00f3n integrada del transporte p\u00fablico de gipuzkoa\" href=\"https:\/\/www.ingartek.com\/es\/proyecto\/mantenimiento-de-la-planificacion-integrada-del-transporte-publico-de-gipuzkoa\/\"><\/a>\n                \n                <div style=\"\" class=\"portfolio_shader\"><\/div>\n                <div class=\"image_holder\">\n                    \n<span class='image'><img loading=\"lazy\" decoding=\"async\" width=\"449\" height=\"300\" src=\"https:\/\/www.ingartek.com\/wp-content\/uploads\/2021\/09\/project-2017-049.jpg\" class=\"attachment-full size-full wp-post-image\" alt=\"Mantenimiento de la planificaci\u00f3n integrada del transporte p\u00fablico de gipuzkoa\" srcset=\"https:\/\/www.ingartek.com\/wp-content\/uploads\/2021\/09\/project-2017-049.jpg 449w, https:\/\/www.ingartek.com\/wp-content\/uploads\/2021\/09\/project-2017-049-300x200.jpg 300w\" sizes=\"auto, (max-width: 449px) 100vw, 449px\" title=\"\"><\/span>                <\/div>\n            <\/div>\n\n                <div class='portfolio_description text_align_center' >\n\n        \n    <h3 itemprop=\"name\" class=\"portfolio_title entry_title\"><a itemprop=\"url\" href=\"https:\/\/www.ingartek.com\/es\/proyecto\/mantenimiento-de-la-planificacion-integrada-del-transporte-publico-de-gipuzkoa\/\" style=\"color: #333333\" target=\"_self\"> Mantenimiento de la planificaci\u00f3n integrada del transporte p\u00fablico de gipuzkoa<\/a><\/h3>\n\n\n        \n        \n    <\/div>\n\n        \n<\/article>\n<article class='mix portfolio_category_162 default' style=''>\n    \n    \n    \n    \n            <div class=\"item_holder thin_plus_only\">\n\n                    <div class=\"text_holder\">\n        <div class=\"text_holder_outer\">\n            <div class=\"text_holder_inner\">\n                            <span class=\"thin_plus_only_icon\">+<\/span>\n                        <\/div>\n        <\/div>\n    <\/div>\n\n                                    <a itemprop=\"url\" class=\"portfolio_link_class\" title=\"Mantenimiento de servicios y aplicaciones para la attg\" href=\"https:\/\/www.ingartek.com\/es\/proyecto\/mantenimiento-de-servicios-y-aplicaciones-para-la-attg-garazi\/\"><\/a>\n                \n                <div style=\"\" class=\"portfolio_shader\"><\/div>\n                <div class=\"image_holder\">\n                    \n<span class='image'><img loading=\"lazy\" decoding=\"async\" width=\"449\" height=\"300\" src=\"https:\/\/www.ingartek.com\/wp-content\/uploads\/2021\/09\/project-2017-105.jpg\" class=\"attachment-full size-full wp-post-image\" alt=\"Mantenimiento de servicios y aplicaciones para la attg (Garazi)\" srcset=\"https:\/\/www.ingartek.com\/wp-content\/uploads\/2021\/09\/project-2017-105.jpg 449w, https:\/\/www.ingartek.com\/wp-content\/uploads\/2021\/09\/project-2017-105-300x200.jpg 300w\" sizes=\"auto, (max-width: 449px) 100vw, 449px\" title=\"\"><\/span>                <\/div>\n            <\/div>\n\n                <div class='portfolio_description text_align_center' >\n\n        \n    <h3 itemprop=\"name\" class=\"portfolio_title entry_title\"><a itemprop=\"url\" href=\"https:\/\/www.ingartek.com\/es\/proyecto\/mantenimiento-de-servicios-y-aplicaciones-para-la-attg-garazi\/\" style=\"color: #333333\" target=\"_self\"> Mantenimiento de servicios y aplicaciones para la attg<\/a><\/h3>\n\n\n        \n        \n    <\/div>\n\n        \n<\/article>\n<article class='mix portfolio_category_162 default' style=''>\n    \n    \n    \n    \n            <div class=\"item_holder thin_plus_only\">\n\n                    <div class=\"text_holder\">\n        <div class=\"text_holder_outer\">\n            <div class=\"text_holder_inner\">\n                            <span class=\"thin_plus_only_icon\">+<\/span>\n                        <\/div>\n        <\/div>\n    <\/div>\n\n                                    <a itemprop=\"url\" class=\"portfolio_link_class\" title=\"Mantenimiento GTFSuite de Lurraldebus\" href=\"https:\/\/www.ingartek.com\/es\/proyecto\/mantenimiento-gtfsuite-de-lurraldebus\/\"><\/a>\n                \n                <div style=\"\" class=\"portfolio_shader\"><\/div>\n                <div class=\"image_holder\">\n                    \n<span class='image'><img loading=\"lazy\" decoding=\"async\" width=\"500\" height=\"334\" src=\"https:\/\/www.ingartek.com\/wp-content\/uploads\/2019\/02\/Mantenimiento-GTFSuite-de-Lurraldebus.jpg\" class=\"attachment-full size-full wp-post-image\" alt=\"Mantenimiento GTFSuite de Lurraldebus\" srcset=\"https:\/\/www.ingartek.com\/wp-content\/uploads\/2019\/02\/Mantenimiento-GTFSuite-de-Lurraldebus.jpg 500w, https:\/\/www.ingartek.com\/wp-content\/uploads\/2019\/02\/Mantenimiento-GTFSuite-de-Lurraldebus-300x200.jpg 300w\" sizes=\"auto, (max-width: 500px) 100vw, 500px\" title=\"\"><\/span>                <\/div>\n            <\/div>\n\n                <div class='portfolio_description text_align_center' >\n\n        \n    <h3 itemprop=\"name\" class=\"portfolio_title entry_title\"><a itemprop=\"url\" href=\"https:\/\/www.ingartek.com\/es\/proyecto\/mantenimiento-gtfsuite-de-lurraldebus\/\" style=\"color: #333333\" target=\"_self\"> Mantenimiento GTFSuite de Lurraldebus<\/a><\/h3>\n\n\n        \n        \n    <\/div>\n\n        \n<\/article>\n<article class='mix portfolio_category_162 portfolio_category_146 default' style=''>\n    \n    \n    \n    \n            <div class=\"item_holder thin_plus_only\">\n\n                    <div class=\"text_holder\">\n        <div class=\"text_holder_outer\">\n            <div class=\"text_holder_inner\">\n                            <span class=\"thin_plus_only_icon\">+<\/span>\n                        <\/div>\n        <\/div>\n    <\/div>\n\n                                    <a itemprop=\"url\" class=\"portfolio_link_class\" title=\"Plan de movilidad y asistencia t\u00e9cnica para las tres primeras etapas del Tour de Francia en el Grand D\u00e9part del Pa\u00eds Vasco\" href=\"https:\/\/www.ingartek.com\/es\/proyecto\/plan-de-movilidad-y-asistencia-tecnica-para-las-tres-primeras-etapas-del-tour-de-francia-en-el-grand-depart-del-pais-vasco\/\"><\/a>\n                \n                <div style=\"\" class=\"portfolio_shader\"><\/div>\n                <div class=\"image_holder\">\n                    \n<span class='image'><img loading=\"lazy\" decoding=\"async\" width=\"800\" height=\"533\" src=\"https:\/\/www.ingartek.com\/wp-content\/uploads\/2023\/03\/grand-depart.jpg\" class=\"attachment-full size-full wp-post-image\" alt=\"Plan de movilidad y asistencia t\u00e9cnica para las tres primeras etapas del Tour de Francia en el Grand D\u00e9part del Pa\u00eds Vasco\" srcset=\"https:\/\/www.ingartek.com\/wp-content\/uploads\/2023\/03\/grand-depart.jpg 800w, https:\/\/www.ingartek.com\/wp-content\/uploads\/2023\/03\/grand-depart-300x200.jpg 300w, https:\/\/www.ingartek.com\/wp-content\/uploads\/2023\/03\/grand-depart-768x512.jpg 768w, https:\/\/www.ingartek.com\/wp-content\/uploads\/2023\/03\/grand-depart-700x466.jpg 700w\" sizes=\"auto, (max-width: 800px) 100vw, 800px\" title=\"\"><\/span>                <\/div>\n            <\/div>\n\n                <div class='portfolio_description text_align_center' >\n\n        \n    <h3 itemprop=\"name\" class=\"portfolio_title entry_title\"><a itemprop=\"url\" href=\"https:\/\/www.ingartek.com\/es\/proyecto\/plan-de-movilidad-y-asistencia-tecnica-para-las-tres-primeras-etapas-del-tour-de-francia-en-el-grand-depart-del-pais-vasco\/\" style=\"color: #333333\" target=\"_self\"> Plan de movilidad y asistencia t\u00e9cnica para las tres primeras etapas del Tour de Francia en el Grand D\u00e9part del Pa\u00eds Vasco<\/a><\/h3>\n\n\n        \n        \n    <\/div>\n\n        \n<\/article>\n<article class='mix portfolio_category_162 default' style=''>\n    \n    \n    \n    \n            <div class=\"item_holder thin_plus_only\">\n\n                    <div class=\"text_holder\">\n        <div class=\"text_holder_outer\">\n            <div class=\"text_holder_inner\">\n                            <span class=\"thin_plus_only_icon\">+<\/span>\n                        <\/div>\n        <\/div>\n    <\/div>\n\n                                    <a itemprop=\"url\" class=\"portfolio_link_class\" title=\"Sistema de conducci\u00f3n eficiente para el Grupo Acha\" href=\"https:\/\/www.ingartek.com\/es\/proyecto\/sistema-de-conduccion-eficiente-para-el-grupo-acha\/\"><\/a>\n                \n                <div style=\"\" class=\"portfolio_shader\"><\/div>\n                <div class=\"image_holder\">\n                    \n<span class='image'><img loading=\"lazy\" decoding=\"async\" width=\"600\" height=\"400\" src=\"https:\/\/www.ingartek.com\/wp-content\/uploads\/2019\/02\/sistema-de-conduccion-eficiente-para-el-grupo-acha.jpg\" class=\"attachment-full size-full wp-post-image\" alt=\"\" srcset=\"https:\/\/www.ingartek.com\/wp-content\/uploads\/2019\/02\/sistema-de-conduccion-eficiente-para-el-grupo-acha.jpg 600w, https:\/\/www.ingartek.com\/wp-content\/uploads\/2019\/02\/sistema-de-conduccion-eficiente-para-el-grupo-acha-300x200.jpg 300w\" sizes=\"auto, (max-width: 600px) 100vw, 600px\" title=\"\"><\/span>                <\/div>\n            <\/div>\n\n                <div class='portfolio_description text_align_center' >\n\n        \n    <h3 itemprop=\"name\" class=\"portfolio_title entry_title\"><a itemprop=\"url\" href=\"https:\/\/www.ingartek.com\/es\/proyecto\/sistema-de-conduccion-eficiente-para-el-grupo-acha\/\" style=\"color: #333333\" target=\"_self\"> Sistema de conducci\u00f3n eficiente para el Grupo Acha<\/a><\/h3>\n\n\n        \n        \n    <\/div>\n\n        \n<\/article>\n<article class='mix portfolio_category_162 default' style=''>\n    \n    \n    \n    \n            <div class=\"item_holder thin_plus_only\">\n\n                    <div class=\"text_holder\">\n        <div class=\"text_holder_outer\">\n            <div class=\"text_holder_inner\">\n                            <span class=\"thin_plus_only_icon\">+<\/span>\n                        <\/div>\n        <\/div>\n    <\/div>\n\n                                    <a itemprop=\"url\" class=\"portfolio_link_class\" title=\"Zendesk corporativo para el grupo pesa\" href=\"https:\/\/www.ingartek.com\/es\/proyecto\/zendesk-corporativo-para-el-grupo-pesa-garazi\/\"><\/a>\n                \n                <div style=\"\" class=\"portfolio_shader\"><\/div>\n                <div class=\"image_holder\">\n                    \n<span class='image'><img loading=\"lazy\" decoding=\"async\" width=\"449\" height=\"300\" src=\"https:\/\/www.ingartek.com\/wp-content\/uploads\/2021\/09\/project-2017-064.jpg\" class=\"attachment-full size-full wp-post-image\" alt=\"Zendesk corporativo para el grupo pesa (Garazi)\" srcset=\"https:\/\/www.ingartek.com\/wp-content\/uploads\/2021\/09\/project-2017-064.jpg 449w, https:\/\/www.ingartek.com\/wp-content\/uploads\/2021\/09\/project-2017-064-300x200.jpg 300w\" sizes=\"auto, (max-width: 449px) 100vw, 449px\" title=\"\"><\/span>                <\/div>\n            <\/div>\n\n                <div class='portfolio_description text_align_center' >\n\n        \n    <h3 itemprop=\"name\" class=\"portfolio_title entry_title\"><a itemprop=\"url\" href=\"https:\/\/www.ingartek.com\/es\/proyecto\/zendesk-corporativo-para-el-grupo-pesa-garazi\/\" style=\"color: #333333\" target=\"_self\"> Zendesk corporativo para el grupo pesa<\/a><\/h3>\n\n\n        \n        \n    <\/div>\n\n        \n<\/article>\n<article class='mix portfolio_category_162 default' style=''>\n    \n    \n    \n    \n            <div class=\"item_holder thin_plus_only\">\n\n                    <div class=\"text_holder\">\n        <div class=\"text_holder_outer\">\n            <div class=\"text_holder_inner\">\n                            <span class=\"thin_plus_only_icon\">+<\/span>\n                        <\/div>\n        <\/div>\n    <\/div>\n\n                                    <a itemprop=\"url\" class=\"portfolio_link_class\" title=\"Zendesk para la gesti\u00f3n integrada en las OAC&#8217;s integrales del sistema de transporte p\u00fablico de Bizkaia\" href=\"https:\/\/www.ingartek.com\/es\/proyecto\/zendesk-para-la-gestion-integrada-en-las-oacs-integrales-del-sistema-de-transporte-publico-de-bizkaia\/\"><\/a>\n                \n                <div style=\"\" class=\"portfolio_shader\"><\/div>\n                <div class=\"image_holder\">\n                    \n<span class='image'><img loading=\"lazy\" decoding=\"async\" width=\"400\" height=\"267\" src=\"https:\/\/www.ingartek.com\/wp-content\/uploads\/2019\/02\/Zendesk-para-gestion-integrada-OACs.jpg\" class=\"attachment-full size-full wp-post-image\" alt=\"Zendesk para la gestio\u0301n integrada en las OAC&#039;s\" srcset=\"https:\/\/www.ingartek.com\/wp-content\/uploads\/2019\/02\/Zendesk-para-gestion-integrada-OACs.jpg 400w, https:\/\/www.ingartek.com\/wp-content\/uploads\/2019\/02\/Zendesk-para-gestion-integrada-OACs-300x200.jpg 300w\" sizes=\"auto, (max-width: 400px) 100vw, 400px\" title=\"\"><\/span>                <\/div>\n            <\/div>\n\n                <div class='portfolio_description text_align_center' >\n\n        \n    <h3 itemprop=\"name\" class=\"portfolio_title entry_title\"><a itemprop=\"url\" href=\"https:\/\/www.ingartek.com\/es\/proyecto\/zendesk-para-la-gestion-integrada-en-las-oacs-integrales-del-sistema-de-transporte-publico-de-bizkaia\/\" style=\"color: #333333\" target=\"_self\"> Zendesk para la gesti\u00f3n integrada en las OAC&#8217;s integrales del sistema de transporte p\u00fablico de Bizkaia<\/a><\/h3>\n\n\n        \n        \n    <\/div>\n\n        \n<\/article>\n        <div class='filler'><\/div>\n            <div class='filler'><\/div>\n            <div class='filler'><\/div>\n            <div class='filler'><\/div>\n        <\/div>\n\n    \n    <\/div>[\/vc_column_inner][\/vc_row_inner][vc_empty_space][\/vc_column][\/vc_row]<\/p>\n<\/div>","protected":false},"excerpt":{"rendered":"<p>[vc_row css_animation=\u00bb\u00bb row_type=\u00bbrow\u00bb use_row_as_full_screen_section=\u00bbno\u00bb type=\u00bbfull_width\u00bb angled_section=\u00bbno\u00bb text_align=\u00bbleft\u00bb background_image_as_pattern=\u00bbwithout_pattern\u00bb][vc_column][vc_column_text]La tecnolog\u00eda es una herramienta que sirve por un lado, para conocer la movilidad, y por otro, para mejorarla. Es por ello que en Ingartek somos especialistas en el desarrollo de aplicaciones web&#8230;<\/p>\n","protected":false},"author":2,"featured_media":0,"parent":0,"menu_order":0,"comment_status":"closed","ping_status":"closed","template":"","meta":{"content-type":"","footnotes":""},"class_list":["post-16260","page","type-page","status-publish","hentry"],"_links":{"self":[{"href":"https:\/\/www.ingartek.com\/es\/wp-json\/wp\/v2\/pages\/16260","targetHints":{"allow":["GET"]}}],"collection":[{"href":"https:\/\/www.ingartek.com\/es\/wp-json\/wp\/v2\/pages"}],"about":[{"href":"https:\/\/www.ingartek.com\/es\/wp-json\/wp\/v2\/types\/page"}],"author":[{"embeddable":true,"href":"https:\/\/www.ingartek.com\/es\/wp-json\/wp\/v2\/users\/2"}],"replies":[{"embeddable":true,"href":"https:\/\/www.ingartek.com\/es\/wp-json\/wp\/v2\/comments?post=16260"}],"version-history":[{"count":0,"href":"https:\/\/www.ingartek.com\/es\/wp-json\/wp\/v2\/pages\/16260\/revisions"}],"wp:attachment":[{"href":"https:\/\/www.ingartek.com\/es\/wp-json\/wp\/v2\/media?parent=16260"}],"curies":[{"name":"wp","href":"https:\/\/api.w.org\/{rel}","templated":true}]}}