{"id":16258,"date":"2018-06-01T11:57:57","date_gmt":"2018-06-01T09:57:57","guid":{"rendered":"https:\/\/www.ingartek.com\/?page_id=16258"},"modified":"2025-01-02T10:37:21","modified_gmt":"2025-01-02T09:37:21","slug":"estudios-de-movilidad-y-trafico","status":"publish","type":"page","link":"https:\/\/www.ingartek.com\/es\/estudios-de-movilidad-y-trafico\/","title":{"rendered":"Estudios de movilidad y tr\u00e1fico"},"content":{"rendered":"<div class=\"wpb-content-wrapper\"><p>[vc_row css_animation=\u00bb\u00bb row_type=\u00bbrow\u00bb use_row_as_full_screen_section=\u00bbno\u00bb type=\u00bbfull_width\u00bb angled_section=\u00bbno\u00bb text_align=\u00bbleft\u00bb background_image_as_pattern=\u00bbwithout_pattern\u00bb][vc_column][vc_column_text]Estudiar la movilidad y el tr\u00e1fico de un territorio es la base para determinar las decisiones a tomar mediante auditor\u00edas concretas. Por ello, el equipo multidisciplinar de Ingartek elabora estudios de movilidad y tr\u00e1fico bas\u00e1ndonos en la <strong>toma de datos<\/strong> relativos al tr\u00e1fico, realizando encuestas o estudios de demanda. En base a estos datos se efectuan modelizaciones de la movilidad, estudios de impacto o simulaciones que ayudan a optimizar los recursos y asegurar la satisfacci\u00f3n de los usuarios.<\/p>\n<p>Los estudios de movilidad y tr\u00e1fico son la base para realizar an\u00e1lisis de situaciones concretas que tienen como objetivo lograr <strong>accesibilidad universal<\/strong>, la<strong> regeneraci\u00f3n urbana<\/strong> o el \u00e9xito de los <strong>espacios p\u00fablicos<\/strong>.[\/vc_column_text][vc_empty_space][vc_row_inner row_type=\u00bbrow\u00bb type=\u00bbfull_width\u00bb text_align=\u00bbleft\u00bb css_animation=\u00bb\u00bb][vc_column_inner][vc_column_text]<\/p>\n<h2 style=\"text-align: left;\">Mercado al que est\u00e1 dirigido<\/h2>\n<p>[\/vc_column_text][vc_empty_space]<div class=\"q_icon_list\"><i class=\"qode_icon_font_awesome fa fa-thumbs-o-up qode-ili-icon-holder circle\" style=\"color: #a31a16;background-color: #ffffff;border-color:rgba(0,0,0,0.01);border-style: solid;border-width: 1px;\" ><\/i><p style=\"color:#333333;font-size: 16px;\">Administraci\u00f3n p\u00fablica de tr\u00e1fico<\/p><\/div><div class=\"q_icon_list\"><i class=\"qode_icon_font_awesome fa fa-thumbs-o-up qode-ili-icon-holder circle\" style=\"color: #a31a16;background-color: #ffffff;border-color:rgba(0,0,0,0.01);border-style: solid;border-width: 1px;\" ><\/i><p style=\"color:#333333;font-size: 16px;\">Operadores de transporte<\/p><\/div><div class=\"q_icon_list\"><i class=\"qode_icon_font_awesome fa fa-thumbs-o-up qode-ili-icon-holder circle\" style=\"color: #a31a16;background-color: #ffffff;border-color:rgba(0,0,0,0.01);border-style: solid;border-width: 1px;\" ><\/i><p style=\"color:#333333;font-size: 16px;\">Administraci\u00f3n p\u00fablica de infraestructuras<\/p><\/div><div class=\"q_icon_list\"><i class=\"qode_icon_font_awesome fa fa-thumbs-o-up qode-ili-icon-holder circle\" style=\"color: #a31a16;background-color: #ffffff;border-color:rgba(0,0,0,0.01);border-style: solid;border-width: 1px;\" ><\/i><p style=\"color:#333333;font-size: 16px;\">Administraci\u00f3n p\u00fablica de transporte<\/p><\/div><div class=\"q_icon_list\"><i class=\"qode_icon_font_awesome fa fa-thumbs-o-up qode-ili-icon-holder circle\" style=\"color: #a31a16;background-color: #ffffff;border-color:rgba(0,0,0,0.01);border-style: solid;border-width: 1px;\" ><\/i><p style=\"color:#333333;font-size: 16px;\">Concesiones<\/p><\/div><div class=\"q_icon_list\"><i class=\"qode_icon_font_awesome fa fa-thumbs-o-up qode-ili-icon-holder circle\" style=\"color: #a31a16;background-color: #ffffff;border-color:rgba(0,0,0,0.01);border-style: solid;border-width: 1px;\" ><\/i><p style=\"color:#333333;font-size: 16px;\">Ingenier\u00edas<\/p><\/div>[vc_empty_space][\/vc_column_inner][\/vc_row_inner][vc_row_inner row_type=\u00bbrow\u00bb type=\u00bbfull_width\u00bb text_align=\u00bbleft\u00bb css_animation=\u00bb\u00bb css=\u00bb.vc_custom_1647513541963{border-top-width: 1px !important;border-right-width: 1px !important;border-bottom-width: 1px !important;border-left-width: 1px !important;padding-top: 30px !important;padding-bottom: 30px !important;border-left-color: #eeeeee !important;border-left-style: solid !important;border-right-color: #eeeeee !important;border-right-style: solid !important;border-top-color: #eeeeee !important;border-top-style: solid !important;border-bottom-color: #eeeeee !important;border-bottom-style: solid !important;}\u00bb][vc_column_inner][vc_widget_sidebar sidebar_id=\u00bbContent Bottom\u00bb][\/vc_column_inner][\/vc_row_inner][\/vc_column][\/vc_row][vc_row css_animation=\u00bb\u00bb row_type=\u00bbrow\u00bb use_row_as_full_screen_section=\u00bbno\u00bb type=\u00bbfull_width\u00bb angled_section=\u00bbno\u00bb text_align=\u00bbleft\u00bb background_image_as_pattern=\u00bbwithout_pattern\u00bb][vc_column][vc_column_text]<\/p>\n<h2 style=\"text-align: left;\">Proyectos relacionados con este servicio<\/h2>\n<p>[\/vc_column_text][vc_separator type=\u00bbnormal\u00bb color=\u00bb#cccccc\u00bb thickness=\u00bb2&#8243; up=\u00bb15&#8243; down=\u00bb30&#8243;][vc_row_inner row_type=\u00bbrow\u00bb type=\u00bbfull_width\u00bb text_align=\u00bbleft\u00bb css_animation=\u00bb\u00bb][vc_column_inner]<div class='projects_holder_outer v4 portfolio_with_space portfolio_standard'>\n        <div class='projects_holder portfolio_main_holder clearfix v4 standard portfolio_full_image portfolio_one_by_one'>\n        \n        <article class='mix portfolio_category_161 default' style=''>\n    \n    \n    \n    \n            <div class=\"item_holder thin_plus_only\">\n\n                    <div class=\"text_holder\">\n        <div class=\"text_holder_outer\">\n            <div class=\"text_holder_inner\">\n                            <span class=\"thin_plus_only_icon\">+<\/span>\n                        <\/div>\n        <\/div>\n    <\/div>\n\n                                    <a itemprop=\"url\" class=\"portfolio_link_class\" title=\"Definici\u00f3n de matrices origen-destino en autobuses de Vitoria\" href=\"https:\/\/www.ingartek.com\/es\/proyecto\/definicion-de-matrices-origen-destino-en-autobuses-de-vitoria\/\"><\/a>\n                \n                <div style=\"\" class=\"portfolio_shader\"><\/div>\n                <div class=\"image_holder\">\n                    \n<span class='image'><img loading=\"lazy\" decoding=\"async\" width=\"400\" height=\"266\" src=\"https:\/\/www.ingartek.com\/wp-content\/uploads\/2019\/02\/definicion-de-matrices-origen-destino-en-autobuses-de-vitoria.jpg\" class=\"attachment-full size-full wp-post-image\" alt=\"Definici\u00f3n de matrices origen-destino en autobuses de Vitoria\" srcset=\"https:\/\/www.ingartek.com\/wp-content\/uploads\/2019\/02\/definicion-de-matrices-origen-destino-en-autobuses-de-vitoria.jpg 400w, https:\/\/www.ingartek.com\/wp-content\/uploads\/2019\/02\/definicion-de-matrices-origen-destino-en-autobuses-de-vitoria-300x200.jpg 300w\" sizes=\"auto, (max-width: 400px) 100vw, 400px\" title=\"\"><\/span>                <\/div>\n            <\/div>\n\n                <div class='portfolio_description text_align_center' >\n\n        \n    <h3 itemprop=\"name\" class=\"portfolio_title entry_title\"><a itemprop=\"url\" href=\"https:\/\/www.ingartek.com\/es\/proyecto\/definicion-de-matrices-origen-destino-en-autobuses-de-vitoria\/\" style=\"color: #333333\" target=\"_self\"> Definici\u00f3n de matrices origen-destino en autobuses de Vitoria<\/a><\/h3>\n\n\n        \n        \n    <\/div>\n\n        \n<\/article>\n<article class='mix portfolio_category_161 default' style=''>\n    \n    \n    \n    \n            <div class=\"item_holder thin_plus_only\">\n\n                    <div class=\"text_holder\">\n        <div class=\"text_holder_outer\">\n            <div class=\"text_holder_inner\">\n                            <span class=\"thin_plus_only_icon\">+<\/span>\n                        <\/div>\n        <\/div>\n    <\/div>\n\n                                    <a itemprop=\"url\" class=\"portfolio_link_class\" title=\"Estudio de demanda de la AP-1\" href=\"https:\/\/www.ingartek.com\/es\/proyecto\/estudio-de-demanda-de-la-ap-1\/\"><\/a>\n                \n                <div style=\"\" class=\"portfolio_shader\"><\/div>\n                <div class=\"image_holder\">\n                    \n<span class='image'><img loading=\"lazy\" decoding=\"async\" width=\"500\" height=\"333\" src=\"https:\/\/www.ingartek.com\/wp-content\/uploads\/2018\/06\/estudio-de-demanda-de-la-ap-1.jpg\" class=\"attachment-full size-full wp-post-image\" alt=\"\" srcset=\"https:\/\/www.ingartek.com\/wp-content\/uploads\/2018\/06\/estudio-de-demanda-de-la-ap-1.jpg 500w, https:\/\/www.ingartek.com\/wp-content\/uploads\/2018\/06\/estudio-de-demanda-de-la-ap-1-300x200.jpg 300w\" sizes=\"auto, (max-width: 500px) 100vw, 500px\" title=\"\"><\/span>                <\/div>\n            <\/div>\n\n                <div class='portfolio_description text_align_center' >\n\n        \n    <h3 itemprop=\"name\" class=\"portfolio_title entry_title\"><a itemprop=\"url\" href=\"https:\/\/www.ingartek.com\/es\/proyecto\/estudio-de-demanda-de-la-ap-1\/\" style=\"color: #333333\" target=\"_self\"> Estudio de demanda de la AP-1<\/a><\/h3>\n\n\n        \n        \n    <\/div>\n\n        \n<\/article>\n<article class='mix portfolio_category_161 default' style=''>\n    \n    \n    \n    \n            <div class=\"item_holder thin_plus_only\">\n\n                    <div class=\"text_holder\">\n        <div class=\"text_holder_outer\">\n            <div class=\"text_holder_inner\">\n                            <span class=\"thin_plus_only_icon\">+<\/span>\n                        <\/div>\n        <\/div>\n    <\/div>\n\n                                    <a itemprop=\"url\" class=\"portfolio_link_class\" title=\"Estudio de demanda de un servicio Bus por la R\u00eda de Bilbao\" href=\"https:\/\/www.ingartek.com\/es\/proyecto\/estudio-de-demanda-de-un-servicio-bus-por-la-ria-de-bilbao\/\"><\/a>\n                \n                <div style=\"\" class=\"portfolio_shader\"><\/div>\n                <div class=\"image_holder\">\n                    \n<span class='image'><img loading=\"lazy\" decoding=\"async\" width=\"900\" height=\"600\" src=\"https:\/\/www.ingartek.com\/wp-content\/uploads\/2022\/02\/ria-bilbao-estudio-proyecto-ingartek.jpg\" class=\"attachment-full size-full wp-post-image\" alt=\"R\u00eda de Bilbao\" srcset=\"https:\/\/www.ingartek.com\/wp-content\/uploads\/2022\/02\/ria-bilbao-estudio-proyecto-ingartek.jpg 900w, https:\/\/www.ingartek.com\/wp-content\/uploads\/2022\/02\/ria-bilbao-estudio-proyecto-ingartek-300x200.jpg 300w, https:\/\/www.ingartek.com\/wp-content\/uploads\/2022\/02\/ria-bilbao-estudio-proyecto-ingartek-768x512.jpg 768w, https:\/\/www.ingartek.com\/wp-content\/uploads\/2022\/02\/ria-bilbao-estudio-proyecto-ingartek-700x467.jpg 700w\" sizes=\"auto, (max-width: 900px) 100vw, 900px\" title=\"\"><\/span>                <\/div>\n            <\/div>\n\n                <div class='portfolio_description text_align_center' >\n\n        \n    <h3 itemprop=\"name\" class=\"portfolio_title entry_title\"><a itemprop=\"url\" href=\"https:\/\/www.ingartek.com\/es\/proyecto\/estudio-de-demanda-de-un-servicio-bus-por-la-ria-de-bilbao\/\" style=\"color: #333333\" target=\"_self\"> Estudio de demanda de un servicio Bus por la R\u00eda de Bilbao<\/a><\/h3>\n\n\n        \n        \n    <\/div>\n\n        \n<\/article>\n<article class='mix portfolio_category_161 default' style=''>\n    \n    \n    \n    \n            <div class=\"item_holder thin_plus_only\">\n\n                    <div class=\"text_holder\">\n        <div class=\"text_holder_outer\">\n            <div class=\"text_holder_inner\">\n                            <span class=\"thin_plus_only_icon\">+<\/span>\n                        <\/div>\n        <\/div>\n    <\/div>\n\n                                    <a itemprop=\"url\" class=\"portfolio_link_class\" title=\"Estudio de demanda del tranv\u00eda de Leioa\" href=\"https:\/\/www.ingartek.com\/es\/proyecto\/estudio-de-demanda-del-tranvia-de-leioa\/\"><\/a>\n                \n                <div style=\"\" class=\"portfolio_shader\"><\/div>\n                <div class=\"image_holder\">\n                    \n<span class='image'><img loading=\"lazy\" decoding=\"async\" width=\"400\" height=\"266\" src=\"https:\/\/www.ingartek.com\/wp-content\/uploads\/2019\/02\/estudio-de-demanda-del-tranvia-de-leioa.jpg\" class=\"attachment-full size-full wp-post-image\" alt=\"Estudio de demanda del tranv\u00eda de Leioa\" srcset=\"https:\/\/www.ingartek.com\/wp-content\/uploads\/2019\/02\/estudio-de-demanda-del-tranvia-de-leioa.jpg 400w, https:\/\/www.ingartek.com\/wp-content\/uploads\/2019\/02\/estudio-de-demanda-del-tranvia-de-leioa-300x200.jpg 300w\" sizes=\"auto, (max-width: 400px) 100vw, 400px\" title=\"\"><\/span>                <\/div>\n            <\/div>\n\n                <div class='portfolio_description text_align_center' >\n\n        \n    <h3 itemprop=\"name\" class=\"portfolio_title entry_title\"><a itemprop=\"url\" href=\"https:\/\/www.ingartek.com\/es\/proyecto\/estudio-de-demanda-del-tranvia-de-leioa\/\" style=\"color: #333333\" target=\"_self\"> Estudio de demanda del tranv\u00eda de Leioa<\/a><\/h3>\n\n\n        \n        \n    <\/div>\n\n        \n<\/article>\n<article class='mix portfolio_category_161 default' style=''>\n    \n    \n    \n    \n            <div class=\"item_holder thin_plus_only\">\n\n                    <div class=\"text_holder\">\n        <div class=\"text_holder_outer\">\n            <div class=\"text_holder_inner\">\n                            <span class=\"thin_plus_only_icon\">+<\/span>\n                        <\/div>\n        <\/div>\n    <\/div>\n\n                                    <a itemprop=\"url\" class=\"portfolio_link_class\" title=\"Estudio de la Movilidad de Euskadi 2021 para el Departamento de Transportes del Gobierno Vasco\" href=\"https:\/\/www.ingartek.com\/es\/proyecto\/estudio-de-la-movilidad-de-euskadi-2021-para-el-departamento-de-transportes-del-gobierno-vasco\/\"><\/a>\n                \n                <div style=\"\" class=\"portfolio_shader\"><\/div>\n                <div class=\"image_holder\">\n                    \n<span class='image'><img loading=\"lazy\" decoding=\"async\" width=\"800\" height=\"533\" src=\"https:\/\/www.ingartek.com\/wp-content\/uploads\/2023\/04\/proyecto-movilidad-euskadi-2021-ingartek.jpg\" class=\"attachment-full size-full wp-post-image\" alt=\"Estudio de la Movilidad de Euskadi 2021 para el Departamento de Transportes del Gobierno Vasco\" srcset=\"https:\/\/www.ingartek.com\/wp-content\/uploads\/2023\/04\/proyecto-movilidad-euskadi-2021-ingartek.jpg 800w, https:\/\/www.ingartek.com\/wp-content\/uploads\/2023\/04\/proyecto-movilidad-euskadi-2021-ingartek-300x200.jpg 300w, https:\/\/www.ingartek.com\/wp-content\/uploads\/2023\/04\/proyecto-movilidad-euskadi-2021-ingartek-768x512.jpg 768w, https:\/\/www.ingartek.com\/wp-content\/uploads\/2023\/04\/proyecto-movilidad-euskadi-2021-ingartek-700x466.jpg 700w\" sizes=\"auto, (max-width: 800px) 100vw, 800px\" title=\"\"><\/span>                <\/div>\n            <\/div>\n\n                <div class='portfolio_description text_align_center' >\n\n        \n    <h3 itemprop=\"name\" class=\"portfolio_title entry_title\"><a itemprop=\"url\" href=\"https:\/\/www.ingartek.com\/es\/proyecto\/estudio-de-la-movilidad-de-euskadi-2021-para-el-departamento-de-transportes-del-gobierno-vasco\/\" style=\"color: #333333\" target=\"_self\"> Estudio de la Movilidad de Euskadi 2021 para el Departamento de Transportes del Gobierno Vasco<\/a><\/h3>\n\n\n        \n        \n    <\/div>\n\n        \n<\/article>\n<article class='mix portfolio_category_161 default' style=''>\n    \n    \n    \n    \n            <div class=\"item_holder thin_plus_only\">\n\n                    <div class=\"text_holder\">\n        <div class=\"text_holder_outer\">\n            <div class=\"text_holder_inner\">\n                            <span class=\"thin_plus_only_icon\">+<\/span>\n                        <\/div>\n        <\/div>\n    <\/div>\n\n                                    <a itemprop=\"url\" class=\"portfolio_link_class\" title=\"Estudio de los puntos estrat\u00e9gicos de conexi\u00f3n de \u00e1mbitos urbanos con Pol\u00edgonos Industriales a trav\u00e9s de Itinerarios Verdes existentes\" href=\"https:\/\/www.ingartek.com\/es\/proyecto\/estudio-de-los-puntos-estrategicos-de-conexion-de-ambitos-urbanos-con-poligonos-industriales-a-traves-de-itinerarios-verdes-existentes\/\"><\/a>\n                \n                <div style=\"\" class=\"portfolio_shader\"><\/div>\n                <div class=\"image_holder\">\n                    \n<span class='image'><img loading=\"lazy\" decoding=\"async\" width=\"900\" height=\"600\" src=\"https:\/\/www.ingartek.com\/wp-content\/uploads\/2022\/03\/proyecto-ruta-verde-nervion.jpg\" class=\"attachment-full size-full wp-post-image\" alt=\"Estudio de los puntos estrat\u00e9gicos de conexi\u00f3n de \u00e1mbitos urbanos con Pol\u00edgonos Industriales a trav\u00e9s de Itinerarios Verdes existentes\" srcset=\"https:\/\/www.ingartek.com\/wp-content\/uploads\/2022\/03\/proyecto-ruta-verde-nervion.jpg 900w, https:\/\/www.ingartek.com\/wp-content\/uploads\/2022\/03\/proyecto-ruta-verde-nervion-300x200.jpg 300w, https:\/\/www.ingartek.com\/wp-content\/uploads\/2022\/03\/proyecto-ruta-verde-nervion-768x512.jpg 768w, https:\/\/www.ingartek.com\/wp-content\/uploads\/2022\/03\/proyecto-ruta-verde-nervion-700x467.jpg 700w\" sizes=\"auto, (max-width: 900px) 100vw, 900px\" title=\"\"><\/span>                <\/div>\n            <\/div>\n\n                <div class='portfolio_description text_align_center' >\n\n        \n    <h3 itemprop=\"name\" class=\"portfolio_title entry_title\"><a itemprop=\"url\" href=\"https:\/\/www.ingartek.com\/es\/proyecto\/estudio-de-los-puntos-estrategicos-de-conexion-de-ambitos-urbanos-con-poligonos-industriales-a-traves-de-itinerarios-verdes-existentes\/\" style=\"color: #333333\" target=\"_self\"> Estudio de los puntos estrat\u00e9gicos de conexi\u00f3n de \u00e1mbitos urbanos con Pol\u00edgonos Industriales a trav\u00e9s de Itinerarios Verdes existentes<\/a><\/h3>\n\n\n        \n        \n    <\/div>\n\n        \n<\/article>\n<article class='mix portfolio_category_161 default' style=''>\n    \n    \n    \n    \n            <div class=\"item_holder thin_plus_only\">\n\n                    <div class=\"text_holder\">\n        <div class=\"text_holder_outer\">\n            <div class=\"text_holder_inner\">\n                            <span class=\"thin_plus_only_icon\">+<\/span>\n                        <\/div>\n        <\/div>\n    <\/div>\n\n                                    <a itemprop=\"url\" class=\"portfolio_link_class\" title=\"Estudio de nueva movilidad generada por la construcci\u00f3n de un bidegorri en Amezketa\" href=\"https:\/\/www.ingartek.com\/es\/proyecto\/estudio-de-nueva-movilidad-generada-por-la-construccion-de-un-bidegorri-en-amezketa\/\"><\/a>\n                \n                <div style=\"\" class=\"portfolio_shader\"><\/div>\n                <div class=\"image_holder\">\n                    \n<span class='image'><img loading=\"lazy\" decoding=\"async\" width=\"800\" height=\"535\" src=\"https:\/\/www.ingartek.com\/wp-content\/uploads\/2022\/05\/amezketa_2.jpg\" class=\"attachment-full size-full wp-post-image\" alt=\"\" srcset=\"https:\/\/www.ingartek.com\/wp-content\/uploads\/2022\/05\/amezketa_2.jpg 800w, https:\/\/www.ingartek.com\/wp-content\/uploads\/2022\/05\/amezketa_2-300x201.jpg 300w, https:\/\/www.ingartek.com\/wp-content\/uploads\/2022\/05\/amezketa_2-768x514.jpg 768w, https:\/\/www.ingartek.com\/wp-content\/uploads\/2022\/05\/amezketa_2-700x468.jpg 700w\" sizes=\"auto, (max-width: 800px) 100vw, 800px\" title=\"\"><\/span>                <\/div>\n            <\/div>\n\n                <div class='portfolio_description text_align_center' >\n\n        \n    <h3 itemprop=\"name\" class=\"portfolio_title entry_title\"><a itemprop=\"url\" href=\"https:\/\/www.ingartek.com\/es\/proyecto\/estudio-de-nueva-movilidad-generada-por-la-construccion-de-un-bidegorri-en-amezketa\/\" style=\"color: #333333\" target=\"_self\"> Estudio de nueva movilidad generada por la construcci\u00f3n de un bidegorri en Amezketa<\/a><\/h3>\n\n\n        \n        \n    <\/div>\n\n        \n<\/article>\n<article class='mix portfolio_category_161 default' style=''>\n    \n    \n    \n    \n            <div class=\"item_holder thin_plus_only\">\n\n                    <div class=\"text_holder\">\n        <div class=\"text_holder_outer\">\n            <div class=\"text_holder_inner\">\n                            <span class=\"thin_plus_only_icon\">+<\/span>\n                        <\/div>\n        <\/div>\n    <\/div>\n\n                                    <a itemprop=\"url\" class=\"portfolio_link_class\" title=\"Estudio de tr\u00e1fico del soterramiento de la rotonda de Am\u00e9rica Latina de Vitoria-Gasteiz\" href=\"https:\/\/www.ingartek.com\/es\/proyecto\/estudio-de-trafico-del-soterramiento-de-la-rotonda-de-america-latina-de-vitoria-gasteiz\/\"><\/a>\n                \n                <div style=\"\" class=\"portfolio_shader\"><\/div>\n                <div class=\"image_holder\">\n                    \n<span class='image'><img loading=\"lazy\" decoding=\"async\" width=\"576\" height=\"384\" src=\"https:\/\/www.ingartek.com\/wp-content\/uploads\/2022\/11\/rotonda-de-america-latina-el-correo.jpg\" class=\"attachment-full size-full wp-post-image\" alt=\"rotonda de Am\u00e9rica Latina de Vitoria-Gasteiz\" srcset=\"https:\/\/www.ingartek.com\/wp-content\/uploads\/2022\/11\/rotonda-de-america-latina-el-correo.jpg 576w, https:\/\/www.ingartek.com\/wp-content\/uploads\/2022\/11\/rotonda-de-america-latina-el-correo-300x200.jpg 300w\" sizes=\"auto, (max-width: 576px) 100vw, 576px\" title=\"\"><\/span>                <\/div>\n            <\/div>\n\n                <div class='portfolio_description text_align_center' >\n\n        \n    <h3 itemprop=\"name\" class=\"portfolio_title entry_title\"><a itemprop=\"url\" href=\"https:\/\/www.ingartek.com\/es\/proyecto\/estudio-de-trafico-del-soterramiento-de-la-rotonda-de-america-latina-de-vitoria-gasteiz\/\" style=\"color: #333333\" target=\"_self\"> Estudio de tr\u00e1fico del soterramiento de la rotonda de Am\u00e9rica Latina de Vitoria-Gasteiz<\/a><\/h3>\n\n\n        \n        \n    <\/div>\n\n        \n<\/article>\n<article class='mix portfolio_category_161 default' style=''>\n    \n    \n    \n    \n            <div class=\"item_holder thin_plus_only\">\n\n                    <div class=\"text_holder\">\n        <div class=\"text_holder_outer\">\n            <div class=\"text_holder_inner\">\n                            <span class=\"thin_plus_only_icon\">+<\/span>\n                        <\/div>\n        <\/div>\n    <\/div>\n\n                                    <a itemprop=\"url\" class=\"portfolio_link_class\" title=\"Estudio de tr\u00e1fico en el pol\u00edgono de Boroa\" href=\"https:\/\/www.ingartek.com\/es\/proyecto\/estudio-de-trafico-en-el-poligono-de-boroa\/\"><\/a>\n                \n                <div style=\"\" class=\"portfolio_shader\"><\/div>\n                <div class=\"image_holder\">\n                    \n<span class='image'><img loading=\"lazy\" decoding=\"async\" width=\"449\" height=\"300\" src=\"https:\/\/www.ingartek.com\/wp-content\/uploads\/2021\/09\/project-2020-014.jpg\" class=\"attachment-full size-full wp-post-image\" alt=\"Estudio de tr\u00e1fico en el pol\u00edgono de Boroa\" srcset=\"https:\/\/www.ingartek.com\/wp-content\/uploads\/2021\/09\/project-2020-014.jpg 449w, https:\/\/www.ingartek.com\/wp-content\/uploads\/2021\/09\/project-2020-014-300x200.jpg 300w\" sizes=\"auto, (max-width: 449px) 100vw, 449px\" title=\"\"><\/span>                <\/div>\n            <\/div>\n\n                <div class='portfolio_description text_align_center' >\n\n        \n    <h3 itemprop=\"name\" class=\"portfolio_title entry_title\"><a itemprop=\"url\" href=\"https:\/\/www.ingartek.com\/es\/proyecto\/estudio-de-trafico-en-el-poligono-de-boroa\/\" style=\"color: #333333\" target=\"_self\"> Estudio de tr\u00e1fico en el pol\u00edgono de Boroa<\/a><\/h3>\n\n\n        \n        \n    <\/div>\n\n        \n<\/article>\n<article class='mix portfolio_category_161 default' style=''>\n    \n    \n    \n    \n            <div class=\"item_holder thin_plus_only\">\n\n                    <div class=\"text_holder\">\n        <div class=\"text_holder_outer\">\n            <div class=\"text_holder_inner\">\n                            <span class=\"thin_plus_only_icon\">+<\/span>\n                        <\/div>\n        <\/div>\n    <\/div>\n\n                                    <a itemprop=\"url\" class=\"portfolio_link_class\" title=\"Estudio de viabilidad para centro integral de transporte de la Ap-8 en Astigarraga\" href=\"https:\/\/www.ingartek.com\/es\/proyecto\/estudio-de-viabilidad-para-centro-integral-de-transporte-de-la-ap-8-en-astigarraga\/\"><\/a>\n                \n                <div style=\"\" class=\"portfolio_shader\"><\/div>\n                <div class=\"image_holder\">\n                    \n<span class='image'><img loading=\"lazy\" decoding=\"async\" width=\"600\" height=\"400\" src=\"https:\/\/www.ingartek.com\/wp-content\/uploads\/2019\/02\/estudio-de-viabilidad-para-centro-integral-de-transporte-de-la-ap-8-en-astigarraga.jpg\" class=\"attachment-full size-full wp-post-image\" alt=\"Estudio de viabilidad para centro integral de transporte de la Ap-8 en Astigarraga\" srcset=\"https:\/\/www.ingartek.com\/wp-content\/uploads\/2019\/02\/estudio-de-viabilidad-para-centro-integral-de-transporte-de-la-ap-8-en-astigarraga.jpg 600w, https:\/\/www.ingartek.com\/wp-content\/uploads\/2019\/02\/estudio-de-viabilidad-para-centro-integral-de-transporte-de-la-ap-8-en-astigarraga-300x200.jpg 300w\" sizes=\"auto, (max-width: 600px) 100vw, 600px\" title=\"\"><\/span>                <\/div>\n            <\/div>\n\n                <div class='portfolio_description text_align_center' >\n\n        \n    <h3 itemprop=\"name\" class=\"portfolio_title entry_title\"><a itemprop=\"url\" href=\"https:\/\/www.ingartek.com\/es\/proyecto\/estudio-de-viabilidad-para-centro-integral-de-transporte-de-la-ap-8-en-astigarraga\/\" style=\"color: #333333\" target=\"_self\"> Estudio de viabilidad para centro integral de transporte de la Ap-8 en Astigarraga<\/a><\/h3>\n\n\n        \n        \n    <\/div>\n\n        \n<\/article>\n<article class='mix portfolio_category_161 default' style=''>\n    \n    \n    \n    \n            <div class=\"item_holder thin_plus_only\">\n\n                    <div class=\"text_holder\">\n        <div class=\"text_holder_outer\">\n            <div class=\"text_holder_inner\">\n                            <span class=\"thin_plus_only_icon\">+<\/span>\n                        <\/div>\n        <\/div>\n    <\/div>\n\n                                    <a itemprop=\"url\" class=\"portfolio_link_class\" title=\"Herramienta para la visualizaci\u00f3n de intensidades de tr\u00e1fico de la red viaria de la CAV\" href=\"https:\/\/www.ingartek.com\/es\/proyecto\/herramienta-para-la-visualizacion-de-intensidades-de-trafico-de-la-red-viaria-de-la-cav\/\"><\/a>\n                \n                <div style=\"\" class=\"portfolio_shader\"><\/div>\n                <div class=\"image_holder\">\n                    \n<span class='image'><img loading=\"lazy\" decoding=\"async\" width=\"400\" height=\"266\" src=\"https:\/\/www.ingartek.com\/wp-content\/uploads\/2019\/02\/Herramienta-para-la-visualizacio\u0301n-de-intensidades-de-tra\u0301fico-de-la-red-viaria-de-la-CAV.jpg\" class=\"attachment-full size-full wp-post-image\" alt=\"Herramienta para la visualizaci\u00f3n de intensidades de tr\u00e1fico de la red viaria de la CAV\" srcset=\"https:\/\/www.ingartek.com\/wp-content\/uploads\/2019\/02\/Herramienta-para-la-visualizacio\u0301n-de-intensidades-de-tra\u0301fico-de-la-red-viaria-de-la-CAV.jpg 400w, https:\/\/www.ingartek.com\/wp-content\/uploads\/2019\/02\/Herramienta-para-la-visualizacio\u0301n-de-intensidades-de-tra\u0301fico-de-la-red-viaria-de-la-CAV-300x200.jpg 300w\" sizes=\"auto, (max-width: 400px) 100vw, 400px\" title=\"\"><\/span>                <\/div>\n            <\/div>\n\n                <div class='portfolio_description text_align_center' >\n\n        \n    <h3 itemprop=\"name\" class=\"portfolio_title entry_title\"><a itemprop=\"url\" href=\"https:\/\/www.ingartek.com\/es\/proyecto\/herramienta-para-la-visualizacion-de-intensidades-de-trafico-de-la-red-viaria-de-la-cav\/\" style=\"color: #333333\" target=\"_self\"> Herramienta para la visualizaci\u00f3n de intensidades de tr\u00e1fico de la red viaria de la CAV<\/a><\/h3>\n\n\n        \n        \n    <\/div>\n\n        \n<\/article>\n<article class='mix portfolio_category_161 default' style=''>\n    \n    \n    \n    \n            <div class=\"item_holder thin_plus_only\">\n\n                    <div class=\"text_holder\">\n        <div class=\"text_holder_outer\">\n            <div class=\"text_holder_inner\">\n                            <span class=\"thin_plus_only_icon\">+<\/span>\n                        <\/div>\n        <\/div>\n    <\/div>\n\n                                    <a itemprop=\"url\" class=\"portfolio_link_class\" title=\"MULTIHUB: Hub multimodal de recarga para fomento de electrificaci\u00f3n del transporte urbano.\" href=\"https:\/\/www.ingartek.com\/es\/proyecto\/multihub-hub-multimodal-de-recarga-para-fomento-de-electrificacion-del-transporte-urbano\/\"><\/a>\n                \n                <div style=\"\" class=\"portfolio_shader\"><\/div>\n                <div class=\"image_holder\">\n                    \n<span class='image'><img loading=\"lazy\" decoding=\"async\" width=\"900\" height=\"600\" src=\"https:\/\/www.ingartek.com\/wp-content\/uploads\/2022\/03\/Electromovilidad-project-MULTIHUBl.jpg\" class=\"attachment-full size-full wp-post-image\" alt=\"MULTIHUB: Hub multimodal de recarga para fomento de electrificaci\u00f3n del transporte urbano.\" srcset=\"https:\/\/www.ingartek.com\/wp-content\/uploads\/2022\/03\/Electromovilidad-project-MULTIHUBl.jpg 900w, https:\/\/www.ingartek.com\/wp-content\/uploads\/2022\/03\/Electromovilidad-project-MULTIHUBl-300x200.jpg 300w, https:\/\/www.ingartek.com\/wp-content\/uploads\/2022\/03\/Electromovilidad-project-MULTIHUBl-768x512.jpg 768w, https:\/\/www.ingartek.com\/wp-content\/uploads\/2022\/03\/Electromovilidad-project-MULTIHUBl-700x467.jpg 700w\" sizes=\"auto, (max-width: 900px) 100vw, 900px\" title=\"\"><\/span>                <\/div>\n            <\/div>\n\n                <div class='portfolio_description text_align_center' >\n\n        \n    <h3 itemprop=\"name\" class=\"portfolio_title entry_title\"><a itemprop=\"url\" href=\"https:\/\/www.ingartek.com\/es\/proyecto\/multihub-hub-multimodal-de-recarga-para-fomento-de-electrificacion-del-transporte-urbano\/\" style=\"color: #333333\" target=\"_self\"> MULTIHUB: Hub multimodal de recarga para fomento de electrificaci\u00f3n del transporte urbano.<\/a><\/h3>\n\n\n        \n        \n    <\/div>\n\n        \n<\/article>\n<article class='mix portfolio_category_161 default' style=''>\n    \n    \n    \n    \n            <div class=\"item_holder thin_plus_only\">\n\n                    <div class=\"text_holder\">\n        <div class=\"text_holder_outer\">\n            <div class=\"text_holder_inner\">\n                            <span class=\"thin_plus_only_icon\">+<\/span>\n                        <\/div>\n        <\/div>\n    <\/div>\n\n                                    <a itemprop=\"url\" class=\"portfolio_link_class\" title=\"Proyecto de an\u00e1lisis del tr\u00e1fico pesado en la N-240 en Legutio\" href=\"https:\/\/www.ingartek.com\/es\/proyecto\/proyecto-de-analisis-del-trafico-pesado-en-la-n-240-en-legutio\/\"><\/a>\n                \n                <div style=\"\" class=\"portfolio_shader\"><\/div>\n                <div class=\"image_holder\">\n                    \n<span class='image'><img loading=\"lazy\" decoding=\"async\" width=\"300\" height=\"200\" src=\"https:\/\/www.ingartek.com\/wp-content\/uploads\/2018\/10\/proyecto-de-analisis-del-trafico-pesado-en-la-n-240-en-legutio.jpg\" class=\"attachment-full size-full wp-post-image\" alt=\"Proyecto de an\u00e1lisis del tr\u00e1fico pesado en la N-240 en Legutio\" title=\"\"><\/span>                <\/div>\n            <\/div>\n\n                <div class='portfolio_description text_align_center' >\n\n        \n    <h3 itemprop=\"name\" class=\"portfolio_title entry_title\"><a itemprop=\"url\" href=\"https:\/\/www.ingartek.com\/es\/proyecto\/proyecto-de-analisis-del-trafico-pesado-en-la-n-240-en-legutio\/\" style=\"color: #333333\" target=\"_self\"> Proyecto de an\u00e1lisis del tr\u00e1fico pesado en la N-240 en Legutio<\/a><\/h3>\n\n\n        \n        \n    <\/div>\n\n        \n<\/article>\n        <div class='filler'><\/div>\n            <div class='filler'><\/div>\n            <div class='filler'><\/div>\n            <div class='filler'><\/div>\n        <\/div>\n\n    \n    <\/div>[\/vc_column_inner][\/vc_row_inner][\/vc_column][\/vc_row]<\/p>\n<\/div>","protected":false},"excerpt":{"rendered":"<p>[vc_row css_animation=\u00bb\u00bb row_type=\u00bbrow\u00bb use_row_as_full_screen_section=\u00bbno\u00bb type=\u00bbfull_width\u00bb angled_section=\u00bbno\u00bb text_align=\u00bbleft\u00bb background_image_as_pattern=\u00bbwithout_pattern\u00bb][vc_column][vc_column_text]Estudiar la movilidad y el tr\u00e1fico de un territorio es la base para determinar las decisiones a tomar mediante auditor\u00edas concretas. Por ello, el equipo multidisciplinar de Ingartek elabora estudios de movilidad y&#8230;<\/p>\n","protected":false},"author":2,"featured_media":0,"parent":0,"menu_order":0,"comment_status":"closed","ping_status":"closed","template":"","meta":{"content-type":"","footnotes":""},"class_list":["post-16258","page","type-page","status-publish","hentry"],"_links":{"self":[{"href":"https:\/\/www.ingartek.com\/es\/wp-json\/wp\/v2\/pages\/16258","targetHints":{"allow":["GET"]}}],"collection":[{"href":"https:\/\/www.ingartek.com\/es\/wp-json\/wp\/v2\/pages"}],"about":[{"href":"https:\/\/www.ingartek.com\/es\/wp-json\/wp\/v2\/types\/page"}],"author":[{"embeddable":true,"href":"https:\/\/www.ingartek.com\/es\/wp-json\/wp\/v2\/users\/2"}],"replies":[{"embeddable":true,"href":"https:\/\/www.ingartek.com\/es\/wp-json\/wp\/v2\/comments?post=16258"}],"version-history":[{"count":0,"href":"https:\/\/www.ingartek.com\/es\/wp-json\/wp\/v2\/pages\/16258\/revisions"}],"wp:attachment":[{"href":"https:\/\/www.ingartek.com\/es\/wp-json\/wp\/v2\/media?parent=16258"}],"curies":[{"name":"wp","href":"https:\/\/api.w.org\/{rel}","templated":true}]}}