{"id":16254,"date":"2018-06-01T11:56:55","date_gmt":"2018-06-01T09:56:55","guid":{"rendered":"https:\/\/www.ingartek.com\/?page_id=16254"},"modified":"2025-01-02T10:37:54","modified_gmt":"2025-01-02T09:37:54","slug":"planes-estrategicos-de-movilidad-y-transporte","status":"publish","type":"page","link":"https:\/\/www.ingartek.com\/es\/planes-estrategicos-de-movilidad-y-transporte\/","title":{"rendered":"Planes estrat\u00e9gicos de movilidad y transporte"},"content":{"rendered":"<div class=\"wpb-content-wrapper\"><p>[vc_row css_animation=\u00bb\u00bb row_type=\u00bbrow\u00bb use_row_as_full_screen_section=\u00bbno\u00bb type=\u00bbfull_width\u00bb angled_section=\u00bbno\u00bb text_align=\u00bbleft\u00bb background_image_as_pattern=\u00bbwithout_pattern\u00bb][vc_column][vc_column_text]En Ingartek elaboramos planes estrat\u00e9gicos de movilidad que tienen como objetivo el <strong>desarrollo equilibrado y eficiente del transporte<\/strong>. Analizamos las necesidades y las infraestructuras existentes para as\u00ed <strong>optimizar los recursos<\/strong>, tanto en coste como en tiempo. Nuestro eje de trabajo se basa en la <strong>sostenibilidad<\/strong>.<\/p>\n<p>Realizamos an\u00e1lisis, interpretaci\u00f3n y planificaci\u00f3n de datos, para realizar recomendaciones de mejora en el transporte p\u00fablico y el veh\u00edculo privado, tanto para la <strong>movilidad de las personas como de las mercanc\u00edas<\/strong>. Contamos con gran experiencia en el acompa\u00f1amiento en la toma de decisiones, dando a nuestros clientes una visi\u00f3n estrat\u00e9gica de cada proyecto. Mediante la medici\u00f3n de los medios y los resultados obtenidos,<strong> te ayudamos a llegar a d\u00f3nde t\u00fa quieras ir<\/strong>.<\/p>\n<p>El objetivo los planes estrat\u00e9gicos y de ordenaci\u00f3n territorial es mejorar el <strong>desarrollo sostenible de las ciudades y de los territorios<\/strong>, teniendo en cuenta factores demogr\u00e1ficos, econ\u00f3micos, sociol\u00f3gicos y medio ambientales. Es por ello que ponemos a tu disposici\u00f3n un <strong>equipo multidisciplinar<\/strong> formado por ingenieros, matem\u00e1ticos, economistas y soci\u00f3logos que te ayudar\u00e1n a orientar de la mejor manera tus procesos de decisi\u00f3n.[\/vc_column_text][vc_empty_space][vc_row_inner row_type=\u00bbrow\u00bb type=\u00bbfull_width\u00bb text_align=\u00bbleft\u00bb css_animation=\u00bb\u00bb][vc_column_inner width=\u00bb2\/3&#8243;][vc_column_text]<\/p>\n<h2 style=\"text-align: left;\">Mercado al que est\u00e1 dirigido<\/h2>\n<p>[\/vc_column_text][vc_empty_space]<div class=\"q_icon_list\"><i class=\"qode_icon_font_awesome fa fa-thumbs-o-up qode-ili-icon-holder circle\" style=\"color: #a31a16;background-color: #ffffff;border-color:rgba(0,0,0,0.01);border-style: solid;border-width: 1px;\" ><\/i><p style=\"color:#333333;font-size: 16px;\">Administraci\u00f3n p\u00fablica de transporte<\/p><\/div><div class=\"q_icon_list\"><i class=\"qode_icon_font_awesome fa fa-thumbs-o-up qode-ili-icon-holder circle\" style=\"color: #a31a16;background-color: #ffffff;border-color:rgba(0,0,0,0.01);border-style: solid;border-width: 1px;\" ><\/i><p style=\"color:#333333;font-size: 16px;\">Administraci\u00f3n p\u00fablica de tr\u00e1fico<\/p><\/div><div class=\"q_icon_list\"><i class=\"qode_icon_font_awesome fa fa-thumbs-o-up qode-ili-icon-holder circle\" style=\"color: #a31a16;background-color: #ffffff;border-color:rgba(0,0,0,0.01);border-style: solid;border-width: 1px;\" ><\/i><p style=\"color:#333333;font-size: 16px;\">Administraci\u00f3n p\u00fablica de infraestructuras<\/p><\/div>[\/vc_column_inner][vc_column_inner width=\u00bb1\/3&#8243;][\/vc_column_inner][\/vc_row_inner][vc_row_inner row_type=\u00bbrow\u00bb type=\u00bbfull_width\u00bb text_align=\u00bbleft\u00bb css_animation=\u00bb\u00bb css=\u00bb.vc_custom_1647513370862{border-top-width: 1px !important;border-right-width: 1px !important;border-bottom-width: 1px !important;border-left-width: 1px !important;padding-top: 30px !important;padding-bottom: 30px !important;border-left-color: #eeeeee !important;border-left-style: solid !important;border-right-color: #eeeeee !important;border-right-style: solid !important;border-top-color: #eeeeee !important;border-top-style: solid !important;border-bottom-color: #eeeeee !important;border-bottom-style: solid !important;}\u00bb][vc_column_inner][vc_widget_sidebar sidebar_id=\u00bbContent Bottom\u00bb][\/vc_column_inner][\/vc_row_inner][\/vc_column][\/vc_row][vc_row css_animation=\u00bb\u00bb row_type=\u00bbrow\u00bb use_row_as_full_screen_section=\u00bbno\u00bb type=\u00bbfull_width\u00bb angled_section=\u00bbno\u00bb text_align=\u00bbleft\u00bb background_image_as_pattern=\u00bbwithout_pattern\u00bb][vc_column][vc_column_text]<\/p>\n<h2 style=\"text-align: left;\">Proyectos relacionados con este servicio<\/h2>\n<p>[\/vc_column_text][vc_separator type=\u00bbnormal\u00bb color=\u00bb#cccccc\u00bb thickness=\u00bb2&#8243; up=\u00bb15&#8243; down=\u00bb30&#8243;][vc_row_inner row_type=\u00bbrow\u00bb type=\u00bbfull_width\u00bb text_align=\u00bbleft\u00bb css_animation=\u00bb\u00bb][vc_column_inner]<div class='projects_holder_outer v4 portfolio_with_space portfolio_standard'>\n        <div class='projects_holder portfolio_main_holder clearfix v4 standard portfolio_full_image portfolio_one_by_one'>\n        \n        <article class='mix portfolio_category_146 default' style=''>\n    \n    \n    \n    \n            <div class=\"item_holder thin_plus_only\">\n\n                    <div class=\"text_holder\">\n        <div class=\"text_holder_outer\">\n            <div class=\"text_holder_inner\">\n                            <span class=\"thin_plus_only_icon\">+<\/span>\n                        <\/div>\n        <\/div>\n    <\/div>\n\n                                    <a itemprop=\"url\" class=\"portfolio_link_class\" title=\"Diagn\u00f3stico para el plan de movilidad sostenible y segura de la UPV\/EHU\" href=\"https:\/\/www.ingartek.com\/es\/proyecto\/diagnostico-para-el-plan-de-movilidad-sostenible-y-segura-de-la-upv-ehu\/\"><\/a>\n                \n                <div style=\"\" class=\"portfolio_shader\"><\/div>\n                <div class=\"image_holder\">\n                    \n<span class='image'><img loading=\"lazy\" decoding=\"async\" width=\"400\" height=\"267\" src=\"https:\/\/www.ingartek.com\/wp-content\/uploads\/2019\/02\/diagnostico-para-el-plan-de-movilidad-sostenible-y-segura-de-la-upv-ehu.jpg\" class=\"attachment-full size-full wp-post-image\" alt=\"Diagn\u00f3stico para el plan de movilidad sostenible y segura de la UPV\/EHU\" srcset=\"https:\/\/www.ingartek.com\/wp-content\/uploads\/2019\/02\/diagnostico-para-el-plan-de-movilidad-sostenible-y-segura-de-la-upv-ehu.jpg 400w, https:\/\/www.ingartek.com\/wp-content\/uploads\/2019\/02\/diagnostico-para-el-plan-de-movilidad-sostenible-y-segura-de-la-upv-ehu-300x200.jpg 300w\" sizes=\"auto, (max-width: 400px) 100vw, 400px\" title=\"\"><\/span>                <\/div>\n            <\/div>\n\n                <div class='portfolio_description text_align_center' >\n\n        \n    <h3 itemprop=\"name\" class=\"portfolio_title entry_title\"><a itemprop=\"url\" href=\"https:\/\/www.ingartek.com\/es\/proyecto\/diagnostico-para-el-plan-de-movilidad-sostenible-y-segura-de-la-upv-ehu\/\" style=\"color: #333333\" target=\"_self\"> Diagn\u00f3stico para el plan de movilidad sostenible y segura de la UPV\/EHU<\/a><\/h3>\n\n\n        \n        \n    <\/div>\n\n        \n<\/article>\n<article class='mix portfolio_category_146 default' style=''>\n    \n    \n    \n    \n            <div class=\"item_holder thin_plus_only\">\n\n                    <div class=\"text_holder\">\n        <div class=\"text_holder_outer\">\n            <div class=\"text_holder_inner\">\n                            <span class=\"thin_plus_only_icon\">+<\/span>\n                        <\/div>\n        <\/div>\n    <\/div>\n\n                                    <a itemprop=\"url\" class=\"portfolio_link_class\" title=\"Dise\u00f1o y desarrollo de future mobility lab en vitoria-gasteiz\" href=\"https:\/\/www.ingartek.com\/es\/proyecto\/diseno-y-desarrollo-de-future-mobility-lab-en-vitoria-gasteiz\/\"><\/a>\n                \n                <div style=\"\" class=\"portfolio_shader\"><\/div>\n                <div class=\"image_holder\">\n                    \n<span class='image'><img loading=\"lazy\" decoding=\"async\" width=\"600\" height=\"400\" src=\"https:\/\/www.ingartek.com\/wp-content\/uploads\/2022\/05\/vitoria-gasteiz.jpg\" class=\"attachment-full size-full wp-post-image\" alt=\"Dise\u00f1o y desarrollo de future mobility lab en vitoria-gasteiz\" srcset=\"https:\/\/www.ingartek.com\/wp-content\/uploads\/2022\/05\/vitoria-gasteiz.jpg 600w, https:\/\/www.ingartek.com\/wp-content\/uploads\/2022\/05\/vitoria-gasteiz-300x200.jpg 300w\" sizes=\"auto, (max-width: 600px) 100vw, 600px\" title=\"\"><\/span>                <\/div>\n            <\/div>\n\n                <div class='portfolio_description text_align_center' >\n\n        \n    <h3 itemprop=\"name\" class=\"portfolio_title entry_title\"><a itemprop=\"url\" href=\"https:\/\/www.ingartek.com\/es\/proyecto\/diseno-y-desarrollo-de-future-mobility-lab-en-vitoria-gasteiz\/\" style=\"color: #333333\" target=\"_self\"> Dise\u00f1o y desarrollo de future mobility lab en vitoria-gasteiz<\/a><\/h3>\n\n\n        \n        \n    <\/div>\n\n        \n<\/article>\n<article class='mix portfolio_category_162 portfolio_category_146 default' style=''>\n    \n    \n    \n    \n            <div class=\"item_holder thin_plus_only\">\n\n                    <div class=\"text_holder\">\n        <div class=\"text_holder_outer\">\n            <div class=\"text_holder_inner\">\n                            <span class=\"thin_plus_only_icon\">+<\/span>\n                        <\/div>\n        <\/div>\n    <\/div>\n\n                                    <a itemprop=\"url\" class=\"portfolio_link_class\" title=\"Plan de movilidad y asistencia t\u00e9cnica para las tres primeras etapas del Tour de Francia en el Grand D\u00e9part del Pa\u00eds Vasco\" href=\"https:\/\/www.ingartek.com\/es\/proyecto\/plan-de-movilidad-y-asistencia-tecnica-para-las-tres-primeras-etapas-del-tour-de-francia-en-el-grand-depart-del-pais-vasco\/\"><\/a>\n                \n                <div style=\"\" class=\"portfolio_shader\"><\/div>\n                <div class=\"image_holder\">\n                    \n<span class='image'><img loading=\"lazy\" decoding=\"async\" width=\"800\" height=\"533\" src=\"https:\/\/www.ingartek.com\/wp-content\/uploads\/2023\/03\/grand-depart.jpg\" class=\"attachment-full size-full wp-post-image\" alt=\"Plan de movilidad y asistencia t\u00e9cnica para las tres primeras etapas del Tour de Francia en el Grand D\u00e9part del Pa\u00eds Vasco\" srcset=\"https:\/\/www.ingartek.com\/wp-content\/uploads\/2023\/03\/grand-depart.jpg 800w, https:\/\/www.ingartek.com\/wp-content\/uploads\/2023\/03\/grand-depart-300x200.jpg 300w, https:\/\/www.ingartek.com\/wp-content\/uploads\/2023\/03\/grand-depart-768x512.jpg 768w, https:\/\/www.ingartek.com\/wp-content\/uploads\/2023\/03\/grand-depart-700x466.jpg 700w\" sizes=\"auto, (max-width: 800px) 100vw, 800px\" title=\"\"><\/span>                <\/div>\n            <\/div>\n\n                <div class='portfolio_description text_align_center' >\n\n        \n    <h3 itemprop=\"name\" class=\"portfolio_title entry_title\"><a itemprop=\"url\" href=\"https:\/\/www.ingartek.com\/es\/proyecto\/plan-de-movilidad-y-asistencia-tecnica-para-las-tres-primeras-etapas-del-tour-de-francia-en-el-grand-depart-del-pais-vasco\/\" style=\"color: #333333\" target=\"_self\"> Plan de movilidad y asistencia t\u00e9cnica para las tres primeras etapas del Tour de Francia en el Grand D\u00e9part del Pa\u00eds Vasco<\/a><\/h3>\n\n\n        \n        \n    <\/div>\n\n        \n<\/article>\n<article class='mix portfolio_category_146 default' style=''>\n    \n    \n    \n    \n            <div class=\"item_holder thin_plus_only\">\n\n                    <div class=\"text_holder\">\n        <div class=\"text_holder_outer\">\n            <div class=\"text_holder_inner\">\n                            <span class=\"thin_plus_only_icon\">+<\/span>\n                        <\/div>\n        <\/div>\n    <\/div>\n\n                                    <a itemprop=\"url\" class=\"portfolio_link_class\" title=\"Plan director de movilidad vertical de San Sebasti\u00e1n\" href=\"https:\/\/www.ingartek.com\/es\/proyecto\/plan-director-de-movilidad-vertical-de-san-sebastian\/\"><\/a>\n                \n                <div style=\"\" class=\"portfolio_shader\"><\/div>\n                <div class=\"image_holder\">\n                    \n<span class='image'><img loading=\"lazy\" decoding=\"async\" width=\"350\" height=\"233\" src=\"https:\/\/www.ingartek.com\/wp-content\/uploads\/2019\/02\/plan-director-de-movilidad-vertical-de-san-sebastian.jpg\" class=\"attachment-full size-full wp-post-image\" alt=\"Plan director de movilidad vertical de San Sebasti\u00e1n\" srcset=\"https:\/\/www.ingartek.com\/wp-content\/uploads\/2019\/02\/plan-director-de-movilidad-vertical-de-san-sebastian.jpg 350w, https:\/\/www.ingartek.com\/wp-content\/uploads\/2019\/02\/plan-director-de-movilidad-vertical-de-san-sebastian-300x200.jpg 300w\" sizes=\"auto, (max-width: 350px) 100vw, 350px\" title=\"\"><\/span>                <\/div>\n            <\/div>\n\n                <div class='portfolio_description text_align_center' >\n\n        \n    <h3 itemprop=\"name\" class=\"portfolio_title entry_title\"><a itemprop=\"url\" href=\"https:\/\/www.ingartek.com\/es\/proyecto\/plan-director-de-movilidad-vertical-de-san-sebastian\/\" style=\"color: #333333\" target=\"_self\"> Plan director de movilidad vertical de San Sebasti\u00e1n<\/a><\/h3>\n\n\n        \n        \n    <\/div>\n\n        \n<\/article>\n<article class='mix portfolio_category_146 large_width' style=''>\n    \n    \n    \n    \n            <div class=\"item_holder thin_plus_only\">\n\n                    <div class=\"text_holder\">\n        <div class=\"text_holder_outer\">\n            <div class=\"text_holder_inner\">\n                            <span class=\"thin_plus_only_icon\">+<\/span>\n                        <\/div>\n        <\/div>\n    <\/div>\n\n                                    <a itemprop=\"url\" class=\"portfolio_link_class\" title=\"Planificaci\u00f3n de la red de Bizkaibus\" href=\"https:\/\/www.ingartek.com\/es\/proyecto\/planificacion-de-la-red-de-bizkaibus\/\"><\/a>\n                \n                <div style=\"\" class=\"portfolio_shader\"><\/div>\n                <div class=\"image_holder\">\n                    \n<span class='image'><img loading=\"lazy\" decoding=\"async\" width=\"400\" height=\"266\" src=\"https:\/\/www.ingartek.com\/wp-content\/uploads\/2013\/10\/planificacion-de-la-red-de-bizkaibus.jpg\" class=\"attachment-full size-full wp-post-image\" alt=\"Planificaci\u00f3n de la red de Bizkaibus\" srcset=\"https:\/\/www.ingartek.com\/wp-content\/uploads\/2013\/10\/planificacion-de-la-red-de-bizkaibus.jpg 400w, https:\/\/www.ingartek.com\/wp-content\/uploads\/2013\/10\/planificacion-de-la-red-de-bizkaibus-300x200.jpg 300w\" sizes=\"auto, (max-width: 400px) 100vw, 400px\" title=\"\"><\/span>                <\/div>\n            <\/div>\n\n                <div class='portfolio_description text_align_center' >\n\n        \n    <h3 itemprop=\"name\" class=\"portfolio_title entry_title\"><a itemprop=\"url\" href=\"https:\/\/www.ingartek.com\/es\/proyecto\/planificacion-de-la-red-de-bizkaibus\/\" style=\"color: #333333\" target=\"_self\"> Planificaci\u00f3n de la red de Bizkaibus<\/a><\/h3>\n\n\n        \n        \n    <\/div>\n\n        \n<\/article>\n        <div class='filler'><\/div>\n            <div class='filler'><\/div>\n            <div class='filler'><\/div>\n            <div class='filler'><\/div>\n        <\/div>\n\n    \n    <\/div>[\/vc_column_inner][\/vc_row_inner][\/vc_column][\/vc_row]<\/p>\n<\/div>","protected":false},"excerpt":{"rendered":"<p>[vc_row css_animation=\u00bb\u00bb row_type=\u00bbrow\u00bb use_row_as_full_screen_section=\u00bbno\u00bb type=\u00bbfull_width\u00bb angled_section=\u00bbno\u00bb text_align=\u00bbleft\u00bb background_image_as_pattern=\u00bbwithout_pattern\u00bb][vc_column][vc_column_text]En Ingartek elaboramos planes estrat\u00e9gicos de movilidad que tienen como objetivo el desarrollo equilibrado y eficiente del transporte. Analizamos las necesidades y las infraestructuras existentes para as\u00ed optimizar los recursos, tanto en coste&#8230;<\/p>\n","protected":false},"author":2,"featured_media":0,"parent":0,"menu_order":0,"comment_status":"closed","ping_status":"closed","template":"","meta":{"content-type":"","footnotes":""},"class_list":["post-16254","page","type-page","status-publish","hentry"],"_links":{"self":[{"href":"https:\/\/www.ingartek.com\/es\/wp-json\/wp\/v2\/pages\/16254","targetHints":{"allow":["GET"]}}],"collection":[{"href":"https:\/\/www.ingartek.com\/es\/wp-json\/wp\/v2\/pages"}],"about":[{"href":"https:\/\/www.ingartek.com\/es\/wp-json\/wp\/v2\/types\/page"}],"author":[{"embeddable":true,"href":"https:\/\/www.ingartek.com\/es\/wp-json\/wp\/v2\/users\/2"}],"replies":[{"embeddable":true,"href":"https:\/\/www.ingartek.com\/es\/wp-json\/wp\/v2\/comments?post=16254"}],"version-history":[{"count":0,"href":"https:\/\/www.ingartek.com\/es\/wp-json\/wp\/v2\/pages\/16254\/revisions"}],"wp:attachment":[{"href":"https:\/\/www.ingartek.com\/es\/wp-json\/wp\/v2\/media?parent=16254"}],"curies":[{"name":"wp","href":"https:\/\/api.w.org\/{rel}","templated":true}]}}