{"id":16213,"date":"2018-05-30T15:08:03","date_gmt":"2018-05-30T13:08:03","guid":{"rendered":"https:\/\/www.ingartek.com\/?page_id=16213"},"modified":"2025-09-05T09:43:42","modified_gmt":"2025-09-05T08:43:42","slug":"proyectos-de-movilidad-y-transporte","status":"publish","type":"page","link":"https:\/\/www.ingartek.com\/es\/proyectos-de-movilidad-y-transporte\/","title":{"rendered":"Proyectos de movilidad y transporte"},"content":{"rendered":"<div class=\"wpb-content-wrapper\"><p>[vc_row css_animation=\u00bb\u00bb row_type=\u00bbrow\u00bb use_row_as_full_screen_section=\u00bbno\u00bb type=\u00bbfull_width\u00bb angled_section=\u00bbno\u00bb text_align=\u00bbleft\u00bb background_image_as_pattern=\u00bbwithout_pattern\u00bb css=\u00bb.vc_custom_1559631481242{padding-right: 20px !important;padding-left: 20px !important;background-color: #f9f9f9 !important;}\u00bb z_index=\u00bb\u00bb el_class=\u00bbproyectos\u00bb][vc_column][vc_empty_space height=\u00bb35px\u00bb]<div class='projects_holder_outer v4 portfolio_with_space portfolio_standard'>\n    \n    <div class='filter_outer'>\n        <div class='filter_holder'>\n            <ul>\n                                    <li class='filter' data-filter='all'>                        <span >Todo<\/span>\n                    <\/li>\n                \n                                                <li class='filter' data-filter='portfolio_category_162'>\n                                                        <span >Asistencia t\u00e9cnica y desarrollo tecnol\u00f3gico<\/span>\n                                    <\/li>\n                                                <li class='filter' data-filter='portfolio_category_159'>\n                                                        <span >Auditor\u00edas de servicio de transporte<\/span>\n                                    <\/li>\n                                                <li class='filter' data-filter='portfolio_category_161'>\n                                                        <span >Estudios de movilidad y tr\u00e1fico<\/span>\n                                    <\/li>\n                                                <li class='filter' data-filter='portfolio_category_1673'>\n                                                        <span >Planes de movilidad al trabajo para empresas<\/span>\n                                    <\/li>\n                                                <li class='filter' data-filter='portfolio_category_146'>\n                                                        <span >Planes estrat\u00e9gicos de movilidad y transporte<\/span>\n                                    <\/li>\n                                                <li class='filter' data-filter='portfolio_category_2000'>\n                                                        <span >Planificaci\u00f3n de movilidad para grandes eventos<\/span>\n                                    <\/li>\n                                                <li class='filter' data-filter='portfolio_category_1672'>\n                                                        <span >Planificaci\u00f3n Urbana<\/span>\n                                    <\/li>\n            \n            <\/ul>\n        <\/div>\n    <\/div>\n\n    <div class='projects_holder portfolio_main_holder clearfix v4 standard portfolio_full_image '>\n        \n        <article class='mix portfolio_category_2000 default' style=''>\n    \n    \n    \n    \n            <div class=\"item_holder thin_plus_only\">\n\n                    <div class=\"text_holder\">\n        <div class=\"text_holder_outer\">\n            <div class=\"text_holder_inner\">\n                            <span class=\"thin_plus_only_icon\">+<\/span>\n                        <\/div>\n        <\/div>\n    <\/div>\n\n                                    <a itemprop=\"url\" class=\"portfolio_link_class\" title=\"Final de la UEFA Europa League 2025\" href=\"https:\/\/www.ingartek.com\/es\/proyecto\/final-de-la-uefa-europa-league-2025\/\"><\/a>\n                \n                <div style=\"background-color: rgba(0,0,0,0.7)\" class=\"portfolio_shader\"><\/div>\n                <div class=\"image_holder\">\n                    \n<span class='image'><img loading=\"lazy\" decoding=\"async\" width=\"800\" height=\"536\" src=\"https:\/\/www.ingartek.com\/wp-content\/uploads\/2025\/07\/ingartek-Final_2teamsv2-01.jpg\" class=\"attachment-full size-full wp-post-image\" alt=\"Final de la UEFA Europa League 2025\" srcset=\"https:\/\/www.ingartek.com\/wp-content\/uploads\/2025\/07\/ingartek-Final_2teamsv2-01.jpg 800w, https:\/\/www.ingartek.com\/wp-content\/uploads\/2025\/07\/ingartek-Final_2teamsv2-01-300x201.jpg 300w, https:\/\/www.ingartek.com\/wp-content\/uploads\/2025\/07\/ingartek-Final_2teamsv2-01-768x515.jpg 768w, https:\/\/www.ingartek.com\/wp-content\/uploads\/2025\/07\/ingartek-Final_2teamsv2-01-700x469.jpg 700w\" sizes=\"auto, (max-width: 800px) 100vw, 800px\" title=\"\"><\/span>                <\/div>\n            <\/div>\n\n                <div class='portfolio_description text_align_center' >\n\n        \n    <h2 itemprop=\"name\" class=\"portfolio_title entry_title\"><a itemprop=\"url\" href=\"https:\/\/www.ingartek.com\/es\/proyecto\/final-de-la-uefa-europa-league-2025\/\" style=\"color: #444444;font-size: 16px\" target=\"_self\"> Final de la UEFA Europa League 2025<\/a><\/h2>\n\n\n        \n        \n    <\/div>\n\n        \n<\/article>\n<article class='mix portfolio_category_2000 default' style=''>\n    \n    \n    \n    \n            <div class=\"item_holder thin_plus_only\">\n\n                    <div class=\"text_holder\">\n        <div class=\"text_holder_outer\">\n            <div class=\"text_holder_inner\">\n                            <span class=\"thin_plus_only_icon\">+<\/span>\n                        <\/div>\n        <\/div>\n    <\/div>\n\n                                    <a itemprop=\"url\" class=\"portfolio_link_class\" title=\"Plan de Movilidad del Grand D\u00e9part 2023 del Tour de Francia en Euskadi\" href=\"https:\/\/www.ingartek.com\/es\/proyecto\/plan-de-movilidad-del-grand-depart-2023-del-tour-de-francia-en-euskadi\/\"><\/a>\n                \n                <div style=\"background-color: rgba(0,0,0,0.7)\" class=\"portfolio_shader\"><\/div>\n                <div class=\"image_holder\">\n                    \n<span class='image'><img loading=\"lazy\" decoding=\"async\" width=\"600\" height=\"400\" src=\"https:\/\/www.ingartek.com\/wp-content\/uploads\/2025\/04\/caso01.jpg\" class=\"attachment-full size-full wp-post-image\" alt=\"Ingartek, evento Tour de France 2023\" srcset=\"https:\/\/www.ingartek.com\/wp-content\/uploads\/2025\/04\/caso01.jpg 600w, https:\/\/www.ingartek.com\/wp-content\/uploads\/2025\/04\/caso01-300x200.jpg 300w\" sizes=\"auto, (max-width: 600px) 100vw, 600px\" title=\"\"><\/span>                <\/div>\n            <\/div>\n\n                <div class='portfolio_description text_align_center' >\n\n        \n    <h2 itemprop=\"name\" class=\"portfolio_title entry_title\"><a itemprop=\"url\" href=\"https:\/\/www.ingartek.com\/es\/proyecto\/plan-de-movilidad-del-grand-depart-2023-del-tour-de-francia-en-euskadi\/\" style=\"color: #444444;font-size: 16px\" target=\"_self\"> Plan de Movilidad del Grand D\u00e9part 2023 del Tour de Francia en Euskadi<\/a><\/h2>\n\n\n        \n        \n    <\/div>\n\n        \n<\/article>\n<article class='mix portfolio_category_1673 default' style=''>\n    \n    \n    \n    \n            <div class=\"item_holder thin_plus_only\">\n\n                    <div class=\"text_holder\">\n        <div class=\"text_holder_outer\">\n            <div class=\"text_holder_inner\">\n                            <span class=\"thin_plus_only_icon\">+<\/span>\n                        <\/div>\n        <\/div>\n    <\/div>\n\n                                    <a itemprop=\"url\" class=\"portfolio_link_class\" title=\"Plan de Movilidad al centro de trabajo de EROSKI S. COOP\" href=\"https:\/\/www.ingartek.com\/es\/proyecto\/plan-de-movilidad-al-centro-de-trabajo-de-eroski-s-coop\/\"><\/a>\n                \n                <div style=\"background-color: rgba(0,0,0,0.7)\" class=\"portfolio_shader\"><\/div>\n                <div class=\"image_holder\">\n                    \n<span class='image'><img loading=\"lazy\" decoding=\"async\" width=\"600\" height=\"400\" src=\"https:\/\/www.ingartek.com\/wp-content\/uploads\/2023\/07\/ingartek-PMCT-eroski.jpg\" class=\"attachment-full size-full wp-post-image\" alt=\"\" srcset=\"https:\/\/www.ingartek.com\/wp-content\/uploads\/2023\/07\/ingartek-PMCT-eroski.jpg 600w, https:\/\/www.ingartek.com\/wp-content\/uploads\/2023\/07\/ingartek-PMCT-eroski-300x200.jpg 300w\" sizes=\"auto, (max-width: 600px) 100vw, 600px\" title=\"\"><\/span>                <\/div>\n            <\/div>\n\n                <div class='portfolio_description text_align_center' >\n\n        \n    <h2 itemprop=\"name\" class=\"portfolio_title entry_title\"><a itemprop=\"url\" href=\"https:\/\/www.ingartek.com\/es\/proyecto\/plan-de-movilidad-al-centro-de-trabajo-de-eroski-s-coop\/\" style=\"color: #444444;font-size: 16px\" target=\"_self\"> Plan de Movilidad al centro de trabajo de EROSKI S. COOP<\/a><\/h2>\n\n\n        \n        \n    <\/div>\n\n        \n<\/article>\n<article class='mix portfolio_category_1673 default' style=''>\n    \n    \n    \n    \n            <div class=\"item_holder thin_plus_only\">\n\n                    <div class=\"text_holder\">\n        <div class=\"text_holder_outer\">\n            <div class=\"text_holder_inner\">\n                            <span class=\"thin_plus_only_icon\">+<\/span>\n                        <\/div>\n        <\/div>\n    <\/div>\n\n                                    <a itemprop=\"url\" class=\"portfolio_link_class\" title=\"Plan de Movilidad al Centro de Trabajo de Salica Industria Alimentaria S.A\" href=\"https:\/\/www.ingartek.com\/es\/proyecto\/plan-de-movilidad-al-centro-de-trabajo-de-salica-industria-alimentaria-s-a\/\"><\/a>\n                \n                <div style=\"background-color: rgba(0,0,0,0.7)\" class=\"portfolio_shader\"><\/div>\n                <div class=\"image_holder\">\n                    \n<span class='image'><img loading=\"lazy\" decoding=\"async\" width=\"600\" height=\"400\" src=\"https:\/\/www.ingartek.com\/wp-content\/uploads\/2023\/07\/proyecto-ingartek-BERMIBUSA1.jpg\" class=\"attachment-full size-full wp-post-image\" alt=\"Plan de Movilidad al Centro de Trabajo de Salica Industria Alimentaria S.L.\" srcset=\"https:\/\/www.ingartek.com\/wp-content\/uploads\/2023\/07\/proyecto-ingartek-BERMIBUSA1.jpg 600w, https:\/\/www.ingartek.com\/wp-content\/uploads\/2023\/07\/proyecto-ingartek-BERMIBUSA1-300x200.jpg 300w\" sizes=\"auto, (max-width: 600px) 100vw, 600px\" title=\"\"><\/span>                <\/div>\n            <\/div>\n\n                <div class='portfolio_description text_align_center' >\n\n        \n    <h2 itemprop=\"name\" class=\"portfolio_title entry_title\"><a itemprop=\"url\" href=\"https:\/\/www.ingartek.com\/es\/proyecto\/plan-de-movilidad-al-centro-de-trabajo-de-salica-industria-alimentaria-s-a\/\" style=\"color: #444444;font-size: 16px\" target=\"_self\"> Plan de Movilidad al Centro de Trabajo de Salica Industria Alimentaria S.A<\/a><\/h2>\n\n\n        \n        \n    <\/div>\n\n        \n<\/article>\n<article class='mix portfolio_category_1673 default' style=''>\n    \n    \n    \n    \n            <div class=\"item_holder thin_plus_only\">\n\n                    <div class=\"text_holder\">\n        <div class=\"text_holder_outer\">\n            <div class=\"text_holder_inner\">\n                            <span class=\"thin_plus_only_icon\">+<\/span>\n                        <\/div>\n        <\/div>\n    <\/div>\n\n                                    <a itemprop=\"url\" class=\"portfolio_link_class\" title=\"Plan de Movilidad al Parque Comercial de MEGAPARK\" href=\"https:\/\/www.ingartek.com\/es\/proyecto\/plan-de-movilidad-al-parque-comercial-de-megapark\/\"><\/a>\n                \n                <div style=\"background-color: rgba(0,0,0,0.7)\" class=\"portfolio_shader\"><\/div>\n                <div class=\"image_holder\">\n                    \n<span class='image'><img loading=\"lazy\" decoding=\"async\" width=\"600\" height=\"400\" src=\"https:\/\/www.ingartek.com\/wp-content\/uploads\/2023\/07\/ingartek-proyecto-megapark.jpg\" class=\"attachment-full size-full wp-post-image\" alt=\"Proeycto Plan de Movilidad al Parque Comercial de MEGAPARK\" srcset=\"https:\/\/www.ingartek.com\/wp-content\/uploads\/2023\/07\/ingartek-proyecto-megapark.jpg 600w, https:\/\/www.ingartek.com\/wp-content\/uploads\/2023\/07\/ingartek-proyecto-megapark-300x200.jpg 300w\" sizes=\"auto, (max-width: 600px) 100vw, 600px\" title=\"\"><\/span>                <\/div>\n            <\/div>\n\n                <div class='portfolio_description text_align_center' >\n\n        \n    <h2 itemprop=\"name\" class=\"portfolio_title entry_title\"><a itemprop=\"url\" href=\"https:\/\/www.ingartek.com\/es\/proyecto\/plan-de-movilidad-al-parque-comercial-de-megapark\/\" style=\"color: #444444;font-size: 16px\" target=\"_self\"> Plan de Movilidad al Parque Comercial de MEGAPARK<\/a><\/h2>\n\n\n        \n        \n    <\/div>\n\n        \n<\/article>\n<article class='mix portfolio_category_1672 default' style=''>\n    \n    \n    \n    \n            <div class=\"item_holder thin_plus_only\">\n\n                    <div class=\"text_holder\">\n        <div class=\"text_holder_outer\">\n            <div class=\"text_holder_inner\">\n                            <span class=\"thin_plus_only_icon\">+<\/span>\n                        <\/div>\n        <\/div>\n    <\/div>\n\n                                    <a itemprop=\"url\" class=\"portfolio_link_class\" title=\"Diagn\u00f3stico del Plan de Movilidad Urbana Sostenible (PMUS) de Gorliz\" href=\"https:\/\/www.ingartek.com\/es\/proyecto\/diagnostico-para-el-plan-de-movilidad-urbana-sostenible-de-gorliz\/\"><\/a>\n                \n                <div style=\"background-color: rgba(0,0,0,0.7)\" class=\"portfolio_shader\"><\/div>\n                <div class=\"image_holder\">\n                    \n<span class='image'><img loading=\"lazy\" decoding=\"async\" width=\"400\" height=\"267\" src=\"https:\/\/www.ingartek.com\/wp-content\/uploads\/2023\/07\/proyecto-PMUS-Gorliz.jpg\" class=\"attachment-full size-full wp-post-image\" alt=\"proyecto: Diagn\u00f3stico del Plan de Movilidad Urbana Sostenible (PMUS) de Gorliz\" srcset=\"https:\/\/www.ingartek.com\/wp-content\/uploads\/2023\/07\/proyecto-PMUS-Gorliz.jpg 400w, https:\/\/www.ingartek.com\/wp-content\/uploads\/2023\/07\/proyecto-PMUS-Gorliz-300x200.jpg 300w\" sizes=\"auto, (max-width: 400px) 100vw, 400px\" title=\"\"><\/span>                <\/div>\n            <\/div>\n\n                <div class='portfolio_description text_align_center' >\n\n        \n    <h2 itemprop=\"name\" class=\"portfolio_title entry_title\"><a itemprop=\"url\" href=\"https:\/\/www.ingartek.com\/es\/proyecto\/diagnostico-para-el-plan-de-movilidad-urbana-sostenible-de-gorliz\/\" style=\"color: #444444;font-size: 16px\" target=\"_self\"> Diagn\u00f3stico del Plan de Movilidad Urbana Sostenible (PMUS) de Gorliz<\/a><\/h2>\n\n\n        \n        \n    <\/div>\n\n        \n<\/article>\n<article class='mix portfolio_category_1672 default' style=''>\n    \n    \n    \n    \n            <div class=\"item_holder thin_plus_only\">\n\n                    <div class=\"text_holder\">\n        <div class=\"text_holder_outer\">\n            <div class=\"text_holder_inner\">\n                            <span class=\"thin_plus_only_icon\">+<\/span>\n                        <\/div>\n        <\/div>\n    <\/div>\n\n                                    <a itemprop=\"url\" class=\"portfolio_link_class\" title=\"Diagn\u00f3stico para el Plan de Movilidad Urbana Sostenible (PMUS) de Urola Kosta\" href=\"https:\/\/www.ingartek.com\/es\/proyecto\/diagnostico-para-el-plan-de-movilidad-urbana-sostenible-de-urola-kosta\/\"><\/a>\n                \n                <div style=\"background-color: rgba(0,0,0,0.7)\" class=\"portfolio_shader\"><\/div>\n                <div class=\"image_holder\">\n                    \n<span class='image'><img loading=\"lazy\" decoding=\"async\" width=\"400\" height=\"267\" src=\"https:\/\/www.ingartek.com\/wp-content\/uploads\/2023\/07\/proyecto-urolakosta.jpg\" class=\"attachment-full size-full wp-post-image\" alt=\"Proyecto: Plan de Movilidad Urbana Sostenible (PMUS) de Urola Kosta\" srcset=\"https:\/\/www.ingartek.com\/wp-content\/uploads\/2023\/07\/proyecto-urolakosta.jpg 400w, https:\/\/www.ingartek.com\/wp-content\/uploads\/2023\/07\/proyecto-urolakosta-300x200.jpg 300w\" sizes=\"auto, (max-width: 400px) 100vw, 400px\" title=\"\"><\/span>                <\/div>\n            <\/div>\n\n                <div class='portfolio_description text_align_center' >\n\n        \n    <h2 itemprop=\"name\" class=\"portfolio_title entry_title\"><a itemprop=\"url\" href=\"https:\/\/www.ingartek.com\/es\/proyecto\/diagnostico-para-el-plan-de-movilidad-urbana-sostenible-de-urola-kosta\/\" style=\"color: #444444;font-size: 16px\" target=\"_self\"> Diagn\u00f3stico para el Plan de Movilidad Urbana Sostenible (PMUS) de Urola Kosta<\/a><\/h2>\n\n\n        \n        \n    <\/div>\n\n        \n<\/article>\n<article class='mix portfolio_category_161 default' style=''>\n    \n    \n    \n    \n            <div class=\"item_holder thin_plus_only\">\n\n                    <div class=\"text_holder\">\n        <div class=\"text_holder_outer\">\n            <div class=\"text_holder_inner\">\n                            <span class=\"thin_plus_only_icon\">+<\/span>\n                        <\/div>\n        <\/div>\n    <\/div>\n\n                                    <a itemprop=\"url\" class=\"portfolio_link_class\" title=\"Estudio de la Movilidad de Euskadi 2021 para el Departamento de Transportes del Gobierno Vasco\" href=\"https:\/\/www.ingartek.com\/es\/proyecto\/estudio-de-la-movilidad-de-euskadi-2021-para-el-departamento-de-transportes-del-gobierno-vasco\/\"><\/a>\n                \n                <div style=\"background-color: rgba(0,0,0,0.7)\" class=\"portfolio_shader\"><\/div>\n                <div class=\"image_holder\">\n                    \n<span class='image'><img loading=\"lazy\" decoding=\"async\" width=\"800\" height=\"533\" src=\"https:\/\/www.ingartek.com\/wp-content\/uploads\/2023\/04\/proyecto-movilidad-euskadi-2021-ingartek.jpg\" class=\"attachment-full size-full wp-post-image\" alt=\"Estudio de la Movilidad de Euskadi 2021 para el Departamento de Transportes del Gobierno Vasco\" srcset=\"https:\/\/www.ingartek.com\/wp-content\/uploads\/2023\/04\/proyecto-movilidad-euskadi-2021-ingartek.jpg 800w, https:\/\/www.ingartek.com\/wp-content\/uploads\/2023\/04\/proyecto-movilidad-euskadi-2021-ingartek-300x200.jpg 300w, https:\/\/www.ingartek.com\/wp-content\/uploads\/2023\/04\/proyecto-movilidad-euskadi-2021-ingartek-768x512.jpg 768w, https:\/\/www.ingartek.com\/wp-content\/uploads\/2023\/04\/proyecto-movilidad-euskadi-2021-ingartek-700x466.jpg 700w\" sizes=\"auto, (max-width: 800px) 100vw, 800px\" title=\"\"><\/span>                <\/div>\n            <\/div>\n\n                <div class='portfolio_description text_align_center' >\n\n        \n    <h2 itemprop=\"name\" class=\"portfolio_title entry_title\"><a itemprop=\"url\" href=\"https:\/\/www.ingartek.com\/es\/proyecto\/estudio-de-la-movilidad-de-euskadi-2021-para-el-departamento-de-transportes-del-gobierno-vasco\/\" style=\"color: #444444;font-size: 16px\" target=\"_self\"> Estudio de la Movilidad de Euskadi 2021 para el Departamento de Transportes del Gobierno Vasco<\/a><\/h2>\n\n\n        \n        \n    <\/div>\n\n        \n<\/article>\n<article class='mix portfolio_category_162 portfolio_category_146 default' style=''>\n    \n    \n    \n    \n            <div class=\"item_holder thin_plus_only\">\n\n                    <div class=\"text_holder\">\n        <div class=\"text_holder_outer\">\n            <div class=\"text_holder_inner\">\n                            <span class=\"thin_plus_only_icon\">+<\/span>\n                        <\/div>\n        <\/div>\n    <\/div>\n\n                                    <a itemprop=\"url\" class=\"portfolio_link_class\" title=\"Plan de movilidad y asistencia t\u00e9cnica para las tres primeras etapas del Tour de Francia en el Grand D\u00e9part del Pa\u00eds Vasco\" href=\"https:\/\/www.ingartek.com\/es\/proyecto\/plan-de-movilidad-y-asistencia-tecnica-para-las-tres-primeras-etapas-del-tour-de-francia-en-el-grand-depart-del-pais-vasco\/\"><\/a>\n                \n                <div style=\"background-color: rgba(0,0,0,0.7)\" class=\"portfolio_shader\"><\/div>\n                <div class=\"image_holder\">\n                    \n<span class='image'><img loading=\"lazy\" decoding=\"async\" width=\"800\" height=\"533\" src=\"https:\/\/www.ingartek.com\/wp-content\/uploads\/2023\/03\/grand-depart.jpg\" class=\"attachment-full size-full wp-post-image\" alt=\"Plan de movilidad y asistencia t\u00e9cnica para las tres primeras etapas del Tour de Francia en el Grand D\u00e9part del Pa\u00eds Vasco\" srcset=\"https:\/\/www.ingartek.com\/wp-content\/uploads\/2023\/03\/grand-depart.jpg 800w, https:\/\/www.ingartek.com\/wp-content\/uploads\/2023\/03\/grand-depart-300x200.jpg 300w, https:\/\/www.ingartek.com\/wp-content\/uploads\/2023\/03\/grand-depart-768x512.jpg 768w, https:\/\/www.ingartek.com\/wp-content\/uploads\/2023\/03\/grand-depart-700x466.jpg 700w\" sizes=\"auto, (max-width: 800px) 100vw, 800px\" title=\"\"><\/span>                <\/div>\n            <\/div>\n\n                <div class='portfolio_description text_align_center' >\n\n        \n    <h2 itemprop=\"name\" class=\"portfolio_title entry_title\"><a itemprop=\"url\" href=\"https:\/\/www.ingartek.com\/es\/proyecto\/plan-de-movilidad-y-asistencia-tecnica-para-las-tres-primeras-etapas-del-tour-de-francia-en-el-grand-depart-del-pais-vasco\/\" style=\"color: #444444;font-size: 16px\" target=\"_self\"> Plan de movilidad y asistencia t\u00e9cnica para las tres primeras etapas del Tour de Francia en el Grand D\u00e9part del Pa\u00eds Vasco<\/a><\/h2>\n\n\n        \n        \n    <\/div>\n\n        \n<\/article>\n<article class='mix portfolio_category_161 default' style=''>\n    \n    \n    \n    \n            <div class=\"item_holder thin_plus_only\">\n\n                    <div class=\"text_holder\">\n        <div class=\"text_holder_outer\">\n            <div class=\"text_holder_inner\">\n                            <span class=\"thin_plus_only_icon\">+<\/span>\n                        <\/div>\n        <\/div>\n    <\/div>\n\n                                    <a itemprop=\"url\" class=\"portfolio_link_class\" title=\"Estudio de tr\u00e1fico del soterramiento de la rotonda de Am\u00e9rica Latina de Vitoria-Gasteiz\" href=\"https:\/\/www.ingartek.com\/es\/proyecto\/estudio-de-trafico-del-soterramiento-de-la-rotonda-de-america-latina-de-vitoria-gasteiz\/\"><\/a>\n                \n                <div style=\"background-color: rgba(0,0,0,0.7)\" class=\"portfolio_shader\"><\/div>\n                <div class=\"image_holder\">\n                    \n<span class='image'><img loading=\"lazy\" decoding=\"async\" width=\"576\" height=\"384\" src=\"https:\/\/www.ingartek.com\/wp-content\/uploads\/2022\/11\/rotonda-de-america-latina-el-correo.jpg\" class=\"attachment-full size-full wp-post-image\" alt=\"rotonda de Am\u00e9rica Latina de Vitoria-Gasteiz\" srcset=\"https:\/\/www.ingartek.com\/wp-content\/uploads\/2022\/11\/rotonda-de-america-latina-el-correo.jpg 576w, https:\/\/www.ingartek.com\/wp-content\/uploads\/2022\/11\/rotonda-de-america-latina-el-correo-300x200.jpg 300w\" sizes=\"auto, (max-width: 576px) 100vw, 576px\" title=\"\"><\/span>                <\/div>\n            <\/div>\n\n                <div class='portfolio_description text_align_center' >\n\n        \n    <h2 itemprop=\"name\" class=\"portfolio_title entry_title\"><a itemprop=\"url\" href=\"https:\/\/www.ingartek.com\/es\/proyecto\/estudio-de-trafico-del-soterramiento-de-la-rotonda-de-america-latina-de-vitoria-gasteiz\/\" style=\"color: #444444;font-size: 16px\" target=\"_self\"> Estudio de tr\u00e1fico del soterramiento de la rotonda de Am\u00e9rica Latina de Vitoria-Gasteiz<\/a><\/h2>\n\n\n        \n        \n    <\/div>\n\n        \n<\/article>\n<article class='mix default' style=''>\n    \n    \n    \n    \n            <div class=\"item_holder thin_plus_only\">\n\n                    <div class=\"text_holder\">\n        <div class=\"text_holder_outer\">\n            <div class=\"text_holder_inner\">\n                            <span class=\"thin_plus_only_icon\">+<\/span>\n                        <\/div>\n        <\/div>\n    <\/div>\n\n                                    <a itemprop=\"url\" class=\"portfolio_link_class\" title=\"Diagn\u00f3stico para el plan de movilidad urbana sostenible de Lezo\" href=\"https:\/\/www.ingartek.com\/es\/proyecto\/diagnostico-para-el-plan-de-movilidad-urbana-sostenible-de-lezo\/\"><\/a>\n                \n                <div style=\"background-color: rgba(0,0,0,0.7)\" class=\"portfolio_shader\"><\/div>\n                <div class=\"image_holder\">\n                    \n<span class='image'><img loading=\"lazy\" decoding=\"async\" width=\"800\" height=\"533\" src=\"https:\/\/www.ingartek.com\/wp-content\/uploads\/2022\/07\/LEZO-ptoyecto-ingartek.jpg\" class=\"attachment-full size-full wp-post-image\" alt=\"diagn\u00f3stico para el plan de movilidad urbana sostenible de Lezo\" srcset=\"https:\/\/www.ingartek.com\/wp-content\/uploads\/2022\/07\/LEZO-ptoyecto-ingartek.jpg 800w, https:\/\/www.ingartek.com\/wp-content\/uploads\/2022\/07\/LEZO-ptoyecto-ingartek-300x200.jpg 300w, https:\/\/www.ingartek.com\/wp-content\/uploads\/2022\/07\/LEZO-ptoyecto-ingartek-768x512.jpg 768w, https:\/\/www.ingartek.com\/wp-content\/uploads\/2022\/07\/LEZO-ptoyecto-ingartek-700x466.jpg 700w\" sizes=\"auto, (max-width: 800px) 100vw, 800px\" title=\"\"><\/span>                <\/div>\n            <\/div>\n\n                <div class='portfolio_description text_align_center' >\n\n        \n    <h2 itemprop=\"name\" class=\"portfolio_title entry_title\"><a itemprop=\"url\" href=\"https:\/\/www.ingartek.com\/es\/proyecto\/diagnostico-para-el-plan-de-movilidad-urbana-sostenible-de-lezo\/\" style=\"color: #444444;font-size: 16px\" target=\"_self\"> Diagn\u00f3stico para el plan de movilidad urbana sostenible de Lezo<\/a><\/h2>\n\n\n        \n        \n    <\/div>\n\n        \n<\/article>\n<article class='mix default' style=''>\n    \n    \n    \n    \n            <div class=\"item_holder thin_plus_only\">\n\n                    <div class=\"text_holder\">\n        <div class=\"text_holder_outer\">\n            <div class=\"text_holder_inner\">\n                            <span class=\"thin_plus_only_icon\">+<\/span>\n                        <\/div>\n        <\/div>\n    <\/div>\n\n                                    <a itemprop=\"url\" class=\"portfolio_link_class\" title=\"Estudio de tr\u00e1fico para carreteras en el pol\u00edgono de ibabe (Lazkao)\" href=\"https:\/\/www.ingartek.com\/es\/proyecto\/estudio-de-trafico-para-carreteras-en-el-poligono-de-ibabe-lazkao\/\"><\/a>\n                \n                <div style=\"background-color: rgba(0,0,0,0.7)\" class=\"portfolio_shader\"><\/div>\n                <div class=\"image_holder\">\n                    \n<span class='image'><img loading=\"lazy\" decoding=\"async\" width=\"600\" height=\"400\" src=\"https:\/\/www.ingartek.com\/wp-content\/uploads\/2022\/05\/Lazkao-Ibabe-ingartek.jpg\" class=\"attachment-full size-full wp-post-image\" alt=\"Estudio de tr\u00e1fico para carreteras en el pol\u00edgono de ibabe (Lazkao)\" srcset=\"https:\/\/www.ingartek.com\/wp-content\/uploads\/2022\/05\/Lazkao-Ibabe-ingartek.jpg 600w, https:\/\/www.ingartek.com\/wp-content\/uploads\/2022\/05\/Lazkao-Ibabe-ingartek-300x200.jpg 300w\" sizes=\"auto, (max-width: 600px) 100vw, 600px\" title=\"\"><\/span>                <\/div>\n            <\/div>\n\n                <div class='portfolio_description text_align_center' >\n\n        \n    <h2 itemprop=\"name\" class=\"portfolio_title entry_title\"><a itemprop=\"url\" href=\"https:\/\/www.ingartek.com\/es\/proyecto\/estudio-de-trafico-para-carreteras-en-el-poligono-de-ibabe-lazkao\/\" style=\"color: #444444;font-size: 16px\" target=\"_self\"> Estudio de tr\u00e1fico para carreteras en el pol\u00edgono de ibabe (Lazkao)<\/a><\/h2>\n\n\n        \n        \n    <\/div>\n\n        \n<\/article>\n<article class='mix portfolio_category_161 default' style=''>\n    \n    \n    \n    \n            <div class=\"item_holder thin_plus_only\">\n\n                    <div class=\"text_holder\">\n        <div class=\"text_holder_outer\">\n            <div class=\"text_holder_inner\">\n                            <span class=\"thin_plus_only_icon\">+<\/span>\n                        <\/div>\n        <\/div>\n    <\/div>\n\n                                    <a itemprop=\"url\" class=\"portfolio_link_class\" title=\"Estudio de nueva movilidad generada por la construcci\u00f3n de un bidegorri en Amezketa\" href=\"https:\/\/www.ingartek.com\/es\/proyecto\/estudio-de-nueva-movilidad-generada-por-la-construccion-de-un-bidegorri-en-amezketa\/\"><\/a>\n                \n                <div style=\"background-color: rgba(0,0,0,0.7)\" class=\"portfolio_shader\"><\/div>\n                <div class=\"image_holder\">\n                    \n<span class='image'><img loading=\"lazy\" decoding=\"async\" width=\"800\" height=\"535\" src=\"https:\/\/www.ingartek.com\/wp-content\/uploads\/2022\/05\/amezketa_2.jpg\" class=\"attachment-full size-full wp-post-image\" alt=\"\" srcset=\"https:\/\/www.ingartek.com\/wp-content\/uploads\/2022\/05\/amezketa_2.jpg 800w, https:\/\/www.ingartek.com\/wp-content\/uploads\/2022\/05\/amezketa_2-300x201.jpg 300w, https:\/\/www.ingartek.com\/wp-content\/uploads\/2022\/05\/amezketa_2-768x514.jpg 768w, https:\/\/www.ingartek.com\/wp-content\/uploads\/2022\/05\/amezketa_2-700x468.jpg 700w\" sizes=\"auto, (max-width: 800px) 100vw, 800px\" title=\"\"><\/span>                <\/div>\n            <\/div>\n\n                <div class='portfolio_description text_align_center' >\n\n        \n    <h2 itemprop=\"name\" class=\"portfolio_title entry_title\"><a itemprop=\"url\" href=\"https:\/\/www.ingartek.com\/es\/proyecto\/estudio-de-nueva-movilidad-generada-por-la-construccion-de-un-bidegorri-en-amezketa\/\" style=\"color: #444444;font-size: 16px\" target=\"_self\"> Estudio de nueva movilidad generada por la construcci\u00f3n de un bidegorri en Amezketa<\/a><\/h2>\n\n\n        \n        \n    <\/div>\n\n        \n<\/article>\n<article class='mix default' style=''>\n    \n    \n    \n    \n            <div class=\"item_holder thin_plus_only\">\n\n                    <div class=\"text_holder\">\n        <div class=\"text_holder_outer\">\n            <div class=\"text_holder_inner\">\n                            <span class=\"thin_plus_only_icon\">+<\/span>\n                        <\/div>\n        <\/div>\n    <\/div>\n\n                                    <a itemprop=\"url\" class=\"portfolio_link_class\" title=\"Diagn\u00f3stico para el plan de accesibilidad universal de Euskadi\" href=\"https:\/\/www.ingartek.com\/es\/proyecto\/diagnostico-para-el-plan-de-accesibilidad-universal-de-euskadi\/\"><\/a>\n                \n                <div style=\"background-color: rgba(0,0,0,0.7)\" class=\"portfolio_shader\"><\/div>\n                <div class=\"image_holder\">\n                    \n<span class='image'><img loading=\"lazy\" decoding=\"async\" width=\"600\" height=\"400\" src=\"https:\/\/www.ingartek.com\/wp-content\/uploads\/2022\/05\/accesibilidad-universal.jpg\" class=\"attachment-full size-full wp-post-image\" alt=\"Diagn\u00f3stico para el plan de accesibilidad universal de Euskadi\" srcset=\"https:\/\/www.ingartek.com\/wp-content\/uploads\/2022\/05\/accesibilidad-universal.jpg 600w, https:\/\/www.ingartek.com\/wp-content\/uploads\/2022\/05\/accesibilidad-universal-300x200.jpg 300w\" sizes=\"auto, (max-width: 600px) 100vw, 600px\" title=\"\"><\/span>                <\/div>\n            <\/div>\n\n                <div class='portfolio_description text_align_center' >\n\n        \n    <h2 itemprop=\"name\" class=\"portfolio_title entry_title\"><a itemprop=\"url\" href=\"https:\/\/www.ingartek.com\/es\/proyecto\/diagnostico-para-el-plan-de-accesibilidad-universal-de-euskadi\/\" style=\"color: #444444;font-size: 16px\" target=\"_self\"> Diagn\u00f3stico para el plan de accesibilidad universal de Euskadi<\/a><\/h2>\n\n\n        \n        \n    <\/div>\n\n        \n<\/article>\n<article class='mix portfolio_category_146 default' style=''>\n    \n    \n    \n    \n            <div class=\"item_holder thin_plus_only\">\n\n                    <div class=\"text_holder\">\n        <div class=\"text_holder_outer\">\n            <div class=\"text_holder_inner\">\n                            <span class=\"thin_plus_only_icon\">+<\/span>\n                        <\/div>\n        <\/div>\n    <\/div>\n\n                                    <a itemprop=\"url\" class=\"portfolio_link_class\" title=\"Dise\u00f1o y desarrollo de future mobility lab en vitoria-gasteiz\" href=\"https:\/\/www.ingartek.com\/es\/proyecto\/diseno-y-desarrollo-de-future-mobility-lab-en-vitoria-gasteiz\/\"><\/a>\n                \n                <div style=\"background-color: rgba(0,0,0,0.7)\" class=\"portfolio_shader\"><\/div>\n                <div class=\"image_holder\">\n                    \n<span class='image'><img loading=\"lazy\" decoding=\"async\" width=\"600\" height=\"400\" src=\"https:\/\/www.ingartek.com\/wp-content\/uploads\/2022\/05\/vitoria-gasteiz.jpg\" class=\"attachment-full size-full wp-post-image\" alt=\"Dise\u00f1o y desarrollo de future mobility lab en vitoria-gasteiz\" srcset=\"https:\/\/www.ingartek.com\/wp-content\/uploads\/2022\/05\/vitoria-gasteiz.jpg 600w, https:\/\/www.ingartek.com\/wp-content\/uploads\/2022\/05\/vitoria-gasteiz-300x200.jpg 300w\" sizes=\"auto, (max-width: 600px) 100vw, 600px\" title=\"\"><\/span>                <\/div>\n            <\/div>\n\n                <div class='portfolio_description text_align_center' >\n\n        \n    <h2 itemprop=\"name\" class=\"portfolio_title entry_title\"><a itemprop=\"url\" href=\"https:\/\/www.ingartek.com\/es\/proyecto\/diseno-y-desarrollo-de-future-mobility-lab-en-vitoria-gasteiz\/\" style=\"color: #444444;font-size: 16px\" target=\"_self\"> Dise\u00f1o y desarrollo de future mobility lab en vitoria-gasteiz<\/a><\/h2>\n\n\n        \n        \n    <\/div>\n\n        \n<\/article>\n<article class='mix portfolio_category_161 default' style=''>\n    \n    \n    \n    \n            <div class=\"item_holder thin_plus_only\">\n\n                    <div class=\"text_holder\">\n        <div class=\"text_holder_outer\">\n            <div class=\"text_holder_inner\">\n                            <span class=\"thin_plus_only_icon\">+<\/span>\n                        <\/div>\n        <\/div>\n    <\/div>\n\n                                    <a itemprop=\"url\" class=\"portfolio_link_class\" title=\"MULTIHUB: Hub multimodal de recarga para fomento de electrificaci\u00f3n del transporte urbano.\" href=\"https:\/\/www.ingartek.com\/es\/proyecto\/multihub-hub-multimodal-de-recarga-para-fomento-de-electrificacion-del-transporte-urbano\/\"><\/a>\n                \n                <div style=\"background-color: rgba(0,0,0,0.7)\" class=\"portfolio_shader\"><\/div>\n                <div class=\"image_holder\">\n                    \n<span class='image'><img loading=\"lazy\" decoding=\"async\" width=\"900\" height=\"600\" src=\"https:\/\/www.ingartek.com\/wp-content\/uploads\/2022\/03\/Electromovilidad-project-MULTIHUBl.jpg\" class=\"attachment-full size-full wp-post-image\" alt=\"MULTIHUB: Hub multimodal de recarga para fomento de electrificaci\u00f3n del transporte urbano.\" srcset=\"https:\/\/www.ingartek.com\/wp-content\/uploads\/2022\/03\/Electromovilidad-project-MULTIHUBl.jpg 900w, https:\/\/www.ingartek.com\/wp-content\/uploads\/2022\/03\/Electromovilidad-project-MULTIHUBl-300x200.jpg 300w, https:\/\/www.ingartek.com\/wp-content\/uploads\/2022\/03\/Electromovilidad-project-MULTIHUBl-768x512.jpg 768w, https:\/\/www.ingartek.com\/wp-content\/uploads\/2022\/03\/Electromovilidad-project-MULTIHUBl-700x467.jpg 700w\" sizes=\"auto, (max-width: 900px) 100vw, 900px\" title=\"\"><\/span>                <\/div>\n            <\/div>\n\n                <div class='portfolio_description text_align_center' >\n\n        \n    <h2 itemprop=\"name\" class=\"portfolio_title entry_title\"><a itemprop=\"url\" href=\"https:\/\/www.ingartek.com\/es\/proyecto\/multihub-hub-multimodal-de-recarga-para-fomento-de-electrificacion-del-transporte-urbano\/\" style=\"color: #444444;font-size: 16px\" target=\"_self\"> MULTIHUB: Hub multimodal de recarga para fomento de electrificaci\u00f3n del transporte urbano.<\/a><\/h2>\n\n\n        \n        \n    <\/div>\n\n        \n<\/article>\n<article class='mix portfolio_category_161 default' style=''>\n    \n    \n    \n    \n            <div class=\"item_holder thin_plus_only\">\n\n                    <div class=\"text_holder\">\n        <div class=\"text_holder_outer\">\n            <div class=\"text_holder_inner\">\n                            <span class=\"thin_plus_only_icon\">+<\/span>\n                        <\/div>\n        <\/div>\n    <\/div>\n\n                                    <a itemprop=\"url\" class=\"portfolio_link_class\" title=\"Estudio de los puntos estrat\u00e9gicos de conexi\u00f3n de \u00e1mbitos urbanos con Pol\u00edgonos Industriales a trav\u00e9s de Itinerarios Verdes existentes\" href=\"https:\/\/www.ingartek.com\/es\/proyecto\/estudio-de-los-puntos-estrategicos-de-conexion-de-ambitos-urbanos-con-poligonos-industriales-a-traves-de-itinerarios-verdes-existentes\/\"><\/a>\n                \n                <div style=\"background-color: rgba(0,0,0,0.7)\" class=\"portfolio_shader\"><\/div>\n                <div class=\"image_holder\">\n                    \n<span class='image'><img loading=\"lazy\" decoding=\"async\" width=\"900\" height=\"600\" src=\"https:\/\/www.ingartek.com\/wp-content\/uploads\/2022\/03\/proyecto-ruta-verde-nervion.jpg\" class=\"attachment-full size-full wp-post-image\" alt=\"Estudio de los puntos estrat\u00e9gicos de conexi\u00f3n de \u00e1mbitos urbanos con Pol\u00edgonos Industriales a trav\u00e9s de Itinerarios Verdes existentes\" srcset=\"https:\/\/www.ingartek.com\/wp-content\/uploads\/2022\/03\/proyecto-ruta-verde-nervion.jpg 900w, https:\/\/www.ingartek.com\/wp-content\/uploads\/2022\/03\/proyecto-ruta-verde-nervion-300x200.jpg 300w, https:\/\/www.ingartek.com\/wp-content\/uploads\/2022\/03\/proyecto-ruta-verde-nervion-768x512.jpg 768w, https:\/\/www.ingartek.com\/wp-content\/uploads\/2022\/03\/proyecto-ruta-verde-nervion-700x467.jpg 700w\" sizes=\"auto, (max-width: 900px) 100vw, 900px\" title=\"\"><\/span>                <\/div>\n            <\/div>\n\n                <div class='portfolio_description text_align_center' >\n\n        \n    <h2 itemprop=\"name\" class=\"portfolio_title entry_title\"><a itemprop=\"url\" href=\"https:\/\/www.ingartek.com\/es\/proyecto\/estudio-de-los-puntos-estrategicos-de-conexion-de-ambitos-urbanos-con-poligonos-industriales-a-traves-de-itinerarios-verdes-existentes\/\" style=\"color: #444444;font-size: 16px\" target=\"_self\"> Estudio de los puntos estrat\u00e9gicos de conexi\u00f3n de \u00e1mbitos urbanos con Pol\u00edgonos Industriales a trav\u00e9s de Itinerarios Verdes existentes<\/a><\/h2>\n\n\n        \n        \n    <\/div>\n\n        \n<\/article>\n<article class='mix portfolio_category_161 default' style=''>\n    \n    \n    \n    \n            <div class=\"item_holder thin_plus_only\">\n\n                    <div class=\"text_holder\">\n        <div class=\"text_holder_outer\">\n            <div class=\"text_holder_inner\">\n                            <span class=\"thin_plus_only_icon\">+<\/span>\n                        <\/div>\n        <\/div>\n    <\/div>\n\n                                    <a itemprop=\"url\" class=\"portfolio_link_class\" title=\"Estudio de demanda de un servicio Bus por la R\u00eda de Bilbao\" href=\"https:\/\/www.ingartek.com\/es\/proyecto\/estudio-de-demanda-de-un-servicio-bus-por-la-ria-de-bilbao\/\"><\/a>\n                \n                <div style=\"background-color: rgba(0,0,0,0.7)\" class=\"portfolio_shader\"><\/div>\n                <div class=\"image_holder\">\n                    \n<span class='image'><img loading=\"lazy\" decoding=\"async\" width=\"900\" height=\"600\" src=\"https:\/\/www.ingartek.com\/wp-content\/uploads\/2022\/02\/ria-bilbao-estudio-proyecto-ingartek.jpg\" class=\"attachment-full size-full wp-post-image\" alt=\"R\u00eda de Bilbao\" srcset=\"https:\/\/www.ingartek.com\/wp-content\/uploads\/2022\/02\/ria-bilbao-estudio-proyecto-ingartek.jpg 900w, https:\/\/www.ingartek.com\/wp-content\/uploads\/2022\/02\/ria-bilbao-estudio-proyecto-ingartek-300x200.jpg 300w, https:\/\/www.ingartek.com\/wp-content\/uploads\/2022\/02\/ria-bilbao-estudio-proyecto-ingartek-768x512.jpg 768w, https:\/\/www.ingartek.com\/wp-content\/uploads\/2022\/02\/ria-bilbao-estudio-proyecto-ingartek-700x467.jpg 700w\" sizes=\"auto, (max-width: 900px) 100vw, 900px\" title=\"\"><\/span>                <\/div>\n            <\/div>\n\n                <div class='portfolio_description text_align_center' >\n\n        \n    <h2 itemprop=\"name\" class=\"portfolio_title entry_title\"><a itemprop=\"url\" href=\"https:\/\/www.ingartek.com\/es\/proyecto\/estudio-de-demanda-de-un-servicio-bus-por-la-ria-de-bilbao\/\" style=\"color: #444444;font-size: 16px\" target=\"_self\"> Estudio de demanda de un servicio Bus por la R\u00eda de Bilbao<\/a><\/h2>\n\n\n        \n        \n    <\/div>\n\n        \n<\/article>\n<article class='mix portfolio_category_161 default' style=''>\n    \n    \n    \n    \n            <div class=\"item_holder thin_plus_only\">\n\n                    <div class=\"text_holder\">\n        <div class=\"text_holder_outer\">\n            <div class=\"text_holder_inner\">\n                            <span class=\"thin_plus_only_icon\">+<\/span>\n                        <\/div>\n        <\/div>\n    <\/div>\n\n                                    <a itemprop=\"url\" class=\"portfolio_link_class\" title=\"Estudio de tr\u00e1fico en el pol\u00edgono de Boroa\" href=\"https:\/\/www.ingartek.com\/es\/proyecto\/estudio-de-trafico-en-el-poligono-de-boroa\/\"><\/a>\n                \n                <div style=\"background-color: rgba(0,0,0,0.7)\" class=\"portfolio_shader\"><\/div>\n                <div class=\"image_holder\">\n                    \n<span class='image'><img loading=\"lazy\" decoding=\"async\" width=\"449\" height=\"300\" src=\"https:\/\/www.ingartek.com\/wp-content\/uploads\/2021\/09\/project-2020-014.jpg\" class=\"attachment-full size-full wp-post-image\" alt=\"Estudio de tr\u00e1fico en el pol\u00edgono de Boroa\" srcset=\"https:\/\/www.ingartek.com\/wp-content\/uploads\/2021\/09\/project-2020-014.jpg 449w, https:\/\/www.ingartek.com\/wp-content\/uploads\/2021\/09\/project-2020-014-300x200.jpg 300w\" sizes=\"auto, (max-width: 449px) 100vw, 449px\" title=\"\"><\/span>                <\/div>\n            <\/div>\n\n                <div class='portfolio_description text_align_center' >\n\n        \n    <h2 itemprop=\"name\" class=\"portfolio_title entry_title\"><a itemprop=\"url\" href=\"https:\/\/www.ingartek.com\/es\/proyecto\/estudio-de-trafico-en-el-poligono-de-boroa\/\" style=\"color: #444444;font-size: 16px\" target=\"_self\"> Estudio de tr\u00e1fico en el pol\u00edgono de Boroa<\/a><\/h2>\n\n\n        \n        \n    <\/div>\n\n        \n<\/article>\n<article class='mix portfolio_category_162 default' style=''>\n    \n    \n    \n    \n            <div class=\"item_holder thin_plus_only\">\n\n                    <div class=\"text_holder\">\n        <div class=\"text_holder_outer\">\n            <div class=\"text_holder_inner\">\n                            <span class=\"thin_plus_only_icon\">+<\/span>\n                        <\/div>\n        <\/div>\n    <\/div>\n\n                                    <a itemprop=\"url\" class=\"portfolio_link_class\" title=\"Datos de telefon\u00eda m\u00f3vil para el Ayuntamiento de Irun\" href=\"https:\/\/www.ingartek.com\/es\/proyecto\/datos-de-telefonia-movil-para-el-ayuntamiento-de-irun\/\"><\/a>\n                \n                <div style=\"background-color: rgba(0,0,0,0.7)\" class=\"portfolio_shader\"><\/div>\n                <div class=\"image_holder\">\n                    \n<span class='image'><img loading=\"lazy\" decoding=\"async\" width=\"449\" height=\"300\" src=\"https:\/\/www.ingartek.com\/wp-content\/uploads\/2021\/09\/project-2020-052.jpg\" class=\"attachment-full size-full wp-post-image\" alt=\"Datos de telefon\u00eda m\u00f3vil para el Ayuntamiento de Irun\" srcset=\"https:\/\/www.ingartek.com\/wp-content\/uploads\/2021\/09\/project-2020-052.jpg 449w, https:\/\/www.ingartek.com\/wp-content\/uploads\/2021\/09\/project-2020-052-300x200.jpg 300w\" sizes=\"auto, (max-width: 449px) 100vw, 449px\" title=\"\"><\/span>                <\/div>\n            <\/div>\n\n                <div class='portfolio_description text_align_center' >\n\n        \n    <h2 itemprop=\"name\" class=\"portfolio_title entry_title\"><a itemprop=\"url\" href=\"https:\/\/www.ingartek.com\/es\/proyecto\/datos-de-telefonia-movil-para-el-ayuntamiento-de-irun\/\" style=\"color: #444444;font-size: 16px\" target=\"_self\"> Datos de telefon\u00eda m\u00f3vil para el Ayuntamiento de Irun<\/a><\/h2>\n\n\n        \n        \n    <\/div>\n\n        \n<\/article>\n<article class='mix portfolio_category_162 default' style=''>\n    \n    \n    \n    \n            <div class=\"item_holder thin_plus_only\">\n\n                    <div class=\"text_holder\">\n        <div class=\"text_holder_outer\">\n            <div class=\"text_holder_inner\">\n                            <span class=\"thin_plus_only_icon\">+<\/span>\n                        <\/div>\n        <\/div>\n    <\/div>\n\n                                    <a itemprop=\"url\" class=\"portfolio_link_class\" title=\"Datos de telefon\u00eda m\u00f3vil para el Ayuntamiento de Donostia\" href=\"https:\/\/www.ingartek.com\/es\/proyecto\/datos-de-telefonia-movil-para-el-ayuntamiento-de-donostia\/\"><\/a>\n                \n                <div style=\"background-color: rgba(0,0,0,0.7)\" class=\"portfolio_shader\"><\/div>\n                <div class=\"image_holder\">\n                    \n<span class='image'><img loading=\"lazy\" decoding=\"async\" width=\"449\" height=\"300\" src=\"https:\/\/www.ingartek.com\/wp-content\/uploads\/2021\/09\/project-2019-048.jpg\" class=\"attachment-full size-full wp-post-image\" alt=\"Datos de telefon\u00eda m\u00f3vil para el Ayuntamiento de Donostia\" srcset=\"https:\/\/www.ingartek.com\/wp-content\/uploads\/2021\/09\/project-2019-048.jpg 449w, https:\/\/www.ingartek.com\/wp-content\/uploads\/2021\/09\/project-2019-048-300x200.jpg 300w\" sizes=\"auto, (max-width: 449px) 100vw, 449px\" title=\"\"><\/span>                <\/div>\n            <\/div>\n\n                <div class='portfolio_description text_align_center' >\n\n        \n    <h2 itemprop=\"name\" class=\"portfolio_title entry_title\"><a itemprop=\"url\" href=\"https:\/\/www.ingartek.com\/es\/proyecto\/datos-de-telefonia-movil-para-el-ayuntamiento-de-donostia\/\" style=\"color: #444444;font-size: 16px\" target=\"_self\"> Datos de telefon\u00eda m\u00f3vil para el Ayuntamiento de Donostia<\/a><\/h2>\n\n\n        \n        \n    <\/div>\n\n        \n<\/article>\n<article class='mix portfolio_category_162 default' style=''>\n    \n    \n    \n    \n            <div class=\"item_holder thin_plus_only\">\n\n                    <div class=\"text_holder\">\n        <div class=\"text_holder_outer\">\n            <div class=\"text_holder_inner\">\n                            <span class=\"thin_plus_only_icon\">+<\/span>\n                        <\/div>\n        <\/div>\n    <\/div>\n\n                                    <a itemprop=\"url\" class=\"portfolio_link_class\" title=\"Asistencia T\u00e9cnica CTA\" href=\"https:\/\/www.ingartek.com\/es\/proyecto\/asistencia-tecnica-cta\/\"><\/a>\n                \n                <div style=\"background-color: rgba(0,0,0,0.7)\" class=\"portfolio_shader\"><\/div>\n                <div class=\"image_holder\">\n                    \n<span class='image'><img loading=\"lazy\" decoding=\"async\" width=\"449\" height=\"300\" src=\"https:\/\/www.ingartek.com\/wp-content\/uploads\/2021\/09\/project-2019-046.jpg\" class=\"attachment-full size-full wp-post-image\" alt=\"Asistencia T\u00e9cnica CTA\" srcset=\"https:\/\/www.ingartek.com\/wp-content\/uploads\/2021\/09\/project-2019-046.jpg 449w, https:\/\/www.ingartek.com\/wp-content\/uploads\/2021\/09\/project-2019-046-300x200.jpg 300w\" sizes=\"auto, (max-width: 449px) 100vw, 449px\" title=\"\"><\/span>                <\/div>\n            <\/div>\n\n                <div class='portfolio_description text_align_center' >\n\n        \n    <h2 itemprop=\"name\" class=\"portfolio_title entry_title\"><a itemprop=\"url\" href=\"https:\/\/www.ingartek.com\/es\/proyecto\/asistencia-tecnica-cta\/\" style=\"color: #444444;font-size: 16px\" target=\"_self\"> Asistencia T\u00e9cnica CTA<\/a><\/h2>\n\n\n        \n        \n    <\/div>\n\n        \n<\/article>\n<article class='mix portfolio_category_162 default' style=''>\n    \n    \n    \n    \n            <div class=\"item_holder thin_plus_only\">\n\n                    <div class=\"text_holder\">\n        <div class=\"text_holder_outer\">\n            <div class=\"text_holder_inner\">\n                            <span class=\"thin_plus_only_icon\">+<\/span>\n                        <\/div>\n        <\/div>\n    <\/div>\n\n                                    <a itemprop=\"url\" class=\"portfolio_link_class\" title=\"Zendesk corporativo para el grupo pesa\" href=\"https:\/\/www.ingartek.com\/es\/proyecto\/zendesk-corporativo-para-el-grupo-pesa-garazi\/\"><\/a>\n                \n                <div style=\"background-color: rgba(0,0,0,0.7)\" class=\"portfolio_shader\"><\/div>\n                <div class=\"image_holder\">\n                    \n<span class='image'><img loading=\"lazy\" decoding=\"async\" width=\"449\" height=\"300\" src=\"https:\/\/www.ingartek.com\/wp-content\/uploads\/2021\/09\/project-2017-064.jpg\" class=\"attachment-full size-full wp-post-image\" alt=\"Zendesk corporativo para el grupo pesa (Garazi)\" srcset=\"https:\/\/www.ingartek.com\/wp-content\/uploads\/2021\/09\/project-2017-064.jpg 449w, https:\/\/www.ingartek.com\/wp-content\/uploads\/2021\/09\/project-2017-064-300x200.jpg 300w\" sizes=\"auto, (max-width: 449px) 100vw, 449px\" title=\"\"><\/span>                <\/div>\n            <\/div>\n\n                <div class='portfolio_description text_align_center' >\n\n        \n    <h2 itemprop=\"name\" class=\"portfolio_title entry_title\"><a itemprop=\"url\" href=\"https:\/\/www.ingartek.com\/es\/proyecto\/zendesk-corporativo-para-el-grupo-pesa-garazi\/\" style=\"color: #444444;font-size: 16px\" target=\"_self\"> Zendesk corporativo para el grupo pesa<\/a><\/h2>\n\n\n        \n        \n    <\/div>\n\n        \n<\/article>\n<article class='mix portfolio_category_162 default' style=''>\n    \n    \n    \n    \n            <div class=\"item_holder thin_plus_only\">\n\n                    <div class=\"text_holder\">\n        <div class=\"text_holder_outer\">\n            <div class=\"text_holder_inner\">\n                            <span class=\"thin_plus_only_icon\">+<\/span>\n                        <\/div>\n        <\/div>\n    <\/div>\n\n                                    <a itemprop=\"url\" class=\"portfolio_link_class\" title=\"Mantenimiento de la planificaci\u00f3n integrada del transporte p\u00fablico de gipuzkoa\" href=\"https:\/\/www.ingartek.com\/es\/proyecto\/mantenimiento-de-la-planificacion-integrada-del-transporte-publico-de-gipuzkoa\/\"><\/a>\n                \n                <div style=\"background-color: rgba(0,0,0,0.7)\" class=\"portfolio_shader\"><\/div>\n                <div class=\"image_holder\">\n                    \n<span class='image'><img loading=\"lazy\" decoding=\"async\" width=\"449\" height=\"300\" src=\"https:\/\/www.ingartek.com\/wp-content\/uploads\/2021\/09\/project-2017-049.jpg\" class=\"attachment-full size-full wp-post-image\" alt=\"Mantenimiento de la planificaci\u00f3n integrada del transporte p\u00fablico de gipuzkoa\" srcset=\"https:\/\/www.ingartek.com\/wp-content\/uploads\/2021\/09\/project-2017-049.jpg 449w, https:\/\/www.ingartek.com\/wp-content\/uploads\/2021\/09\/project-2017-049-300x200.jpg 300w\" sizes=\"auto, (max-width: 449px) 100vw, 449px\" title=\"\"><\/span>                <\/div>\n            <\/div>\n\n                <div class='portfolio_description text_align_center' >\n\n        \n    <h2 itemprop=\"name\" class=\"portfolio_title entry_title\"><a itemprop=\"url\" href=\"https:\/\/www.ingartek.com\/es\/proyecto\/mantenimiento-de-la-planificacion-integrada-del-transporte-publico-de-gipuzkoa\/\" style=\"color: #444444;font-size: 16px\" target=\"_self\"> Mantenimiento de la planificaci\u00f3n integrada del transporte p\u00fablico de gipuzkoa<\/a><\/h2>\n\n\n        \n        \n    <\/div>\n\n        \n<\/article>\n<article class='mix portfolio_category_162 default' style=''>\n    \n    \n    \n    \n            <div class=\"item_holder thin_plus_only\">\n\n                    <div class=\"text_holder\">\n        <div class=\"text_holder_outer\">\n            <div class=\"text_holder_inner\">\n                            <span class=\"thin_plus_only_icon\">+<\/span>\n                        <\/div>\n        <\/div>\n    <\/div>\n\n                                    <a itemprop=\"url\" class=\"portfolio_link_class\" title=\"Mantenimiento de servicios y aplicaciones para la attg\" href=\"https:\/\/www.ingartek.com\/es\/proyecto\/mantenimiento-de-servicios-y-aplicaciones-para-la-attg-garazi\/\"><\/a>\n                \n                <div style=\"background-color: rgba(0,0,0,0.7)\" class=\"portfolio_shader\"><\/div>\n                <div class=\"image_holder\">\n                    \n<span class='image'><img loading=\"lazy\" decoding=\"async\" width=\"449\" height=\"300\" src=\"https:\/\/www.ingartek.com\/wp-content\/uploads\/2021\/09\/project-2017-105.jpg\" class=\"attachment-full size-full wp-post-image\" alt=\"Mantenimiento de servicios y aplicaciones para la attg (Garazi)\" srcset=\"https:\/\/www.ingartek.com\/wp-content\/uploads\/2021\/09\/project-2017-105.jpg 449w, https:\/\/www.ingartek.com\/wp-content\/uploads\/2021\/09\/project-2017-105-300x200.jpg 300w\" sizes=\"auto, (max-width: 449px) 100vw, 449px\" title=\"\"><\/span>                <\/div>\n            <\/div>\n\n                <div class='portfolio_description text_align_center' >\n\n        \n    <h2 itemprop=\"name\" class=\"portfolio_title entry_title\"><a itemprop=\"url\" href=\"https:\/\/www.ingartek.com\/es\/proyecto\/mantenimiento-de-servicios-y-aplicaciones-para-la-attg-garazi\/\" style=\"color: #444444;font-size: 16px\" target=\"_self\"> Mantenimiento de servicios y aplicaciones para la attg<\/a><\/h2>\n\n\n        \n        \n    <\/div>\n\n        \n<\/article>\n<article class='mix portfolio_category_162 default' style=''>\n    \n    \n    \n    \n            <div class=\"item_holder thin_plus_only\">\n\n                    <div class=\"text_holder\">\n        <div class=\"text_holder_outer\">\n            <div class=\"text_holder_inner\">\n                            <span class=\"thin_plus_only_icon\">+<\/span>\n                        <\/div>\n        <\/div>\n    <\/div>\n\n                                    <a itemprop=\"url\" class=\"portfolio_link_class\" title=\"eMovLab, tecnolog\u00eda innovadora para escenarios futuros de movilidad sostenible\" href=\"https:\/\/www.ingartek.com\/es\/proyecto\/emovlab-tecnologia-innovadora-para-escenarios-futuros-de-movilidad-sostenible\/\"><\/a>\n                \n                <div style=\"background-color: rgba(0,0,0,0.7)\" class=\"portfolio_shader\"><\/div>\n                <div class=\"image_holder\">\n                    \n<span class='image'><img loading=\"lazy\" decoding=\"async\" width=\"600\" height=\"400\" src=\"https:\/\/www.ingartek.com\/wp-content\/uploads\/2020\/05\/destacada-eusko-jaurlaritza_gobierno-vasco.jpg\" class=\"attachment-full size-full wp-post-image\" alt=\"proyecto eMovLab\" srcset=\"https:\/\/www.ingartek.com\/wp-content\/uploads\/2020\/05\/destacada-eusko-jaurlaritza_gobierno-vasco.jpg 600w, https:\/\/www.ingartek.com\/wp-content\/uploads\/2020\/05\/destacada-eusko-jaurlaritza_gobierno-vasco-300x200.jpg 300w\" sizes=\"auto, (max-width: 600px) 100vw, 600px\" title=\"\"><\/span>                <\/div>\n            <\/div>\n\n                <div class='portfolio_description text_align_center' >\n\n        \n    <h2 itemprop=\"name\" class=\"portfolio_title entry_title\"><a itemprop=\"url\" href=\"https:\/\/www.ingartek.com\/es\/proyecto\/emovlab-tecnologia-innovadora-para-escenarios-futuros-de-movilidad-sostenible\/\" style=\"color: #444444;font-size: 16px\" target=\"_self\"> eMovLab, tecnolog\u00eda innovadora para escenarios futuros de movilidad sostenible<\/a><\/h2>\n\n\n        \n        \n    <\/div>\n\n        \n<\/article>\n<article class='mix portfolio_category_159 default' style=''>\n    \n    \n    \n    \n            <div class=\"item_holder thin_plus_only\">\n\n                    <div class=\"text_holder\">\n        <div class=\"text_holder_outer\">\n            <div class=\"text_holder_inner\">\n                            <span class=\"thin_plus_only_icon\">+<\/span>\n                        <\/div>\n        <\/div>\n    <\/div>\n\n                                    <a itemprop=\"url\" class=\"portfolio_link_class\" title=\"Auditor\u00eda de los datos del SAE\" href=\"https:\/\/www.ingartek.com\/es\/proyecto\/auditoria-de-los-datos-del-sae\/\"><\/a>\n                \n                <div style=\"background-color: rgba(0,0,0,0.7)\" class=\"portfolio_shader\"><\/div>\n                <div class=\"image_holder\">\n                    \n<span class='image'><img loading=\"lazy\" decoding=\"async\" width=\"600\" height=\"400\" src=\"https:\/\/www.ingartek.com\/wp-content\/uploads\/2019\/02\/proyecto-auditoria-datos-SAES.jpg\" class=\"attachment-full size-full wp-post-image\" alt=\"Auditor\u00eda de los datos del SAE\" srcset=\"https:\/\/www.ingartek.com\/wp-content\/uploads\/2019\/02\/proyecto-auditoria-datos-SAES.jpg 600w, https:\/\/www.ingartek.com\/wp-content\/uploads\/2019\/02\/proyecto-auditoria-datos-SAES-300x200.jpg 300w\" sizes=\"auto, (max-width: 600px) 100vw, 600px\" title=\"\"><\/span>                <\/div>\n            <\/div>\n\n                <div class='portfolio_description text_align_center' >\n\n        \n    <h2 itemprop=\"name\" class=\"portfolio_title entry_title\"><a itemprop=\"url\" href=\"https:\/\/www.ingartek.com\/es\/proyecto\/auditoria-de-los-datos-del-sae\/\" style=\"color: #444444;font-size: 16px\" target=\"_self\"> Auditor\u00eda de los datos del SAE<\/a><\/h2>\n\n\n        \n        \n    <\/div>\n\n        \n<\/article>\n<article class='mix portfolio_category_162 default' style=''>\n    \n    \n    \n    \n            <div class=\"item_holder thin_plus_only\">\n\n                    <div class=\"text_holder\">\n        <div class=\"text_holder_outer\">\n            <div class=\"text_holder_inner\">\n                            <span class=\"thin_plus_only_icon\">+<\/span>\n                        <\/div>\n        <\/div>\n    <\/div>\n\n                                    <a itemprop=\"url\" class=\"portfolio_link_class\" title=\"Zendesk para la gesti\u00f3n integrada en las OAC&#8217;s integrales del sistema de transporte p\u00fablico de Bizkaia\" href=\"https:\/\/www.ingartek.com\/es\/proyecto\/zendesk-para-la-gestion-integrada-en-las-oacs-integrales-del-sistema-de-transporte-publico-de-bizkaia\/\"><\/a>\n                \n                <div style=\"background-color: rgba(0,0,0,0.7)\" class=\"portfolio_shader\"><\/div>\n                <div class=\"image_holder\">\n                    \n<span class='image'><img loading=\"lazy\" decoding=\"async\" width=\"400\" height=\"267\" src=\"https:\/\/www.ingartek.com\/wp-content\/uploads\/2019\/02\/Zendesk-para-gestion-integrada-OACs.jpg\" class=\"attachment-full size-full wp-post-image\" alt=\"Zendesk para la gestio\u0301n integrada en las OAC&#039;s\" srcset=\"https:\/\/www.ingartek.com\/wp-content\/uploads\/2019\/02\/Zendesk-para-gestion-integrada-OACs.jpg 400w, https:\/\/www.ingartek.com\/wp-content\/uploads\/2019\/02\/Zendesk-para-gestion-integrada-OACs-300x200.jpg 300w\" sizes=\"auto, (max-width: 400px) 100vw, 400px\" title=\"\"><\/span>                <\/div>\n            <\/div>\n\n                <div class='portfolio_description text_align_center' >\n\n        \n    <h2 itemprop=\"name\" class=\"portfolio_title entry_title\"><a itemprop=\"url\" href=\"https:\/\/www.ingartek.com\/es\/proyecto\/zendesk-para-la-gestion-integrada-en-las-oacs-integrales-del-sistema-de-transporte-publico-de-bizkaia\/\" style=\"color: #444444;font-size: 16px\" target=\"_self\"> Zendesk para la gesti\u00f3n integrada en las OAC&#8217;s integrales del sistema de transporte p\u00fablico de Bizkaia<\/a><\/h2>\n\n\n        \n        \n    <\/div>\n\n        \n<\/article>\n<article class='mix portfolio_category_162 default' style=''>\n    \n    \n    \n    \n            <div class=\"item_holder thin_plus_only\">\n\n                    <div class=\"text_holder\">\n        <div class=\"text_holder_outer\">\n            <div class=\"text_holder_inner\">\n                            <span class=\"thin_plus_only_icon\">+<\/span>\n                        <\/div>\n        <\/div>\n    <\/div>\n\n                                    <a itemprop=\"url\" class=\"portfolio_link_class\" title=\"Mantenimiento GTFSuite de Lurraldebus\" href=\"https:\/\/www.ingartek.com\/es\/proyecto\/mantenimiento-gtfsuite-de-lurraldebus\/\"><\/a>\n                \n                <div style=\"background-color: rgba(0,0,0,0.7)\" class=\"portfolio_shader\"><\/div>\n                <div class=\"image_holder\">\n                    \n<span class='image'><img loading=\"lazy\" decoding=\"async\" width=\"500\" height=\"334\" src=\"https:\/\/www.ingartek.com\/wp-content\/uploads\/2019\/02\/Mantenimiento-GTFSuite-de-Lurraldebus.jpg\" class=\"attachment-full size-full wp-post-image\" alt=\"Mantenimiento GTFSuite de Lurraldebus\" srcset=\"https:\/\/www.ingartek.com\/wp-content\/uploads\/2019\/02\/Mantenimiento-GTFSuite-de-Lurraldebus.jpg 500w, https:\/\/www.ingartek.com\/wp-content\/uploads\/2019\/02\/Mantenimiento-GTFSuite-de-Lurraldebus-300x200.jpg 300w\" sizes=\"auto, (max-width: 500px) 100vw, 500px\" title=\"\"><\/span>                <\/div>\n            <\/div>\n\n                <div class='portfolio_description text_align_center' >\n\n        \n    <h2 itemprop=\"name\" class=\"portfolio_title entry_title\"><a itemprop=\"url\" href=\"https:\/\/www.ingartek.com\/es\/proyecto\/mantenimiento-gtfsuite-de-lurraldebus\/\" style=\"color: #444444;font-size: 16px\" target=\"_self\"> Mantenimiento GTFSuite de Lurraldebus<\/a><\/h2>\n\n\n        \n        \n    <\/div>\n\n        \n<\/article>\n<article class='mix portfolio_category_161 default' style=''>\n    \n    \n    \n    \n            <div class=\"item_holder thin_plus_only\">\n\n                    <div class=\"text_holder\">\n        <div class=\"text_holder_outer\">\n            <div class=\"text_holder_inner\">\n                            <span class=\"thin_plus_only_icon\">+<\/span>\n                        <\/div>\n        <\/div>\n    <\/div>\n\n                                    <a itemprop=\"url\" class=\"portfolio_link_class\" title=\"Definici\u00f3n de matrices origen-destino en autobuses de Vitoria\" href=\"https:\/\/www.ingartek.com\/es\/proyecto\/definicion-de-matrices-origen-destino-en-autobuses-de-vitoria\/\"><\/a>\n                \n                <div style=\"background-color: rgba(0,0,0,0.7)\" class=\"portfolio_shader\"><\/div>\n                <div class=\"image_holder\">\n                    \n<span class='image'><img loading=\"lazy\" decoding=\"async\" width=\"400\" height=\"266\" src=\"https:\/\/www.ingartek.com\/wp-content\/uploads\/2019\/02\/definicion-de-matrices-origen-destino-en-autobuses-de-vitoria.jpg\" class=\"attachment-full size-full wp-post-image\" alt=\"Definici\u00f3n de matrices origen-destino en autobuses de Vitoria\" srcset=\"https:\/\/www.ingartek.com\/wp-content\/uploads\/2019\/02\/definicion-de-matrices-origen-destino-en-autobuses-de-vitoria.jpg 400w, https:\/\/www.ingartek.com\/wp-content\/uploads\/2019\/02\/definicion-de-matrices-origen-destino-en-autobuses-de-vitoria-300x200.jpg 300w\" sizes=\"auto, (max-width: 400px) 100vw, 400px\" title=\"\"><\/span>                <\/div>\n            <\/div>\n\n                <div class='portfolio_description text_align_center' >\n\n        \n    <h2 itemprop=\"name\" class=\"portfolio_title entry_title\"><a itemprop=\"url\" href=\"https:\/\/www.ingartek.com\/es\/proyecto\/definicion-de-matrices-origen-destino-en-autobuses-de-vitoria\/\" style=\"color: #444444;font-size: 16px\" target=\"_self\"> Definici\u00f3n de matrices origen-destino en autobuses de Vitoria<\/a><\/h2>\n\n\n        \n        \n    <\/div>\n\n        \n<\/article>\n<article class='mix portfolio_category_162 default' style=''>\n    \n    \n    \n    \n            <div class=\"item_holder thin_plus_only\">\n\n                    <div class=\"text_holder\">\n        <div class=\"text_holder_outer\">\n            <div class=\"text_holder_inner\">\n                            <span class=\"thin_plus_only_icon\">+<\/span>\n                        <\/div>\n        <\/div>\n    <\/div>\n\n                                    <a itemprop=\"url\" class=\"portfolio_link_class\" title=\"Asistencia tecnol\u00f3gica al departamento de transportes de la diputaci\u00f3n de Bizkaia\" href=\"https:\/\/www.ingartek.com\/es\/proyecto\/asistencia-tecnologica-al-departamento-de-transportes-de-la-diputacion-de-bizkaia\/\"><\/a>\n                \n                <div style=\"background-color: rgba(0,0,0,0.7)\" class=\"portfolio_shader\"><\/div>\n                <div class=\"image_holder\">\n                    \n<span class='image'><img loading=\"lazy\" decoding=\"async\" width=\"400\" height=\"267\" src=\"https:\/\/www.ingartek.com\/wp-content\/uploads\/2019\/02\/asistencia-tecnologica-al-departamento-de-transportes-de-la-diputacion-de-bizkaia.jpg\" class=\"attachment-full size-full wp-post-image\" alt=\"Asistencia tecnol\u00f3gica al departamento de transportes de la diputaci\u00f3n de Bizkaia\" srcset=\"https:\/\/www.ingartek.com\/wp-content\/uploads\/2019\/02\/asistencia-tecnologica-al-departamento-de-transportes-de-la-diputacion-de-bizkaia.jpg 400w, https:\/\/www.ingartek.com\/wp-content\/uploads\/2019\/02\/asistencia-tecnologica-al-departamento-de-transportes-de-la-diputacion-de-bizkaia-300x200.jpg 300w\" sizes=\"auto, (max-width: 400px) 100vw, 400px\" title=\"\"><\/span>                <\/div>\n            <\/div>\n\n                <div class='portfolio_description text_align_center' >\n\n        \n    <h2 itemprop=\"name\" class=\"portfolio_title entry_title\"><a itemprop=\"url\" href=\"https:\/\/www.ingartek.com\/es\/proyecto\/asistencia-tecnologica-al-departamento-de-transportes-de-la-diputacion-de-bizkaia\/\" style=\"color: #444444;font-size: 16px\" target=\"_self\"> Asistencia tecnol\u00f3gica al departamento de transportes de la diputaci\u00f3n de Bizkaia<\/a><\/h2>\n\n\n        \n        \n    <\/div>\n\n        \n<\/article>\n<article class='mix default' style=''>\n    \n    \n    \n    \n            <div class=\"item_holder thin_plus_only\">\n\n                    <div class=\"text_holder\">\n        <div class=\"text_holder_outer\">\n            <div class=\"text_holder_inner\">\n                            <span class=\"thin_plus_only_icon\">+<\/span>\n                        <\/div>\n        <\/div>\n    <\/div>\n\n                                    <a itemprop=\"url\" class=\"portfolio_link_class\" title=\"Plan de accesibilidad y movilidad del municipio de Ea\" href=\"https:\/\/www.ingartek.com\/es\/proyecto\/plan-de-accesibilidad-y-movilidad-del-municipio-de-ea-lan-de-accesibilidad-y-movilidad-del-municipio-de-ea\/\"><\/a>\n                \n                <div style=\"background-color: rgba(0,0,0,0.7)\" class=\"portfolio_shader\"><\/div>\n                <div class=\"image_holder\">\n                    \n<span class='image'><img loading=\"lazy\" decoding=\"async\" width=\"400\" height=\"266\" src=\"https:\/\/www.ingartek.com\/wp-content\/uploads\/2019\/02\/plan-de-accesibilidad-y-movilidad-del-municipio-de-ea-lan-de-accesibilidad-y-movilidad-del-municipio-de-ea.jpg\" class=\"attachment-full size-full wp-post-image\" alt=\"Plan de accesibilidad y movilidad del municipio de Ea\" srcset=\"https:\/\/www.ingartek.com\/wp-content\/uploads\/2019\/02\/plan-de-accesibilidad-y-movilidad-del-municipio-de-ea-lan-de-accesibilidad-y-movilidad-del-municipio-de-ea.jpg 400w, https:\/\/www.ingartek.com\/wp-content\/uploads\/2019\/02\/plan-de-accesibilidad-y-movilidad-del-municipio-de-ea-lan-de-accesibilidad-y-movilidad-del-municipio-de-ea-300x200.jpg 300w\" sizes=\"auto, (max-width: 400px) 100vw, 400px\" title=\"\"><\/span>                <\/div>\n            <\/div>\n\n                <div class='portfolio_description text_align_center' >\n\n        \n    <h2 itemprop=\"name\" class=\"portfolio_title entry_title\"><a itemprop=\"url\" href=\"https:\/\/www.ingartek.com\/es\/proyecto\/plan-de-accesibilidad-y-movilidad-del-municipio-de-ea-lan-de-accesibilidad-y-movilidad-del-municipio-de-ea\/\" style=\"color: #444444;font-size: 16px\" target=\"_self\"> Plan de accesibilidad y movilidad del municipio de Ea<\/a><\/h2>\n\n\n        \n        \n    <\/div>\n\n        \n<\/article>\n<article class='mix portfolio_category_146 default' style=''>\n    \n    \n    \n    \n            <div class=\"item_holder thin_plus_only\">\n\n                    <div class=\"text_holder\">\n        <div class=\"text_holder_outer\">\n            <div class=\"text_holder_inner\">\n                            <span class=\"thin_plus_only_icon\">+<\/span>\n                        <\/div>\n        <\/div>\n    <\/div>\n\n                                    <a itemprop=\"url\" class=\"portfolio_link_class\" title=\"Diagn\u00f3stico para el plan de movilidad sostenible y segura de la UPV\/EHU\" href=\"https:\/\/www.ingartek.com\/es\/proyecto\/diagnostico-para-el-plan-de-movilidad-sostenible-y-segura-de-la-upv-ehu\/\"><\/a>\n                \n                <div style=\"background-color: rgba(0,0,0,0.7)\" class=\"portfolio_shader\"><\/div>\n                <div class=\"image_holder\">\n                    \n<span class='image'><img loading=\"lazy\" decoding=\"async\" width=\"400\" height=\"267\" src=\"https:\/\/www.ingartek.com\/wp-content\/uploads\/2019\/02\/diagnostico-para-el-plan-de-movilidad-sostenible-y-segura-de-la-upv-ehu.jpg\" class=\"attachment-full size-full wp-post-image\" alt=\"Diagn\u00f3stico para el plan de movilidad sostenible y segura de la UPV\/EHU\" srcset=\"https:\/\/www.ingartek.com\/wp-content\/uploads\/2019\/02\/diagnostico-para-el-plan-de-movilidad-sostenible-y-segura-de-la-upv-ehu.jpg 400w, https:\/\/www.ingartek.com\/wp-content\/uploads\/2019\/02\/diagnostico-para-el-plan-de-movilidad-sostenible-y-segura-de-la-upv-ehu-300x200.jpg 300w\" sizes=\"auto, (max-width: 400px) 100vw, 400px\" title=\"\"><\/span>                <\/div>\n            <\/div>\n\n                <div class='portfolio_description text_align_center' >\n\n        \n    <h2 itemprop=\"name\" class=\"portfolio_title entry_title\"><a itemprop=\"url\" href=\"https:\/\/www.ingartek.com\/es\/proyecto\/diagnostico-para-el-plan-de-movilidad-sostenible-y-segura-de-la-upv-ehu\/\" style=\"color: #444444;font-size: 16px\" target=\"_self\"> Diagn\u00f3stico para el plan de movilidad sostenible y segura de la UPV\/EHU<\/a><\/h2>\n\n\n        \n        \n    <\/div>\n\n        \n<\/article>\n<article class='mix portfolio_category_161 default' style=''>\n    \n    \n    \n    \n            <div class=\"item_holder thin_plus_only\">\n\n                    <div class=\"text_holder\">\n        <div class=\"text_holder_outer\">\n            <div class=\"text_holder_inner\">\n                            <span class=\"thin_plus_only_icon\">+<\/span>\n                        <\/div>\n        <\/div>\n    <\/div>\n\n                                    <a itemprop=\"url\" class=\"portfolio_link_class\" title=\"Herramienta para la visualizaci\u00f3n de intensidades de tr\u00e1fico de la red viaria de la CAV\" href=\"https:\/\/www.ingartek.com\/es\/proyecto\/herramienta-para-la-visualizacion-de-intensidades-de-trafico-de-la-red-viaria-de-la-cav\/\"><\/a>\n                \n                <div style=\"background-color: rgba(0,0,0,0.7)\" class=\"portfolio_shader\"><\/div>\n                <div class=\"image_holder\">\n                    \n<span class='image'><img loading=\"lazy\" decoding=\"async\" width=\"400\" height=\"266\" src=\"https:\/\/www.ingartek.com\/wp-content\/uploads\/2019\/02\/Herramienta-para-la-visualizacio\u0301n-de-intensidades-de-tra\u0301fico-de-la-red-viaria-de-la-CAV.jpg\" class=\"attachment-full size-full wp-post-image\" alt=\"Herramienta para la visualizaci\u00f3n de intensidades de tr\u00e1fico de la red viaria de la CAV\" srcset=\"https:\/\/www.ingartek.com\/wp-content\/uploads\/2019\/02\/Herramienta-para-la-visualizacio\u0301n-de-intensidades-de-tra\u0301fico-de-la-red-viaria-de-la-CAV.jpg 400w, https:\/\/www.ingartek.com\/wp-content\/uploads\/2019\/02\/Herramienta-para-la-visualizacio\u0301n-de-intensidades-de-tra\u0301fico-de-la-red-viaria-de-la-CAV-300x200.jpg 300w\" sizes=\"auto, (max-width: 400px) 100vw, 400px\" title=\"\"><\/span>                <\/div>\n            <\/div>\n\n                <div class='portfolio_description text_align_center' >\n\n        \n    <h2 itemprop=\"name\" class=\"portfolio_title entry_title\"><a itemprop=\"url\" href=\"https:\/\/www.ingartek.com\/es\/proyecto\/herramienta-para-la-visualizacion-de-intensidades-de-trafico-de-la-red-viaria-de-la-cav\/\" style=\"color: #444444;font-size: 16px\" target=\"_self\"> Herramienta para la visualizaci\u00f3n de intensidades de tr\u00e1fico de la red viaria de la CAV<\/a><\/h2>\n\n\n        \n        \n    <\/div>\n\n        \n<\/article>\n<article class='mix portfolio_category_162 default' style=''>\n    \n    \n    \n    \n            <div class=\"item_holder thin_plus_only\">\n\n                    <div class=\"text_holder\">\n        <div class=\"text_holder_outer\">\n            <div class=\"text_holder_inner\">\n                            <span class=\"thin_plus_only_icon\">+<\/span>\n                        <\/div>\n        <\/div>\n    <\/div>\n\n                                    <a itemprop=\"url\" class=\"portfolio_link_class\" title=\"Creaci\u00f3n de un sistema de informaci\u00f3n de embarcado sobre vuelos en los autobuses al aeropuerto\" href=\"https:\/\/www.ingartek.com\/es\/proyecto\/creacion-de-un-sistema-de-informacion-de-embarcado-sobre-vuelos-en-los-autobuses-al-aeropuerto\/\"><\/a>\n                \n                <div style=\"background-color: rgba(0,0,0,0.7)\" class=\"portfolio_shader\"><\/div>\n                <div class=\"image_holder\">\n                    \n<span class='image'><img loading=\"lazy\" decoding=\"async\" width=\"600\" height=\"400\" src=\"https:\/\/www.ingartek.com\/wp-content\/uploads\/2019\/02\/creacion-de-un-sistema-de-informacion-de-embarcado-sobre-vuelos-en-los-autobuses-al-aeropuerto.jpg\" class=\"attachment-full size-full wp-post-image\" alt=\"Creaci\u00f3n de un sistema de informaci\u00f3n de embarcado sobre vuelos en los autobuses al aeropuerto\" srcset=\"https:\/\/www.ingartek.com\/wp-content\/uploads\/2019\/02\/creacion-de-un-sistema-de-informacion-de-embarcado-sobre-vuelos-en-los-autobuses-al-aeropuerto.jpg 600w, https:\/\/www.ingartek.com\/wp-content\/uploads\/2019\/02\/creacion-de-un-sistema-de-informacion-de-embarcado-sobre-vuelos-en-los-autobuses-al-aeropuerto-300x200.jpg 300w\" sizes=\"auto, (max-width: 600px) 100vw, 600px\" title=\"\"><\/span>                <\/div>\n            <\/div>\n\n                <div class='portfolio_description text_align_center' >\n\n        \n    <h2 itemprop=\"name\" class=\"portfolio_title entry_title\"><a itemprop=\"url\" href=\"https:\/\/www.ingartek.com\/es\/proyecto\/creacion-de-un-sistema-de-informacion-de-embarcado-sobre-vuelos-en-los-autobuses-al-aeropuerto\/\" style=\"color: #444444;font-size: 16px\" target=\"_self\"> Creaci\u00f3n de un sistema de informaci\u00f3n de embarcado sobre vuelos en los autobuses al aeropuerto<\/a><\/h2>\n\n\n        \n        \n    <\/div>\n\n        \n<\/article>\n<article class='mix portfolio_category_161 default' style=''>\n    \n    \n    \n    \n            <div class=\"item_holder thin_plus_only\">\n\n                    <div class=\"text_holder\">\n        <div class=\"text_holder_outer\">\n            <div class=\"text_holder_inner\">\n                            <span class=\"thin_plus_only_icon\">+<\/span>\n                        <\/div>\n        <\/div>\n    <\/div>\n\n                                    <a itemprop=\"url\" class=\"portfolio_link_class\" title=\"Estudio de viabilidad para centro integral de transporte de la Ap-8 en Astigarraga\" href=\"https:\/\/www.ingartek.com\/es\/proyecto\/estudio-de-viabilidad-para-centro-integral-de-transporte-de-la-ap-8-en-astigarraga\/\"><\/a>\n                \n                <div style=\"background-color: rgba(0,0,0,0.7)\" class=\"portfolio_shader\"><\/div>\n                <div class=\"image_holder\">\n                    \n<span class='image'><img loading=\"lazy\" decoding=\"async\" width=\"600\" height=\"400\" src=\"https:\/\/www.ingartek.com\/wp-content\/uploads\/2019\/02\/estudio-de-viabilidad-para-centro-integral-de-transporte-de-la-ap-8-en-astigarraga.jpg\" class=\"attachment-full size-full wp-post-image\" alt=\"Estudio de viabilidad para centro integral de transporte de la Ap-8 en Astigarraga\" srcset=\"https:\/\/www.ingartek.com\/wp-content\/uploads\/2019\/02\/estudio-de-viabilidad-para-centro-integral-de-transporte-de-la-ap-8-en-astigarraga.jpg 600w, https:\/\/www.ingartek.com\/wp-content\/uploads\/2019\/02\/estudio-de-viabilidad-para-centro-integral-de-transporte-de-la-ap-8-en-astigarraga-300x200.jpg 300w\" sizes=\"auto, (max-width: 600px) 100vw, 600px\" title=\"\"><\/span>                <\/div>\n            <\/div>\n\n                <div class='portfolio_description text_align_center' >\n\n        \n    <h2 itemprop=\"name\" class=\"portfolio_title entry_title\"><a itemprop=\"url\" href=\"https:\/\/www.ingartek.com\/es\/proyecto\/estudio-de-viabilidad-para-centro-integral-de-transporte-de-la-ap-8-en-astigarraga\/\" style=\"color: #444444;font-size: 16px\" target=\"_self\"> Estudio de viabilidad para centro integral de transporte de la Ap-8 en Astigarraga<\/a><\/h2>\n\n\n        \n        \n    <\/div>\n\n        \n<\/article>\n<article class='mix portfolio_category_161 default' style=''>\n    \n    \n    \n    \n            <div class=\"item_holder thin_plus_only\">\n\n                    <div class=\"text_holder\">\n        <div class=\"text_holder_outer\">\n            <div class=\"text_holder_inner\">\n                            <span class=\"thin_plus_only_icon\">+<\/span>\n                        <\/div>\n        <\/div>\n    <\/div>\n\n                                    <a itemprop=\"url\" class=\"portfolio_link_class\" title=\"Estudio de demanda del tranv\u00eda de Leioa\" href=\"https:\/\/www.ingartek.com\/es\/proyecto\/estudio-de-demanda-del-tranvia-de-leioa\/\"><\/a>\n                \n                <div style=\"background-color: rgba(0,0,0,0.7)\" class=\"portfolio_shader\"><\/div>\n                <div class=\"image_holder\">\n                    \n<span class='image'><img loading=\"lazy\" decoding=\"async\" width=\"400\" height=\"266\" src=\"https:\/\/www.ingartek.com\/wp-content\/uploads\/2019\/02\/estudio-de-demanda-del-tranvia-de-leioa.jpg\" class=\"attachment-full size-full wp-post-image\" alt=\"Estudio de demanda del tranv\u00eda de Leioa\" srcset=\"https:\/\/www.ingartek.com\/wp-content\/uploads\/2019\/02\/estudio-de-demanda-del-tranvia-de-leioa.jpg 400w, https:\/\/www.ingartek.com\/wp-content\/uploads\/2019\/02\/estudio-de-demanda-del-tranvia-de-leioa-300x200.jpg 300w\" sizes=\"auto, (max-width: 400px) 100vw, 400px\" title=\"\"><\/span>                <\/div>\n            <\/div>\n\n                <div class='portfolio_description text_align_center' >\n\n        \n    <h2 itemprop=\"name\" class=\"portfolio_title entry_title\"><a itemprop=\"url\" href=\"https:\/\/www.ingartek.com\/es\/proyecto\/estudio-de-demanda-del-tranvia-de-leioa\/\" style=\"color: #444444;font-size: 16px\" target=\"_self\"> Estudio de demanda del tranv\u00eda de Leioa<\/a><\/h2>\n\n\n        \n        \n    <\/div>\n\n        \n<\/article>\n<article class='mix portfolio_category_162 default' style=''>\n    \n    \n    \n    \n            <div class=\"item_holder thin_plus_only\">\n\n                    <div class=\"text_holder\">\n        <div class=\"text_holder_outer\">\n            <div class=\"text_holder_inner\">\n                            <span class=\"thin_plus_only_icon\">+<\/span>\n                        <\/div>\n        <\/div>\n    <\/div>\n\n                                    <a itemprop=\"url\" class=\"portfolio_link_class\" title=\"Sistema de conducci\u00f3n eficiente para el Grupo Acha\" href=\"https:\/\/www.ingartek.com\/es\/proyecto\/sistema-de-conduccion-eficiente-para-el-grupo-acha\/\"><\/a>\n                \n                <div style=\"background-color: rgba(0,0,0,0.7)\" class=\"portfolio_shader\"><\/div>\n                <div class=\"image_holder\">\n                    \n<span class='image'><img loading=\"lazy\" decoding=\"async\" width=\"600\" height=\"400\" src=\"https:\/\/www.ingartek.com\/wp-content\/uploads\/2019\/02\/sistema-de-conduccion-eficiente-para-el-grupo-acha.jpg\" class=\"attachment-full size-full wp-post-image\" alt=\"\" srcset=\"https:\/\/www.ingartek.com\/wp-content\/uploads\/2019\/02\/sistema-de-conduccion-eficiente-para-el-grupo-acha.jpg 600w, https:\/\/www.ingartek.com\/wp-content\/uploads\/2019\/02\/sistema-de-conduccion-eficiente-para-el-grupo-acha-300x200.jpg 300w\" sizes=\"auto, (max-width: 600px) 100vw, 600px\" title=\"\"><\/span>                <\/div>\n            <\/div>\n\n                <div class='portfolio_description text_align_center' >\n\n        \n    <h2 itemprop=\"name\" class=\"portfolio_title entry_title\"><a itemprop=\"url\" href=\"https:\/\/www.ingartek.com\/es\/proyecto\/sistema-de-conduccion-eficiente-para-el-grupo-acha\/\" style=\"color: #444444;font-size: 16px\" target=\"_self\"> Sistema de conducci\u00f3n eficiente para el Grupo Acha<\/a><\/h2>\n\n\n        \n        \n    <\/div>\n\n        \n<\/article>\n<article class='mix portfolio_category_146 default' style=''>\n    \n    \n    \n    \n            <div class=\"item_holder thin_plus_only\">\n\n                    <div class=\"text_holder\">\n        <div class=\"text_holder_outer\">\n            <div class=\"text_holder_inner\">\n                            <span class=\"thin_plus_only_icon\">+<\/span>\n                        <\/div>\n        <\/div>\n    <\/div>\n\n                                    <a itemprop=\"url\" class=\"portfolio_link_class\" title=\"Plan director de movilidad vertical de San Sebasti\u00e1n\" href=\"https:\/\/www.ingartek.com\/es\/proyecto\/plan-director-de-movilidad-vertical-de-san-sebastian\/\"><\/a>\n                \n                <div style=\"background-color: rgba(0,0,0,0.7)\" class=\"portfolio_shader\"><\/div>\n                <div class=\"image_holder\">\n                    \n<span class='image'><img loading=\"lazy\" decoding=\"async\" width=\"350\" height=\"233\" src=\"https:\/\/www.ingartek.com\/wp-content\/uploads\/2019\/02\/plan-director-de-movilidad-vertical-de-san-sebastian.jpg\" class=\"attachment-full size-full wp-post-image\" alt=\"Plan director de movilidad vertical de San Sebasti\u00e1n\" srcset=\"https:\/\/www.ingartek.com\/wp-content\/uploads\/2019\/02\/plan-director-de-movilidad-vertical-de-san-sebastian.jpg 350w, https:\/\/www.ingartek.com\/wp-content\/uploads\/2019\/02\/plan-director-de-movilidad-vertical-de-san-sebastian-300x200.jpg 300w\" sizes=\"auto, (max-width: 350px) 100vw, 350px\" title=\"\"><\/span>                <\/div>\n            <\/div>\n\n                <div class='portfolio_description text_align_center' >\n\n        \n    <h2 itemprop=\"name\" class=\"portfolio_title entry_title\"><a itemprop=\"url\" href=\"https:\/\/www.ingartek.com\/es\/proyecto\/plan-director-de-movilidad-vertical-de-san-sebastian\/\" style=\"color: #444444;font-size: 16px\" target=\"_self\"> Plan director de movilidad vertical de San Sebasti\u00e1n<\/a><\/h2>\n\n\n        \n        \n    <\/div>\n\n        \n<\/article>\n<article class='mix portfolio_category_161 default' style=''>\n    \n    \n    \n    \n            <div class=\"item_holder thin_plus_only\">\n\n                    <div class=\"text_holder\">\n        <div class=\"text_holder_outer\">\n            <div class=\"text_holder_inner\">\n                            <span class=\"thin_plus_only_icon\">+<\/span>\n                        <\/div>\n        <\/div>\n    <\/div>\n\n                                    <a itemprop=\"url\" class=\"portfolio_link_class\" title=\"Proyecto de an\u00e1lisis del tr\u00e1fico pesado en la N-240 en Legutio\" href=\"https:\/\/www.ingartek.com\/es\/proyecto\/proyecto-de-analisis-del-trafico-pesado-en-la-n-240-en-legutio\/\"><\/a>\n                \n                <div style=\"background-color: rgba(0,0,0,0.7)\" class=\"portfolio_shader\"><\/div>\n                <div class=\"image_holder\">\n                    \n<span class='image'><img loading=\"lazy\" decoding=\"async\" width=\"300\" height=\"200\" src=\"https:\/\/www.ingartek.com\/wp-content\/uploads\/2018\/10\/proyecto-de-analisis-del-trafico-pesado-en-la-n-240-en-legutio.jpg\" class=\"attachment-full size-full wp-post-image\" alt=\"Proyecto de an\u00e1lisis del tr\u00e1fico pesado en la N-240 en Legutio\" title=\"\"><\/span>                <\/div>\n            <\/div>\n\n                <div class='portfolio_description text_align_center' >\n\n        \n    <h2 itemprop=\"name\" class=\"portfolio_title entry_title\"><a itemprop=\"url\" href=\"https:\/\/www.ingartek.com\/es\/proyecto\/proyecto-de-analisis-del-trafico-pesado-en-la-n-240-en-legutio\/\" style=\"color: #444444;font-size: 16px\" target=\"_self\"> Proyecto de an\u00e1lisis del tr\u00e1fico pesado en la N-240 en Legutio<\/a><\/h2>\n\n\n        \n        \n    <\/div>\n\n        \n<\/article>\n<article class='mix portfolio_category_162 default' style=''>\n    \n    \n    \n    \n            <div class=\"item_holder thin_plus_only\">\n\n                    <div class=\"text_holder\">\n        <div class=\"text_holder_outer\">\n            <div class=\"text_holder_inner\">\n                            <span class=\"thin_plus_only_icon\">+<\/span>\n                        <\/div>\n        <\/div>\n    <\/div>\n\n                                    <a itemprop=\"url\" class=\"portfolio_link_class\" title=\"Implantaci\u00f3n de Zendesk en los operadores de Lurraldebus\" href=\"https:\/\/www.ingartek.com\/es\/proyecto\/implantacion-de-zendesk-en-los-operadores-de-lurraldebus\/\"><\/a>\n                \n                <div style=\"background-color: rgba(0,0,0,0.7)\" class=\"portfolio_shader\"><\/div>\n                <div class=\"image_holder\">\n                    \n<span class='image'><img loading=\"lazy\" decoding=\"async\" width=\"600\" height=\"400\" src=\"https:\/\/www.ingartek.com\/wp-content\/uploads\/2018\/10\/implantacion-de-zendesk-en-los-operadores-de-lurraldebus.jpg\" class=\"attachment-full size-full wp-post-image\" alt=\"Implantaci\u00f3n de Zendesk en los operadores de Lurraldebus\" srcset=\"https:\/\/www.ingartek.com\/wp-content\/uploads\/2018\/10\/implantacion-de-zendesk-en-los-operadores-de-lurraldebus.jpg 600w, https:\/\/www.ingartek.com\/wp-content\/uploads\/2018\/10\/implantacion-de-zendesk-en-los-operadores-de-lurraldebus-300x200.jpg 300w\" sizes=\"auto, (max-width: 600px) 100vw, 600px\" title=\"\"><\/span>                <\/div>\n            <\/div>\n\n                <div class='portfolio_description text_align_center' >\n\n        \n    <h2 itemprop=\"name\" class=\"portfolio_title entry_title\"><a itemprop=\"url\" href=\"https:\/\/www.ingartek.com\/es\/proyecto\/implantacion-de-zendesk-en-los-operadores-de-lurraldebus\/\" style=\"color: #444444;font-size: 16px\" target=\"_self\"> Implantaci\u00f3n de Zendesk en los operadores de Lurraldebus<\/a><\/h2>\n\n\n        \n        \n    <\/div>\n\n        \n<\/article>\n<article class='mix default' style=''>\n    \n    \n    \n    \n            <div class=\"item_holder thin_plus_only\">\n\n                    <div class=\"text_holder\">\n        <div class=\"text_holder_outer\">\n            <div class=\"text_holder_inner\">\n                            <span class=\"thin_plus_only_icon\">+<\/span>\n                        <\/div>\n        <\/div>\n    <\/div>\n\n                                    <a itemprop=\"url\" class=\"portfolio_link_class\" title=\"Actualizaci\u00f3n del Plan de Accesibilidad del municipio de Lasarte-Oria\" href=\"https:\/\/www.ingartek.com\/es\/proyecto\/actualizacion-del-plan-de-accesibilidad-del-municipio-de-lasarte-oria\/\"><\/a>\n                \n                <div style=\"background-color: rgba(0,0,0,0.7)\" class=\"portfolio_shader\"><\/div>\n                <div class=\"image_holder\">\n                    \n<span class='image'><img loading=\"lazy\" decoding=\"async\" width=\"400\" height=\"266\" src=\"https:\/\/www.ingartek.com\/wp-content\/uploads\/2018\/06\/actualizacion-del-plan-de-accesibilidad-del-municipio-de-lasarte-oria.jpg\" class=\"attachment-full size-full wp-post-image\" alt=\"Actualizaci\u00f3n del Plan de Accesibilidad del municipio de Lasarte-Oria\" srcset=\"https:\/\/www.ingartek.com\/wp-content\/uploads\/2018\/06\/actualizacion-del-plan-de-accesibilidad-del-municipio-de-lasarte-oria.jpg 400w, https:\/\/www.ingartek.com\/wp-content\/uploads\/2018\/06\/actualizacion-del-plan-de-accesibilidad-del-municipio-de-lasarte-oria-300x200.jpg 300w\" sizes=\"auto, (max-width: 400px) 100vw, 400px\" title=\"\"><\/span>                <\/div>\n            <\/div>\n\n                <div class='portfolio_description text_align_center' >\n\n        \n    <h2 itemprop=\"name\" class=\"portfolio_title entry_title\"><a itemprop=\"url\" href=\"https:\/\/www.ingartek.com\/es\/proyecto\/actualizacion-del-plan-de-accesibilidad-del-municipio-de-lasarte-oria\/\" style=\"color: #444444;font-size: 16px\" target=\"_self\"> Actualizaci\u00f3n del Plan de Accesibilidad del municipio de Lasarte-Oria<\/a><\/h2>\n\n\n        \n        \n    <\/div>\n\n        \n<\/article>\n<article class='mix portfolio_category_162 default' style=''>\n    \n    \n    \n    \n            <div class=\"item_holder thin_plus_only\">\n\n                    <div class=\"text_holder\">\n        <div class=\"text_holder_outer\">\n            <div class=\"text_holder_inner\">\n                            <span class=\"thin_plus_only_icon\">+<\/span>\n                        <\/div>\n        <\/div>\n    <\/div>\n\n                                    <a itemprop=\"url\" class=\"portfolio_link_class\" title=\"Elaboraci\u00f3n de GTFS para Bizkaibus\" href=\"https:\/\/www.ingartek.com\/es\/proyecto\/elaboracion-de-gtfs-para-bizkaibus\/\"><\/a>\n                \n                <div style=\"background-color: rgba(0,0,0,0.7)\" class=\"portfolio_shader\"><\/div>\n                <div class=\"image_holder\">\n                    \n<span class='image'><img loading=\"lazy\" decoding=\"async\" width=\"400\" height=\"267\" src=\"https:\/\/www.ingartek.com\/wp-content\/uploads\/2018\/06\/elaboracion-de-gtfs-para-bizkaibus.jpg\" class=\"attachment-full size-full wp-post-image\" alt=\"Elaboraci\u00f3n de GTFS para Bizkaibus\" srcset=\"https:\/\/www.ingartek.com\/wp-content\/uploads\/2018\/06\/elaboracion-de-gtfs-para-bizkaibus.jpg 400w, https:\/\/www.ingartek.com\/wp-content\/uploads\/2018\/06\/elaboracion-de-gtfs-para-bizkaibus-300x200.jpg 300w\" sizes=\"auto, (max-width: 400px) 100vw, 400px\" title=\"\"><\/span>                <\/div>\n            <\/div>\n\n                <div class='portfolio_description text_align_center' >\n\n        \n    <h2 itemprop=\"name\" class=\"portfolio_title entry_title\"><a itemprop=\"url\" href=\"https:\/\/www.ingartek.com\/es\/proyecto\/elaboracion-de-gtfs-para-bizkaibus\/\" style=\"color: #444444;font-size: 16px\" target=\"_self\"> Elaboraci\u00f3n de GTFS para Bizkaibus<\/a><\/h2>\n\n\n        \n        \n    <\/div>\n\n        \n<\/article>\n<article class='mix portfolio_category_159 default' style=''>\n    \n    \n    \n    \n            <div class=\"item_holder thin_plus_only\">\n\n                    <div class=\"text_holder\">\n        <div class=\"text_holder_outer\">\n            <div class=\"text_holder_inner\">\n                            <span class=\"thin_plus_only_icon\">+<\/span>\n                        <\/div>\n        <\/div>\n    <\/div>\n\n                                    <a itemprop=\"url\" class=\"portfolio_link_class\" title=\"Consultor\u00eda de direcci\u00f3n y servicios conexos en materia de transporte p\u00fablico\" href=\"https:\/\/www.ingartek.com\/es\/proyecto\/consultoria-de-direccion-y-servicios-conexos-en-materia-de-transporte-publico\/\"><\/a>\n                \n                <div style=\"background-color: rgba(0,0,0,0.7)\" class=\"portfolio_shader\"><\/div>\n                <div class=\"image_holder\">\n                    \n<span class='image'><img loading=\"lazy\" decoding=\"async\" width=\"350\" height=\"233\" src=\"https:\/\/www.ingartek.com\/wp-content\/uploads\/2018\/06\/consultoria-de-direccion-y-servicios-conexos-en-materia-de-transporte-publico.jpg\" class=\"attachment-full size-full wp-post-image\" alt=\"Consultor\u00eda de direcci\u00f3n y servicios conexos en materia de transporte p\u00fablico\" srcset=\"https:\/\/www.ingartek.com\/wp-content\/uploads\/2018\/06\/consultoria-de-direccion-y-servicios-conexos-en-materia-de-transporte-publico.jpg 350w, https:\/\/www.ingartek.com\/wp-content\/uploads\/2018\/06\/consultoria-de-direccion-y-servicios-conexos-en-materia-de-transporte-publico-300x200.jpg 300w\" sizes=\"auto, (max-width: 350px) 100vw, 350px\" title=\"\"><\/span>                <\/div>\n            <\/div>\n\n                <div class='portfolio_description text_align_center' >\n\n        \n    <h2 itemprop=\"name\" class=\"portfolio_title entry_title\"><a itemprop=\"url\" href=\"https:\/\/www.ingartek.com\/es\/proyecto\/consultoria-de-direccion-y-servicios-conexos-en-materia-de-transporte-publico\/\" style=\"color: #444444;font-size: 16px\" target=\"_self\"> Consultor\u00eda de direcci\u00f3n y servicios conexos en materia de transporte p\u00fablico<\/a><\/h2>\n\n\n        \n        \n    <\/div>\n\n        \n<\/article>\n<article class='mix portfolio_category_161 default' style=''>\n    \n    \n    \n    \n            <div class=\"item_holder thin_plus_only\">\n\n                    <div class=\"text_holder\">\n        <div class=\"text_holder_outer\">\n            <div class=\"text_holder_inner\">\n                            <span class=\"thin_plus_only_icon\">+<\/span>\n                        <\/div>\n        <\/div>\n    <\/div>\n\n                                    <a itemprop=\"url\" class=\"portfolio_link_class\" title=\"Estudio de demanda de la AP-1\" href=\"https:\/\/www.ingartek.com\/es\/proyecto\/estudio-de-demanda-de-la-ap-1\/\"><\/a>\n                \n                <div style=\"background-color: rgba(0,0,0,0.7)\" class=\"portfolio_shader\"><\/div>\n                <div class=\"image_holder\">\n                    \n<span class='image'><img loading=\"lazy\" decoding=\"async\" width=\"500\" height=\"333\" src=\"https:\/\/www.ingartek.com\/wp-content\/uploads\/2018\/06\/estudio-de-demanda-de-la-ap-1.jpg\" class=\"attachment-full size-full wp-post-image\" alt=\"\" srcset=\"https:\/\/www.ingartek.com\/wp-content\/uploads\/2018\/06\/estudio-de-demanda-de-la-ap-1.jpg 500w, https:\/\/www.ingartek.com\/wp-content\/uploads\/2018\/06\/estudio-de-demanda-de-la-ap-1-300x200.jpg 300w\" sizes=\"auto, (max-width: 500px) 100vw, 500px\" title=\"\"><\/span>                <\/div>\n            <\/div>\n\n                <div class='portfolio_description text_align_center' >\n\n        \n    <h2 itemprop=\"name\" class=\"portfolio_title entry_title\"><a itemprop=\"url\" href=\"https:\/\/www.ingartek.com\/es\/proyecto\/estudio-de-demanda-de-la-ap-1\/\" style=\"color: #444444;font-size: 16px\" target=\"_self\"> Estudio de demanda de la AP-1<\/a><\/h2>\n\n\n        \n        \n    <\/div>\n\n        \n<\/article>\n<article class='mix portfolio_category_146 large_width' style=''>\n    \n    \n    \n    \n            <div class=\"item_holder thin_plus_only\">\n\n                    <div class=\"text_holder\">\n        <div class=\"text_holder_outer\">\n            <div class=\"text_holder_inner\">\n                            <span class=\"thin_plus_only_icon\">+<\/span>\n                        <\/div>\n        <\/div>\n    <\/div>\n\n                                    <a itemprop=\"url\" class=\"portfolio_link_class\" title=\"Planificaci\u00f3n de la red de Bizkaibus\" href=\"https:\/\/www.ingartek.com\/es\/proyecto\/planificacion-de-la-red-de-bizkaibus\/\"><\/a>\n                \n                <div style=\"background-color: rgba(0,0,0,0.7)\" class=\"portfolio_shader\"><\/div>\n                <div class=\"image_holder\">\n                    \n<span class='image'><img loading=\"lazy\" decoding=\"async\" width=\"400\" height=\"266\" src=\"https:\/\/www.ingartek.com\/wp-content\/uploads\/2013\/10\/planificacion-de-la-red-de-bizkaibus.jpg\" class=\"attachment-full size-full wp-post-image\" alt=\"Planificaci\u00f3n de la red de Bizkaibus\" srcset=\"https:\/\/www.ingartek.com\/wp-content\/uploads\/2013\/10\/planificacion-de-la-red-de-bizkaibus.jpg 400w, https:\/\/www.ingartek.com\/wp-content\/uploads\/2013\/10\/planificacion-de-la-red-de-bizkaibus-300x200.jpg 300w\" sizes=\"auto, (max-width: 400px) 100vw, 400px\" title=\"\"><\/span>                <\/div>\n            <\/div>\n\n                <div class='portfolio_description text_align_center' >\n\n        \n    <h2 itemprop=\"name\" class=\"portfolio_title entry_title\"><a itemprop=\"url\" href=\"https:\/\/www.ingartek.com\/es\/proyecto\/planificacion-de-la-red-de-bizkaibus\/\" style=\"color: #444444;font-size: 16px\" target=\"_self\"> Planificaci\u00f3n de la red de Bizkaibus<\/a><\/h2>\n\n\n        \n        \n    <\/div>\n\n        \n<\/article>\n        <div class='filler'><\/div>\n            <div class='filler'><\/div>\n            <div class='filler'><\/div>\n            <div class='filler'><\/div>\n        <\/div>\n\n    \n    <\/div>[vc_empty_space][\/vc_column][\/vc_row]<\/p>\n<\/div>","protected":false},"excerpt":{"rendered":"<p>[vc_row css_animation=\u00bb\u00bb row_type=\u00bbrow\u00bb use_row_as_full_screen_section=\u00bbno\u00bb type=\u00bbfull_width\u00bb angled_section=\u00bbno\u00bb text_align=\u00bbleft\u00bb background_image_as_pattern=\u00bbwithout_pattern\u00bb css=\u00bb.vc_custom_1559631481242{padding-right: 20px !important;padding-left: 20px !important;background-color: #f9f9f9 !important;}\u00bb z_index=\u00bb\u00bb el_class=\u00bbproyectos\u00bb][vc_column][vc_empty_space height=\u00bb35px\u00bb][vc_empty_space][\/vc_column][\/vc_row]<\/p>\n","protected":false},"author":2,"featured_media":0,"parent":0,"menu_order":0,"comment_status":"closed","ping_status":"closed","template":"full_width.php","meta":{"content-type":"","footnotes":""},"class_list":["post-16213","page","type-page","status-publish","hentry"],"_links":{"self":[{"href":"https:\/\/www.ingartek.com\/es\/wp-json\/wp\/v2\/pages\/16213","targetHints":{"allow":["GET"]}}],"collection":[{"href":"https:\/\/www.ingartek.com\/es\/wp-json\/wp\/v2\/pages"}],"about":[{"href":"https:\/\/www.ingartek.com\/es\/wp-json\/wp\/v2\/types\/page"}],"author":[{"embeddable":true,"href":"https:\/\/www.ingartek.com\/es\/wp-json\/wp\/v2\/users\/2"}],"replies":[{"embeddable":true,"href":"https:\/\/www.ingartek.com\/es\/wp-json\/wp\/v2\/comments?post=16213"}],"version-history":[{"count":0,"href":"https:\/\/www.ingartek.com\/es\/wp-json\/wp\/v2\/pages\/16213\/revisions"}],"wp:attachment":[{"href":"https:\/\/www.ingartek.com\/es\/wp-json\/wp\/v2\/media?parent=16213"}],"curies":[{"name":"wp","href":"https:\/\/api.w.org\/{rel}","templated":true}]}}