{"id":18183,"date":"2018-10-08T15:35:10","date_gmt":"2018-10-08T13:35:10","guid":{"rendered":"https:\/\/www.ingartek.com\/mobility-and-transport-projects\/"},"modified":"2019-06-27T14:13:47","modified_gmt":"2019-06-27T12:13:47","slug":"mobility-and-transport-projects","status":"publish","type":"page","link":"https:\/\/www.ingartek.com\/en\/mobility-and-transport-projects\/","title":{"rendered":"Mobility and transport projects"},"content":{"rendered":"<div class=\"wpb-content-wrapper\"><p>[vc_row css_animation=&#8221;&#8221; row_type=&#8221;row&#8221; use_row_as_full_screen_section=&#8221;no&#8221; type=&#8221;full_width&#8221; angled_section=&#8221;no&#8221; text_align=&#8221;left&#8221; background_image_as_pattern=&#8221;without_pattern&#8221; el_class=&#8221;proyectos&#8221; z_index=&#8221;&#8221; css=&#8221;.vc_custom_1559637551350{padding-right: 20px !important;padding-left: 20px !important;}&#8221;][vc_column][vc_empty_space]<div class='projects_holder_outer v4 portfolio_with_space portfolio_standard'>\n    \n    <div class='filter_outer'>\n        <div class='filter_holder'>\n            <ul>\n                                    <li class='filter' data-filter='all'>                        <span >All<\/span>\n                    <\/li>\n                \n                                                <li class='filter' data-filter='portfolio_category_302'>\n                                                        <span >Mobility and traffic studies<\/span>\n                                    <\/li>\n                                                <li class='filter' data-filter='portfolio_category_2016'>\n                                                        <span >Planificaci\u00f3n de movilidad para grandes eventos<\/span>\n                                    <\/li>\n                                                <li class='filter' data-filter='portfolio_category_256'>\n                                                        <span >Strategic mobility and transport plans<\/span>\n                                    <\/li>\n                                                <li class='filter' data-filter='portfolio_category_300'>\n                                                        <span >Technical assistance and technological development<\/span>\n                                    <\/li>\n                                                <li class='filter' data-filter='portfolio_category_301'>\n                                                        <span >Transport service audits<\/span>\n                                    <\/li>\n                                                <li class='filter' data-filter='portfolio_category_303'>\n                                                        <span >Urban Planning<\/span>\n                                    <\/li>\n            \n            <\/ul>\n        <\/div>\n    <\/div>\n\n    <div class='projects_holder portfolio_main_holder clearfix v4 standard portfolio_full_image portfolio_one_by_one'>\n        \n        <article class='mix portfolio_category_2016 default' style=''>\n    \n    \n    \n    \n            <div class=\"item_holder thin_plus_only\">\n\n                    <div class=\"text_holder\">\n        <div class=\"text_holder_outer\">\n            <div class=\"text_holder_inner\">\n                            <span class=\"thin_plus_only_icon\">+<\/span>\n                        <\/div>\n        <\/div>\n    <\/div>\n\n                                    <a itemprop=\"url\" class=\"portfolio_link_class\" title=\"Final of the 2025 UEFA Europa League\" href=\"https:\/\/www.ingartek.com\/en\/proyecto\/final-of-the-2025-uefa-europa-league\/\"><\/a>\n                \n                <div style=\"\" class=\"portfolio_shader\"><\/div>\n                <div class=\"image_holder\">\n                    \n<span class='image'><img loading=\"lazy\" decoding=\"async\" width=\"800\" height=\"536\" src=\"https:\/\/www.ingartek.com\/wp-content\/uploads\/2025\/07\/ingartek-Final_2teamsv2-01.jpg\" class=\"attachment-full size-full wp-post-image\" alt=\"Final de la UEFA Europa League 2025\" srcset=\"https:\/\/www.ingartek.com\/wp-content\/uploads\/2025\/07\/ingartek-Final_2teamsv2-01.jpg 800w, https:\/\/www.ingartek.com\/wp-content\/uploads\/2025\/07\/ingartek-Final_2teamsv2-01-300x201.jpg 300w, https:\/\/www.ingartek.com\/wp-content\/uploads\/2025\/07\/ingartek-Final_2teamsv2-01-768x515.jpg 768w, https:\/\/www.ingartek.com\/wp-content\/uploads\/2025\/07\/ingartek-Final_2teamsv2-01-700x469.jpg 700w\" sizes=\"auto, (max-width: 800px) 100vw, 800px\" title=\"\"><\/span>                <\/div>\n            <\/div>\n\n                <div class='portfolio_description ' >\n\n        \n    <h2 itemprop=\"name\" class=\"portfolio_title entry_title\"><a itemprop=\"url\" href=\"https:\/\/www.ingartek.com\/en\/proyecto\/final-of-the-2025-uefa-europa-league\/\" style=\"font-size: 16px\" target=\"_self\"> Final of the 2025 UEFA Europa League<\/a><\/h2>\n\n\n        \n        \n    <\/div>\n\n        \n<\/article>\n<article class='mix portfolio_category_301 default' style=''>\n    \n    \n    \n    \n            <div class=\"item_holder thin_plus_only\">\n\n                    <div class=\"text_holder\">\n        <div class=\"text_holder_outer\">\n            <div class=\"text_holder_inner\">\n                            <span class=\"thin_plus_only_icon\">+<\/span>\n                        <\/div>\n        <\/div>\n    <\/div>\n\n                                    <a itemprop=\"url\" class=\"portfolio_link_class\" title=\"Consultancy for management and services linked to public transport\" href=\"https:\/\/www.ingartek.com\/en\/proyecto\/consultancy-for-management-and-services-linked-to-public-transport\/\"><\/a>\n                \n                <div style=\"\" class=\"portfolio_shader\"><\/div>\n                <div class=\"image_holder\">\n                    \n<span class='image'><img loading=\"lazy\" decoding=\"async\" width=\"350\" height=\"233\" src=\"https:\/\/www.ingartek.com\/wp-content\/uploads\/2018\/06\/consultoria-de-direccion-y-servicios-conexos-en-materia-de-transporte-publico.jpg\" class=\"attachment-full size-full wp-post-image\" alt=\"Consultor\u00eda de direcci\u00f3n y servicios conexos en materia de transporte p\u00fablico\" srcset=\"https:\/\/www.ingartek.com\/wp-content\/uploads\/2018\/06\/consultoria-de-direccion-y-servicios-conexos-en-materia-de-transporte-publico.jpg 350w, https:\/\/www.ingartek.com\/wp-content\/uploads\/2018\/06\/consultoria-de-direccion-y-servicios-conexos-en-materia-de-transporte-publico-300x200.jpg 300w\" sizes=\"auto, (max-width: 350px) 100vw, 350px\" title=\"\"><\/span>                <\/div>\n            <\/div>\n\n                <div class='portfolio_description ' >\n\n        \n    <h2 itemprop=\"name\" class=\"portfolio_title entry_title\"><a itemprop=\"url\" href=\"https:\/\/www.ingartek.com\/en\/proyecto\/consultancy-for-management-and-services-linked-to-public-transport\/\" style=\"font-size: 16px\" target=\"_self\"> Consultancy for management and services linked to public transport<\/a><\/h2>\n\n\n        \n        \n    <\/div>\n\n        \n<\/article>\n<article class='mix portfolio_category_300 default' style=''>\n    \n    \n    \n    \n            <div class=\"item_holder thin_plus_only\">\n\n                    <div class=\"text_holder\">\n        <div class=\"text_holder_outer\">\n            <div class=\"text_holder_inner\">\n                            <span class=\"thin_plus_only_icon\">+<\/span>\n                        <\/div>\n        <\/div>\n    <\/div>\n\n                                    <a itemprop=\"url\" class=\"portfolio_link_class\" title=\"Creation of GTFS for Bizkaibus\" href=\"https:\/\/www.ingartek.com\/en\/proyecto\/creation-of-gtfs-for-bizkaibus\/\"><\/a>\n                \n                <div style=\"\" class=\"portfolio_shader\"><\/div>\n                <div class=\"image_holder\">\n                    \n<span class='image'><img loading=\"lazy\" decoding=\"async\" width=\"400\" height=\"267\" src=\"https:\/\/www.ingartek.com\/wp-content\/uploads\/2018\/06\/elaboracion-de-gtfs-para-bizkaibus.jpg\" class=\"attachment-full size-full wp-post-image\" alt=\"Elaboraci\u00f3n de GTFS para Bizkaibus\" srcset=\"https:\/\/www.ingartek.com\/wp-content\/uploads\/2018\/06\/elaboracion-de-gtfs-para-bizkaibus.jpg 400w, https:\/\/www.ingartek.com\/wp-content\/uploads\/2018\/06\/elaboracion-de-gtfs-para-bizkaibus-300x200.jpg 300w\" sizes=\"auto, (max-width: 400px) 100vw, 400px\" title=\"\"><\/span>                <\/div>\n            <\/div>\n\n                <div class='portfolio_description ' >\n\n        \n    <h2 itemprop=\"name\" class=\"portfolio_title entry_title\"><a itemprop=\"url\" href=\"https:\/\/www.ingartek.com\/en\/proyecto\/creation-of-gtfs-for-bizkaibus\/\" style=\"font-size: 16px\" target=\"_self\"> Creation of GTFS for Bizkaibus<\/a><\/h2>\n\n\n        \n        \n    <\/div>\n\n        \n<\/article>\n<article class='mix default' style=''>\n    \n    \n    \n    \n            <div class=\"item_holder thin_plus_only\">\n\n                    <div class=\"text_holder\">\n        <div class=\"text_holder_outer\">\n            <div class=\"text_holder_inner\">\n                            <span class=\"thin_plus_only_icon\">+<\/span>\n                        <\/div>\n        <\/div>\n    <\/div>\n\n                                    <a itemprop=\"url\" class=\"portfolio_link_class\" title=\"Updating of Accessibility Plan in municipality of Lasarte-Oria\" href=\"https:\/\/www.ingartek.com\/en\/proyecto\/updating-of-accessibility-plan-in-municipality-of-lasarte-oria\/\"><\/a>\n                \n                <div style=\"\" class=\"portfolio_shader\"><\/div>\n                <div class=\"image_holder\">\n                    \n<span class='image'><img loading=\"lazy\" decoding=\"async\" width=\"400\" height=\"266\" src=\"https:\/\/www.ingartek.com\/wp-content\/uploads\/2018\/06\/actualizacion-del-plan-de-accesibilidad-del-municipio-de-lasarte-oria.jpg\" class=\"attachment-full size-full wp-post-image\" alt=\"Actualizaci\u00f3n del Plan de Accesibilidad del municipio de Lasarte-Oria\" srcset=\"https:\/\/www.ingartek.com\/wp-content\/uploads\/2018\/06\/actualizacion-del-plan-de-accesibilidad-del-municipio-de-lasarte-oria.jpg 400w, https:\/\/www.ingartek.com\/wp-content\/uploads\/2018\/06\/actualizacion-del-plan-de-accesibilidad-del-municipio-de-lasarte-oria-300x200.jpg 300w\" sizes=\"auto, (max-width: 400px) 100vw, 400px\" title=\"\"><\/span>                <\/div>\n            <\/div>\n\n                <div class='portfolio_description ' >\n\n        \n    <h2 itemprop=\"name\" class=\"portfolio_title entry_title\"><a itemprop=\"url\" href=\"https:\/\/www.ingartek.com\/en\/proyecto\/updating-of-accessibility-plan-in-municipality-of-lasarte-oria\/\" style=\"font-size: 16px\" target=\"_self\"> Updating of Accessibility Plan in municipality of Lasarte-Oria<\/a><\/h2>\n\n\n        \n        \n    <\/div>\n\n        \n<\/article>\n<article class='mix portfolio_category_256 large_width' style=''>\n    \n    \n    \n    \n            <div class=\"item_holder thin_plus_only\">\n\n                    <div class=\"text_holder\">\n        <div class=\"text_holder_outer\">\n            <div class=\"text_holder_inner\">\n                            <span class=\"thin_plus_only_icon\">+<\/span>\n                        <\/div>\n        <\/div>\n    <\/div>\n\n                                    <a itemprop=\"url\" class=\"portfolio_link_class\" title=\"Planning the Bizkaibus System\" href=\"https:\/\/www.ingartek.com\/en\/proyecto\/planning-the-bizkaibus-system\/\"><\/a>\n                \n                <div style=\"\" class=\"portfolio_shader\"><\/div>\n                <div class=\"image_holder\">\n                    \n<span class='image'><img loading=\"lazy\" decoding=\"async\" width=\"400\" height=\"266\" src=\"https:\/\/www.ingartek.com\/wp-content\/uploads\/2013\/10\/planificacion-de-la-red-de-bizkaibus.jpg\" class=\"attachment-full size-full wp-post-image\" alt=\"Planificaci\u00f3n de la red de Bizkaibus\" srcset=\"https:\/\/www.ingartek.com\/wp-content\/uploads\/2013\/10\/planificacion-de-la-red-de-bizkaibus.jpg 400w, https:\/\/www.ingartek.com\/wp-content\/uploads\/2013\/10\/planificacion-de-la-red-de-bizkaibus-300x200.jpg 300w\" sizes=\"auto, (max-width: 400px) 100vw, 400px\" title=\"\"><\/span>                <\/div>\n            <\/div>\n\n                <div class='portfolio_description ' >\n\n        \n    <h2 itemprop=\"name\" class=\"portfolio_title entry_title\"><a itemprop=\"url\" href=\"https:\/\/www.ingartek.com\/en\/proyecto\/planning-the-bizkaibus-system\/\" style=\"font-size: 16px\" target=\"_self\"> Planning the Bizkaibus System<\/a><\/h2>\n\n\n        \n        \n    <\/div>\n\n        \n<\/article>\n<article class='mix portfolio_category_302 default' style=''>\n    \n    \n    \n    \n            <div class=\"item_holder thin_plus_only\">\n\n                    <div class=\"text_holder\">\n        <div class=\"text_holder_outer\">\n            <div class=\"text_holder_inner\">\n                            <span class=\"thin_plus_only_icon\">+<\/span>\n                        <\/div>\n        <\/div>\n    <\/div>\n\n                                    <a itemprop=\"url\" class=\"portfolio_link_class\" title=\"Demand study on AP-1\" href=\"https:\/\/www.ingartek.com\/en\/proyecto\/demand-study-on-ap-1\/\"><\/a>\n                \n                <div style=\"\" class=\"portfolio_shader\"><\/div>\n                <div class=\"image_holder\">\n                    \n<span class='image'><img loading=\"lazy\" decoding=\"async\" width=\"500\" height=\"333\" src=\"https:\/\/www.ingartek.com\/wp-content\/uploads\/2018\/06\/estudio-de-demanda-de-la-ap-1.jpg\" class=\"attachment-full size-full wp-post-image\" alt=\"Estudio de demanda de la AP-1\" srcset=\"https:\/\/www.ingartek.com\/wp-content\/uploads\/2018\/06\/estudio-de-demanda-de-la-ap-1.jpg 500w, https:\/\/www.ingartek.com\/wp-content\/uploads\/2018\/06\/estudio-de-demanda-de-la-ap-1-300x200.jpg 300w\" sizes=\"auto, (max-width: 500px) 100vw, 500px\" title=\"\"><\/span>                <\/div>\n            <\/div>\n\n                <div class='portfolio_description ' >\n\n        \n    <h2 itemprop=\"name\" class=\"portfolio_title entry_title\"><a itemprop=\"url\" href=\"https:\/\/www.ingartek.com\/en\/proyecto\/demand-study-on-ap-1\/\" style=\"font-size: 16px\" target=\"_self\"> Demand study on AP-1<\/a><\/h2>\n\n\n        \n        \n    <\/div>\n\n        \n<\/article>\n        <div class='filler'><\/div>\n            <div class='filler'><\/div>\n            <div class='filler'><\/div>\n            <div class='filler'><\/div>\n        <\/div>\n\n    \n    <\/div>[vc_empty_space][\/vc_column][\/vc_row]<\/p>\n<\/div>","protected":false},"excerpt":{"rendered":"<p>[vc_row css_animation=&#8221;&#8221; row_type=&#8221;row&#8221; use_row_as_full_screen_section=&#8221;no&#8221; type=&#8221;full_width&#8221; angled_section=&#8221;no&#8221; text_align=&#8221;left&#8221; background_image_as_pattern=&#8221;without_pattern&#8221; el_class=&#8221;proyectos&#8221; z_index=&#8221;&#8221; css=&#8221;.vc_custom_1559637551350{padding-right: 20px !important;padding-left: 20px !important;}&#8221;][vc_column][vc_empty_space][vc_empty_space][\/vc_column][\/vc_row]<\/p>\n","protected":false},"author":2,"featured_media":0,"parent":0,"menu_order":0,"comment_status":"closed","ping_status":"closed","template":"full_width.php","meta":{"content-type":"","footnotes":""},"class_list":["post-18183","page","type-page","status-publish","hentry"],"_links":{"self":[{"href":"https:\/\/www.ingartek.com\/en\/wp-json\/wp\/v2\/pages\/18183","targetHints":{"allow":["GET"]}}],"collection":[{"href":"https:\/\/www.ingartek.com\/en\/wp-json\/wp\/v2\/pages"}],"about":[{"href":"https:\/\/www.ingartek.com\/en\/wp-json\/wp\/v2\/types\/page"}],"author":[{"embeddable":true,"href":"https:\/\/www.ingartek.com\/en\/wp-json\/wp\/v2\/users\/2"}],"replies":[{"embeddable":true,"href":"https:\/\/www.ingartek.com\/en\/wp-json\/wp\/v2\/comments?post=18183"}],"version-history":[{"count":0,"href":"https:\/\/www.ingartek.com\/en\/wp-json\/wp\/v2\/pages\/18183\/revisions"}],"wp:attachment":[{"href":"https:\/\/www.ingartek.com\/en\/wp-json\/wp\/v2\/media?parent=18183"}],"curies":[{"name":"wp","href":"https:\/\/api.w.org\/{rel}","templated":true}]}}